{"id":879,"date":"2019-02-12T15:45:11","date_gmt":"2019-02-12T15:45:11","guid":{"rendered":"https:\/\/iedib.net\/wordpress\/?page_id=879"},"modified":"2022-06-15T08:44:07","modified_gmt":"2022-06-15T06:44:07","slug":"preparacio-prova-lliure-de-batxillerat","status":"publish","type":"page","link":"https:\/\/iedib.net\/wordpress\/?page_id=879","title":{"rendered":"Preparaci\u00f3 per a l&#8217;acc\u00e9s a la Universitat per a majors de 25 anys"},"content":{"rendered":"<div class=\"wp-block-image\">\n<figure class=\"aligncenter\"><a href=\"https:\/\/iedib.net\/wordpress\/?attachment_id=1705\" rel=\"attachment wp-att-1705\"><img data-recalc-dims=\"1\" loading=\"lazy\" decoding=\"async\" width=\"800\" height=\"200\" data-attachment-id=\"1705\" data-permalink=\"https:\/\/iedib.net\/wordpress\/?attachment_id=1705\" data-orig-file=\"https:\/\/i0.wp.com\/iedib.net\/wordpress\/wp-content\/uploads\/2019\/06\/batxillerat-8.png?fit=1200%2C300&amp;ssl=1\" data-orig-size=\"1200,300\" data-comments-opened=\"0\" data-image-meta=\"{&quot;aperture&quot;:&quot;0&quot;,&quot;credit&quot;:&quot;&quot;,&quot;camera&quot;:&quot;&quot;,&quot;caption&quot;:&quot;&quot;,&quot;created_timestamp&quot;:&quot;0&quot;,&quot;copyright&quot;:&quot;&quot;,&quot;focal_length&quot;:&quot;0&quot;,&quot;iso&quot;:&quot;0&quot;,&quot;shutter_speed&quot;:&quot;0&quot;,&quot;title&quot;:&quot;&quot;,&quot;orientation&quot;:&quot;0&quot;}\" data-image-title=\"batxillerat\" data-image-description=\"\" data-image-caption=\"\" data-large-file=\"https:\/\/i0.wp.com\/iedib.net\/wordpress\/wp-content\/uploads\/2019\/06\/batxillerat-8.png?fit=800%2C200&amp;ssl=1\" src=\"https:\/\/i0.wp.com\/iedib.net\/wordpress\/wp-content\/uploads\/2019\/06\/batxillerat-8.png?resize=800%2C200&#038;ssl=1\" alt=\"\" class=\"wp-image-1705\" srcset=\"https:\/\/i0.wp.com\/iedib.net\/wordpress\/wp-content\/uploads\/2019\/06\/batxillerat-8.png?w=1200&amp;ssl=1 1200w, https:\/\/i0.wp.com\/iedib.net\/wordpress\/wp-content\/uploads\/2019\/06\/batxillerat-8.png?resize=300%2C75&amp;ssl=1 300w, https:\/\/i0.wp.com\/iedib.net\/wordpress\/wp-content\/uploads\/2019\/06\/batxillerat-8.png?resize=768%2C192&amp;ssl=1 768w, https:\/\/i0.wp.com\/iedib.net\/wordpress\/wp-content\/uploads\/2019\/06\/batxillerat-8.png?resize=1024%2C256&amp;ssl=1 1024w\" sizes=\"auto, (max-width: 800px) 100vw, 800px\" \/><\/a><\/figure>\n<\/div>\n\n\n<p><\/p>\n\n\n\n<ul class=\"wp-block-list\"><li style=\"text-align: justify;\">Aquest curs de preparaci\u00f3 va dirigit a persones que volen accedir a la Universitat i compleixen 25 anys l&#8217;any de la prova.<\/li><li style=\"text-align: justify;\">A trav\u00e9s del curs de&nbsp;<strong>Preparaci\u00f3 per a l&#8217;acc\u00e9s a la Universitat per a majors de 25 anys<\/strong>&nbsp;l&#8217;alumne podr\u00e0 obtenir un material te\u00f2ric digital de cada mat\u00e8ria i unes activitats online que estaran relacionades amb la mat\u00e8ria que seran&nbsp; corregides i avaluades. A m\u00e9s, tindr\u00e0 un tutor i una aula de tutoria on podr\u00e0 consultar totes les informacions relacionades amb la prova que seran publicades peri\u00f2dicament i fer consultes sobre el curs i sobre la prova lliure.<\/li><\/ul>\n\n\n\n<p>La prova consta&nbsp; d&#8217;una <strong>fase general<\/strong> i d&#8217;una <strong>fase espec\u00edfica. <\/strong><\/p>\n\n\n\n<p>La <strong>fase general<\/strong>&nbsp;compr\u00e8n 4 exercicis<\/p>\n\n\n\n<ul class=\"wp-block-list\"><li>Comentari de text (*el comentari de text es preparar\u00e0 dins castell\u00e0 i catal\u00e0)<\/li><li>Llengua catalana<\/li><li>Llengua castellana<\/li><li>Llengua estrangera<\/li><\/ul>\n\n\n\n<p>La <strong>fase espec\u00edfica<\/strong> consta de dos exercicis (mat\u00e8ria obligat\u00f2ria i mat\u00e8ria optativa) i s&#8217;estructura en cinc opcions, vinculades amb cada una de les cinc branques de coneixement a les quals s&#8217;adscriuen els ensenyaments universitaris de grau.<\/p>\n\n\n\n<p><strong>Mat\u00e8ries ofertades a l&#8217;IEDIB segons les opcions:<\/strong><\/p>\n\n\n\n<div class=\"wp-block-group\"><div class=\"wp-block-group__inner-container is-layout-flow wp-block-group-is-layout-flow\">\n<figure class=\"wp-block-table\"><table><tbody><tr><td><strong>Opcions<\/strong><\/td><td><strong>Mat\u00e8ries obligat\u00f2ries<\/strong><\/td><td class=\"has-text-align-left\" data-align=\"left\"><strong>Optatives<\/strong><br><strong>(triar-ne una)<\/strong><\/td><\/tr><tr><td><strong>Opci\u00f3 A:<\/strong><br><strong>Arts i Humanitats<\/strong><\/td><td><strong>Literatura<\/strong><\/td><td class=\"has-text-align-left\" data-align=\"left\"><strong style=\"font-family: inherit; font-size: inherit;\">Filosofia<\/strong><br><strong style=\"font-family: inherit; font-size: inherit;\">Hist\u00f2ria<\/strong><br><strong style=\"font-family: inherit; font-size: inherit;\"><strong style=\"font-family: inherit; font-size: inherit;\">Hist\u00f2ria de l&#8217;Art<\/strong><\/strong><span style=\"font-family: inherit; font-size: inherit; font-weight: inherit;\"> <\/span><strong style=\"font-family: inherit; font-size: inherit;\"><\/strong> <\/td><\/tr><tr><td><strong>Opci\u00f3 B:<\/strong><br><strong>Ci\u00e8ncies<\/strong><\/td><td><strong>Matem\u00e0tiques<\/strong><\/td><td class=\"has-text-align-left\" data-align=\"left\"><strong style=\"font-family: inherit; font-size: inherit;\">Biologia<\/strong><br><strong style=\"font-family: inherit; font-size: inherit;\">Qu\u00edmica<\/strong><span style=\"font-family: inherit; font-size: inherit; font-weight: inherit;\"> <\/span><span style=\"background-color: rgba(119, 119, 119, 0.2); font-family: inherit; font-size: inherit; font-weight: inherit;\"><\/span> <br><strong>F\u00edsica<\/strong><\/td><\/tr><tr><td><strong>Opci\u00f3 C:<\/strong><br><strong>Ci\u00e8ncies de la Salut<\/strong><\/td><td><strong>Biologia<\/strong><\/td><td class=\"has-text-align-left\" data-align=\"left\"><strong style=\"font-family: inherit; font-size: inherit;\">Matem\u00e0tiques<\/strong><span style=\"font-family: inherit; font-size: inherit; font-weight: inherit;\"> <\/span><br><strong style=\"font-family: inherit; font-size: inherit;\">Qu\u00edmica<\/strong><span style=\"font-family: inherit; font-size: inherit; font-weight: inherit;\"> <\/span><br><span style=\"font-family: inherit; font-size: inherit; font-weight: inherit;\"><\/span><strong>F\u00edsica <\/strong><\/td><\/tr><tr><td><strong>Opci\u00f3 D:<\/strong><br><strong>Ci\u00e8ncies Socials i Jur\u00eddiques<\/strong><\/td><td><strong>Hist\u00f2ria<\/strong><\/td><td class=\"has-text-align-left\" data-align=\"left\"><strong style=\"font-family: inherit; font-size: inherit;\">Geografia<\/strong><br><strong style=\"font-family: inherit; font-size: inherit;\">Economia<\/strong><br><strong style=\"font-family: inherit; font-size: inherit;\">Literatura<\/strong><br><strong style=\"font-family: inherit; font-size: inherit;\">Matem\u00e0tiques<\/strong><span style=\"font-family: inherit; font-size: inherit; font-weight: inherit;\"> <\/span><span style=\"font-family: inherit; font-size: inherit; font-weight: inherit;\"><\/span> <\/td><\/tr><tr><td><strong>Opci\u00f3 E:<\/strong><br><strong>Enginyeria i Arquitectura<\/strong><\/td><td><strong>Matem\u00e0tiques<\/strong><\/td><td class=\"has-text-align-left\" data-align=\"left\"><strong>Dibuix t\u00e8cnic<br>Economia<\/strong><br><strong>F\u00edsica <\/strong><\/td><\/tr><\/tbody><\/table><\/figure>\n<\/div><\/div>\n\n\n\n<p>Per obtenir informaci\u00f3 de com matricular-se consultau el men\u00fa <a href=\"https:\/\/iedib.net\/wordpress\/?page_id=47\" target=\"_blank\" rel=\"noopener noreferrer\">matr\u00edcula\/<strong>Preparaci\u00f3 per a l&#8217;acc\u00e9s a la Universitat per a majors de 25 anys<\/strong><\/a><\/p>\n","protected":false},"excerpt":{"rendered":"<p>Aquest curs de preparaci\u00f3 va dirigit a persones que volen accedir a la Universitat i compleixen 25 anys l&#8217;any de la prova. A trav\u00e9s del curs de&nbsp;Preparaci\u00f3 per a l&#8217;acc\u00e9s &#8230;<\/p>\n","protected":false},"author":1,"featured_media":0,"parent":0,"menu_order":0,"comment_status":"closed","ping_status":"closed","template":"","meta":{"jetpack_post_was_ever_published":false,"footnotes":""},"class_list":["post-879","page","type-page","status-publish","hentry"],"jetpack_sharing_enabled":true,"jetpack_shortlink":"https:\/\/wp.me\/Pa5Owj-eb","jetpack-related-posts":[{"id":88,"url":"https:\/\/iedib.net\/wordpress\/?page_id=88","url_meta":{"origin":879,"position":0},"title":"Preparaci\u00f3 selectivitat (PAU)","author":"wp_admin","date":"11 abril, 2018","format":false,"excerpt":"Aquest curs va dirigit a persones que tenen el t\u00edtol de batxillerat i de cicle formatiu de grau superior,\u00a0 que estan interessades a preparar-se per fer la prova\u00a0 d'acc\u00e9s, a la Universitat de les Illes Balears (UIB) o alumnes de batxillerat que no estan cursant la mat\u00e8ria i la volen\u2026","rel":"","context":"Entrada similar","block_context":{"text":"Entrada similar","link":""},"img":{"alt_text":"","src":"https:\/\/i0.wp.com\/iedib.net\/wordpress\/wp-content\/uploads\/2019\/06\/batxillerat-4.png?resize=350%2C200&ssl=1","width":350,"height":200,"srcset":"https:\/\/i0.wp.com\/iedib.net\/wordpress\/wp-content\/uploads\/2019\/06\/batxillerat-4.png?resize=350%2C200&ssl=1 1x, https:\/\/i0.wp.com\/iedib.net\/wordpress\/wp-content\/uploads\/2019\/06\/batxillerat-4.png?resize=525%2C300&ssl=1 1.5x, https:\/\/i0.wp.com\/iedib.net\/wordpress\/wp-content\/uploads\/2019\/06\/batxillerat-4.png?resize=700%2C400&ssl=1 2x, https:\/\/i0.wp.com\/iedib.net\/wordpress\/wp-content\/uploads\/2019\/06\/batxillerat-4.png?resize=1050%2C600&ssl=1 3x"},"classes":[]},{"id":47,"url":"https:\/\/iedib.net\/wordpress\/?page_id=47","url_meta":{"origin":879,"position":1},"title":"Matr\u00edcula preparaci\u00f3 per a l&#8217;acc\u00e9s a la Universitat per a majors de 25 anys","author":"wp_admin","date":"5 abril, 2018","format":false,"excerpt":"Proc\u00e9s d'admissi\u00f3 i matr\u00edcula pel curs 2025-2026 de l\u20191 al 31 de juliol i de l\u20191 al 19 de setembre. Us aconsellam mirar la seg\u00fcent\u00a0guia de matr\u00edcula\u00a0o el\u00a0seg\u00fcent videotutorial\u00a0per saber com funciona el proc\u00e9s de matr\u00edcula en tres passes. Hi ha dos processos possibles: PROC\u00c9S D'AUTENTICACI\u00d3 AMB CLAU GESTIB O\u2026","rel":"","context":"Entrada similar","block_context":{"text":"Entrada similar","link":""},"img":{"alt_text":"","src":"https:\/\/i0.wp.com\/iedib.net\/wordpress\/wp-content\/uploads\/2019\/06\/batxillerat-3-1.png?resize=350%2C200&ssl=1","width":350,"height":200,"srcset":"https:\/\/i0.wp.com\/iedib.net\/wordpress\/wp-content\/uploads\/2019\/06\/batxillerat-3-1.png?resize=350%2C200&ssl=1 1x, https:\/\/i0.wp.com\/iedib.net\/wordpress\/wp-content\/uploads\/2019\/06\/batxillerat-3-1.png?resize=525%2C300&ssl=1 1.5x, https:\/\/i0.wp.com\/iedib.net\/wordpress\/wp-content\/uploads\/2019\/06\/batxillerat-3-1.png?resize=700%2C400&ssl=1 2x, https:\/\/i0.wp.com\/iedib.net\/wordpress\/wp-content\/uploads\/2019\/06\/batxillerat-3-1.png?resize=1050%2C600&ssl=1 3x"},"classes":[]},{"id":59,"url":"https:\/\/iedib.net\/wordpress\/?page_id=59","url_meta":{"origin":879,"position":2},"title":"Matr\u00edcula","author":"wp_admin","date":"5 abril, 2018","format":false,"excerpt":"Has de seleccionar la matr\u00edcula de l'estudi corresponent\u00a0si vols informaci\u00f3: Matr\u00edcula batxillerat Matr\u00edcula programa xarxa Matr\u00edcula preparaci\u00f3 PBAU (Selectivitat) Matr\u00edcula preparaci\u00f3 per a l'acc\u00e9s a la Universitat per a majors de 25 anys Matr\u00edcula formaci\u00f3 professional Matr\u00edcula EOI a dist\u00e0ncia (idiomes) Matr\u00edcula curs d'especialitzaci\u00f3 en intel\u00b7lig\u00e8ncia artificial i big data","rel":"","context":"Entrada similar","block_context":{"text":"Entrada similar","link":""},"img":{"alt_text":"","src":"","width":0,"height":0},"classes":[]},{"id":1458,"url":"https:\/\/iedib.net\/wordpress\/?page_id=1458","url_meta":{"origin":879,"position":3},"title":"Requisits acc\u00e9s cicle formatiu grau mitj\u00e0","author":"wp_admin","date":"31 mar\u00e7, 2019","format":false,"excerpt":"Per accedir als cicles formatius de grau mitj\u00e0, cal complir almenys un dels requisits seg\u00fcents: Tenir el t\u00edtol de graduat en Educaci\u00f3 Secund\u00e0ria Obligat\u00f2ria (ESO). Disposar del t\u00edtol de T\u00e8cnic b\u00e0sic o T\u00e8cnic. Haver superat una oferta formativa de grau C vinculada al cicle formatiu al qual es vol accedir.\u2026","rel":"","context":"Entrada similar","block_context":{"text":"Entrada similar","link":""},"img":{"alt_text":"","src":"","width":0,"height":0},"classes":[]},{"id":1463,"url":"https:\/\/iedib.net\/wordpress\/?page_id=1463","url_meta":{"origin":879,"position":4},"title":"Requisits acc\u00e9s cicle formatiu de grau superior","author":"wp_admin","date":"31 mar\u00e7, 2019","format":false,"excerpt":"Per accedir als cicles formatius de grau superior, cal complir almenys un dels requisits seg\u00fcents: Tenir el t\u00edtol de T\u00e8cnic de grau mitj\u00e0 de formaci\u00f3 professional o el t\u00edtol de T\u00e8cnic d'arts pl\u00e0stiques i disseny. Tenir el t\u00edtol de Batxillerat. Haver superat una oferta formativa de grau C inclosa en\u2026","rel":"","context":"Entrada similar","block_context":{"text":"Entrada similar","link":""},"img":{"alt_text":"","src":"","width":0,"height":0},"classes":[]},{"id":42,"url":"https:\/\/iedib.net\/wordpress\/?page_id=42","url_meta":{"origin":879,"position":5},"title":"Programa xarxa","author":"wp_admin","date":"5 abril, 2018","format":false,"excerpt":"FUNCIONS Permetre cursar mat\u00e8ries de batxillerat que no es cursen als centres d\u2019origen.Permetre cursar mat\u00e8ries que per raons organitzatives (hor\u00e0ries o altres) no es poden fer als centres d\u2019origen.Permetre cursar les mat\u00e8ries de primer quan un alumne de segon fa un canvi de modalitat. S\u2019ofereixen totes les mat\u00e8ries de totes\u2026","rel":"","context":"Entrada similar","block_context":{"text":"Entrada similar","link":""},"img":{"alt_text":"","src":"https:\/\/i0.wp.com\/iedib.net\/wordpress\/wp-content\/uploads\/2019\/06\/batxillerat-2.png?resize=350%2C200&ssl=1","width":350,"height":200,"srcset":"https:\/\/i0.wp.com\/iedib.net\/wordpress\/wp-content\/uploads\/2019\/06\/batxillerat-2.png?resize=350%2C200&ssl=1 1x, https:\/\/i0.wp.com\/iedib.net\/wordpress\/wp-content\/uploads\/2019\/06\/batxillerat-2.png?resize=525%2C300&ssl=1 1.5x, https:\/\/i0.wp.com\/iedib.net\/wordpress\/wp-content\/uploads\/2019\/06\/batxillerat-2.png?resize=700%2C400&ssl=1 2x, https:\/\/i0.wp.com\/iedib.net\/wordpress\/wp-content\/uploads\/2019\/06\/batxillerat-2.png?resize=1050%2C600&ssl=1 3x"},"classes":[]}],"_links":{"self":[{"href":"https:\/\/iedib.net\/wordpress\/index.php?rest_route=\/wp\/v2\/pages\/879","targetHints":{"allow":["GET"]}}],"collection":[{"href":"https:\/\/iedib.net\/wordpress\/index.php?rest_route=\/wp\/v2\/pages"}],"about":[{"href":"https:\/\/iedib.net\/wordpress\/index.php?rest_route=\/wp\/v2\/types\/page"}],"author":[{"embeddable":true,"href":"https:\/\/iedib.net\/wordpress\/index.php?rest_route=\/wp\/v2\/users\/1"}],"replies":[{"embeddable":true,"href":"https:\/\/iedib.net\/wordpress\/index.php?rest_route=%2Fwp%2Fv2%2Fcomments&post=879"}],"version-history":[{"count":28,"href":"https:\/\/iedib.net\/wordpress\/index.php?rest_route=\/wp\/v2\/pages\/879\/revisions"}],"predecessor-version":[{"id":3321,"href":"https:\/\/iedib.net\/wordpress\/index.php?rest_route=\/wp\/v2\/pages\/879\/revisions\/3321"}],"wp:attachment":[{"href":"https:\/\/iedib.net\/wordpress\/index.php?rest_route=%2Fwp%2Fv2%2Fmedia&parent=879"}],"curies":[{"name":"wp","href":"https:\/\/api.w.org\/{rel}","templated":true}]}}