{"id":5015,"date":"2025-04-28T13:27:20","date_gmt":"2025-04-28T11:27:20","guid":{"rendered":"https:\/\/iedib.net\/wordpress\/?page_id=5015"},"modified":"2025-09-10T09:34:12","modified_gmt":"2025-09-10T07:34:12","slug":"matricula-fct-practiques-finals","status":"publish","type":"page","link":"https:\/\/iedib.net\/wordpress\/?page_id=5015","title":{"rendered":"Matr\u00edcula FCT (pr\u00e0ctiques finals)"},"content":{"rendered":"\n<figure class=\"wp-block-image size-full\"><img data-recalc-dims=\"1\" loading=\"lazy\" decoding=\"async\" width=\"800\" height=\"160\" data-attachment-id=\"2443\" data-permalink=\"https:\/\/iedib.net\/wordpress\/?attachment_id=2443\" data-orig-file=\"https:\/\/i0.wp.com\/iedib.net\/wordpress\/wp-content\/uploads\/2020\/07\/Copia-de-batxillerat-3.png?fit=1000%2C200&amp;ssl=1\" data-orig-size=\"1000,200\" data-comments-opened=\"0\" data-image-meta=\"{&quot;aperture&quot;:&quot;0&quot;,&quot;credit&quot;:&quot;&quot;,&quot;camera&quot;:&quot;&quot;,&quot;caption&quot;:&quot;&quot;,&quot;created_timestamp&quot;:&quot;0&quot;,&quot;copyright&quot;:&quot;&quot;,&quot;focal_length&quot;:&quot;0&quot;,&quot;iso&quot;:&quot;0&quot;,&quot;shutter_speed&quot;:&quot;0&quot;,&quot;title&quot;:&quot;&quot;,&quot;orientation&quot;:&quot;0&quot;}\" data-image-title=\"Copia-de-batxillerat-3\" data-image-description=\"\" data-image-caption=\"\" data-large-file=\"https:\/\/i0.wp.com\/iedib.net\/wordpress\/wp-content\/uploads\/2020\/07\/Copia-de-batxillerat-3.png?fit=800%2C160&amp;ssl=1\" src=\"https:\/\/i0.wp.com\/iedib.net\/wordpress\/wp-content\/uploads\/2020\/07\/Copia-de-batxillerat-3.png?resize=800%2C160&#038;ssl=1\" alt=\"\" class=\"wp-image-2443\" srcset=\"https:\/\/i0.wp.com\/iedib.net\/wordpress\/wp-content\/uploads\/2020\/07\/Copia-de-batxillerat-3.png?w=1000&amp;ssl=1 1000w, https:\/\/i0.wp.com\/iedib.net\/wordpress\/wp-content\/uploads\/2020\/07\/Copia-de-batxillerat-3.png?resize=300%2C60&amp;ssl=1 300w, https:\/\/i0.wp.com\/iedib.net\/wordpress\/wp-content\/uploads\/2020\/07\/Copia-de-batxillerat-3.png?resize=150%2C30&amp;ssl=1 150w, https:\/\/i0.wp.com\/iedib.net\/wordpress\/wp-content\/uploads\/2020\/07\/Copia-de-batxillerat-3.png?resize=768%2C154&amp;ssl=1 768w\" sizes=\"auto, (max-width: 800px) 100vw, 800px\" \/><\/figure>\n\n\n\n<p>El m\u00f2dul  de formaci\u00f3 en centres de treball (FCT), \u00e9s un m\u00f2dul presencial on l&#8217;alumnat ha de fer 400 hores de pr\u00e0ctiques presencials. Es realitza a centres de treball situats a l&#8217;entorn del seu domicili, mitjan\u00e7ant un acord formatiu de col\u00b7laboraci\u00f3 que subscriuen l&#8217;institut i l&#8217;empresa. Aquestes pr\u00e0ctiques formen part del programa formatiu (curricular) dels ensenyaments de formaci\u00f3 professional. La duraci\u00f3 de les pr\u00e0ctiques dependr\u00e0 dels torns i de la duraci\u00f3 d&#8217;aquests. En qualsevol cas, finalitzar\u00e0 quan l&#8217;alumnat hagi complert les 400\u202fh establertes. Tota aquesta informaci\u00f3 ser\u00e0 comunicada a la videoconfer\u00e8ncia de principi de curs amb el tutor de l&#8217;IEDIB assignat. <\/p>\n\n\n\n<p>Les places estan limitades a la disponibilitat d&#8217;empreses per fer les pr\u00e0ctiques. Els criteris d&#8217;assignaci\u00f3 s\u00f3n:<\/p>\n\n\n\n<ol class=\"wp-block-list\">\n<li>Alumnat de l&#8217;IEDIB que ha passat a FCT durant la convocat\u00f2ria ordin\u00e0ria de l&#8217;actual curs escolar<\/li>\n\n\n\n<li>Alumnat de l&#8217;IEDIB que ha passat a FCT durant la convocat\u00f2ria extraordin\u00e0ria de l&#8217;actual curs escolar<\/li>\n\n\n\n<li>Alumnat de l&#8217;IEDIB que ha passat a FCT d&#8217;altres anys<\/li>\n\n\n\n<li>Alumnat que no ha cursat estudis a l&#8217;IEDIB que ha passat a FCT<\/li>\n<\/ol>\n\n\n\n<p>Per desempats dins el mateix criteri s&#8217;utilitzar\u00e0 l&#8217;ordre d&#8217;arribada de la sol\u00b7licitud.<\/p>\n\n\n\n<figure class=\"wp-block-table is-style-stripes\"><table><thead><tr><th>Proc\u00e9s 2025-2026<\/th><th>termini<\/th><\/tr><\/thead><tbody><tr><td><strong>Reunions telem\u00e0tiques d&#8217;explicaci\u00f3 del funcionament de les pr\u00e0ctiques<br><\/strong>&#8211; Emerg\u00e8ncies, <a href=\"https:\/\/meet.google.com\/kjc-mnnu-dqn\" target=\"_blank\" rel=\"noreferrer noopener\">enlla\u00e7 videoconfer\u00e8ncia<\/a><br>&#8211; Edificacions i electricitat  <a href=\"https:\/\/meet.google.com\/ehr-krbe-oat\">enlla\u00e7 videoconfer\u00e8ncia<\/a><br>&#8211; Sistemes microinform\u00e0tics, administraci\u00f3 de sistemes i animacions 3D, <a href=\"https:\/\/meet.google.com\/dst-haac-zid\">enlla\u00e7 videoconfer\u00e8ncia<\/a> <\/td><td>26 de juny, a les 18:00<\/td><\/tr><tr><td>&#8211; Depend\u00e8ncia, <a href=\"https:\/\/meet.google.com\/ehr-krbe-oat\" data-type=\"link\" data-id=\"https:\/\/meet.google.com\/ehr-krbe-oat\">enlla\u00e7 videoconfer\u00e8ncia<\/a><\/td><td>27 de juny, a les 18:00<\/td><\/tr><tr><td>Enregistrar la sol\u00b7licitud telem\u00e0tica, adjuntant DNI, i documentaci\u00f3 per demanar l&#8217;exempci\u00f3 total o parcial<br>Sol\u00b7licitud telem\u00e0tica <\/td><td>De l&#8217;1 al 6 de juliol<\/td><\/tr><tr><td>Reuni\u00f3 per videoconfer\u00e8ncia de principi de curs amb el tutor<\/td><td>Setembre (Es concretar\u00e0 amb el tutor d&#8217;FCT a principi de curs)<\/td><\/tr><tr><td>Comen\u00e7ament de les pr\u00e0ctiques<\/td><td>Es concretar\u00e0 amb el tutor d&#8217;FCT a principi de curs<\/td><\/tr><tr><td><\/td><td><\/td><\/tr><\/tbody><\/table><\/figure>\n","protected":false},"excerpt":{"rendered":"<p>El m\u00f2dul de formaci\u00f3 en centres de treball (FCT), \u00e9s un m\u00f2dul presencial on l&#8217;alumnat ha de fer 400 hores de pr\u00e0ctiques presencials. Es realitza a centres de treball situats &#8230;<\/p>\n","protected":false},"author":1,"featured_media":0,"parent":0,"menu_order":0,"comment_status":"closed","ping_status":"closed","template":"","meta":{"jetpack_post_was_ever_published":false,"footnotes":""},"class_list":["post-5015","page","type-page","status-publish","hentry"],"jetpack_sharing_enabled":true,"jetpack_shortlink":"https:\/\/wp.me\/Pa5Owj-1iT","jetpack-related-posts":[{"id":1343,"url":"https:\/\/iedib.net\/wordpress\/?page_id=1343","url_meta":{"origin":5015,"position":0},"title":"CFGM d\u2019instal\u00b7lacions el\u00e8ctriques i autom\u00e0tiques","author":"wp_admin","date":"12 mar\u00e7, 2019","format":false,"excerpt":"Fam\u00edlia professional: Electricitat i electr\u00f2nica (ELE) \u00a0T\u00edtol que s\u2019obt\u00e9: T\u00e8cnic\u00a0 d'instal\u00b7lacions el\u00e8ctriques i autom\u00e0tiques (ELE21) A la cap\u00e7alera de l\u2019aula virtual trobam l\u2019apartat funcionament del m\u00f2dul on s\u2019explica com funciona cada m\u00f2dul. Tamb\u00e9, s\u2019hi troba tot el material per poder seguir el curs, els recursos en format digital (no hi\u2026","rel":"","context":"Entrada similar","block_context":{"text":"Entrada similar","link":""},"img":{"alt_text":"","src":"https:\/\/i0.wp.com\/iedib.net\/wordpress\/wp-content\/uploads\/2022\/05\/ELECTRICITAT.png?resize=350%2C200&ssl=1","width":350,"height":200,"srcset":"https:\/\/i0.wp.com\/iedib.net\/wordpress\/wp-content\/uploads\/2022\/05\/ELECTRICITAT.png?resize=350%2C200&ssl=1 1x, https:\/\/i0.wp.com\/iedib.net\/wordpress\/wp-content\/uploads\/2022\/05\/ELECTRICITAT.png?resize=525%2C300&ssl=1 1.5x, https:\/\/i0.wp.com\/iedib.net\/wordpress\/wp-content\/uploads\/2022\/05\/ELECTRICITAT.png?resize=700%2C400&ssl=1 2x"},"classes":[]},{"id":1353,"url":"https:\/\/iedib.net\/wordpress\/?page_id=1353","url_meta":{"origin":5015,"position":1},"title":"CFGM d&#8217;emerg\u00e8ncies sanit\u00e0ries (SAN21)","author":"wp_admin","date":"13 mar\u00e7, 2019","format":false,"excerpt":"Funcionament dels m\u00f2dulsA la cap\u00e7alera de l\u2019aula virtual trobam l\u2019apartat funcionament del m\u00f2dul on s\u2019explica com funciona cada m\u00f2dul. Tamb\u00e9, s\u2019hi troba tot el material per poder seguir el curs, els recursos en format digital (no hi ha llibres de text, ja que tot est\u00e0 a l\u2019aula virtual) i les\u2026","rel":"","context":"Entrada similar","block_context":{"text":"Entrada similar","link":""},"img":{"alt_text":"","src":"https:\/\/i0.wp.com\/iedib.net\/wordpress\/wp-content\/uploads\/2022\/05\/Copia-de-GM-emerge%CC%80ncies-1.png?resize=350%2C200&ssl=1","width":350,"height":200,"srcset":"https:\/\/i0.wp.com\/iedib.net\/wordpress\/wp-content\/uploads\/2022\/05\/Copia-de-GM-emerge%CC%80ncies-1.png?resize=350%2C200&ssl=1 1x, https:\/\/i0.wp.com\/iedib.net\/wordpress\/wp-content\/uploads\/2022\/05\/Copia-de-GM-emerge%CC%80ncies-1.png?resize=525%2C300&ssl=1 1.5x, https:\/\/i0.wp.com\/iedib.net\/wordpress\/wp-content\/uploads\/2022\/05\/Copia-de-GM-emerge%CC%80ncies-1.png?resize=700%2C400&ssl=1 2x"},"classes":[]},{"id":4464,"url":"https:\/\/iedib.net\/wordpress\/?page_id=4464","url_meta":{"origin":5015,"position":2},"title":"Implantaci\u00f3 de la nova FP","author":"wp_admin","date":"25 juny, 2024","format":false,"excerpt":"Informaci\u00f3 sobre la nova FP A partir del curs que ve s'implanta la nova FP, que donar\u00e0 lloc a l\u2019aparici\u00f3 de nous m\u00f2duls, alguns dels quals tindran una temporalitzaci\u00f3 quadrimestral. Per comprovar quins s\u00f3n quadrimestrals i quins s\u00f3n anuals has d'anar a la secci\u00f3 estudis de formaci\u00f3 professional i seleccionar\u2026","rel":"","context":"Entrada similar","block_context":{"text":"Entrada similar","link":""},"img":{"alt_text":"","src":"https:\/\/i0.wp.com\/iedib.net\/wordpress\/wp-content\/uploads\/2019\/06\/batxillerat-3.png?resize=350%2C200&ssl=1","width":350,"height":200,"srcset":"https:\/\/i0.wp.com\/iedib.net\/wordpress\/wp-content\/uploads\/2019\/06\/batxillerat-3.png?resize=350%2C200&ssl=1 1x, https:\/\/i0.wp.com\/iedib.net\/wordpress\/wp-content\/uploads\/2019\/06\/batxillerat-3.png?resize=525%2C300&ssl=1 1.5x, https:\/\/i0.wp.com\/iedib.net\/wordpress\/wp-content\/uploads\/2019\/06\/batxillerat-3.png?resize=700%2C400&ssl=1 2x, https:\/\/i0.wp.com\/iedib.net\/wordpress\/wp-content\/uploads\/2019\/06\/batxillerat-3.png?resize=1050%2C600&ssl=1 3x"},"classes":[]},{"id":119,"url":"https:\/\/iedib.net\/wordpress\/?page_id=119","url_meta":{"origin":5015,"position":3},"title":"CFGM atenci\u00f3 a persones en situaci\u00f3 de depend\u00e8ncia","author":"wp_admin","date":"29 abril, 2018","format":false,"excerpt":"Fam\u00edlia professional: Serveis socioculturals i a la comunitat (SSC) T\u00edtol que s\u2019obt\u00e9: T\u00e8cnic en Atenci\u00f3 a persones en situaci\u00f3 de depend\u00e8ncia (SSC21) Funcionament dels m\u00f2duls A la cap\u00e7alera de l\u2019aula virtual trobam l\u2019apartat funcionament del m\u00f2dul on s\u2019explica com funciona cada m\u00f2dul. Tamb\u00e9, s\u2019hi troba tot el material per poder\u2026","rel":"","context":"Entrada similar","block_context":{"text":"Entrada similar","link":""},"img":{"alt_text":"","src":"https:\/\/i0.wp.com\/iedib.net\/wordpress\/wp-content\/uploads\/2022\/05\/GM-Atencio%CC%81.png?resize=350%2C200&ssl=1","width":350,"height":200,"srcset":"https:\/\/i0.wp.com\/iedib.net\/wordpress\/wp-content\/uploads\/2022\/05\/GM-Atencio%CC%81.png?resize=350%2C200&ssl=1 1x, https:\/\/i0.wp.com\/iedib.net\/wordpress\/wp-content\/uploads\/2022\/05\/GM-Atencio%CC%81.png?resize=525%2C300&ssl=1 1.5x, https:\/\/i0.wp.com\/iedib.net\/wordpress\/wp-content\/uploads\/2022\/05\/GM-Atencio%CC%81.png?resize=700%2C400&ssl=1 2x"},"classes":[]},{"id":1339,"url":"https:\/\/iedib.net\/wordpress\/?page_id=1339","url_meta":{"origin":5015,"position":4},"title":"Formaci\u00f3 professional","author":"wp_admin","date":"12 mar\u00e7, 2019","format":false,"excerpt":"Estudis d'FP que s'imparteixen a l'IEDIB CFGM d'atenci\u00f3 a persones en situaci\u00f3 de depend\u00e8ncia CFGM\u00a0d\u2019instal\u00b7lacions el\u00e8ctriques i autom\u00e0tiques CFGM d'emerg\u00e8ncies sanit\u00e0ries CFGM de sistemes microinform\u00e0tics i xarxes CFGS d'administraci\u00f3 de sistemes inform\u00e0tics en xarxa CFGS Projectes d'edificacions CFGS Animacions 3D, jocs i entorns interactius CFGS d'integraci\u00f3 social Curs d'especialitzaci\u00f3 en\u2026","rel":"","context":"Entrada similar","block_context":{"text":"Entrada similar","link":""},"img":{"alt_text":"","src":"https:\/\/i0.wp.com\/iedib.net\/wordpress\/wp-content\/uploads\/2019\/06\/batxillerat-3.png?resize=350%2C200&ssl=1","width":350,"height":200,"srcset":"https:\/\/i0.wp.com\/iedib.net\/wordpress\/wp-content\/uploads\/2019\/06\/batxillerat-3.png?resize=350%2C200&ssl=1 1x, https:\/\/i0.wp.com\/iedib.net\/wordpress\/wp-content\/uploads\/2019\/06\/batxillerat-3.png?resize=525%2C300&ssl=1 1.5x, https:\/\/i0.wp.com\/iedib.net\/wordpress\/wp-content\/uploads\/2019\/06\/batxillerat-3.png?resize=700%2C400&ssl=1 2x, https:\/\/i0.wp.com\/iedib.net\/wordpress\/wp-content\/uploads\/2019\/06\/batxillerat-3.png?resize=1050%2C600&ssl=1 3x"},"classes":[]},{"id":3230,"url":"https:\/\/iedib.net\/wordpress\/?page_id=3230","url_meta":{"origin":5015,"position":5},"title":"CFGS Projectes d&#8217;edificacions","author":"wp_admin","date":"12 maig, 2022","format":false,"excerpt":"Fam\u00edlia professional: Edificaci\u00f3 i obra civil T\u00edtol que s\u2019obt\u00e9: Projectes d'edificaci\u00f3 (EOC31) Funcionament dels m\u00f2duls A la cap\u00e7alera de l\u2019aula virtual trobem l\u2019apartat funcionament del m\u00f2dul on s\u2019explica com funciona cada m\u00f2dul. Tamb\u00e9, s\u2019hi troba tot el material per poder seguir el curs, els recursos en format digital (no hi\u2026","rel":"","context":"Entrada similar","block_context":{"text":"Entrada similar","link":""},"img":{"alt_text":"","src":"https:\/\/i0.wp.com\/iedib.net\/wordpress\/wp-content\/uploads\/2022\/05\/GMS-edificacions.png?resize=350%2C200&ssl=1","width":350,"height":200,"srcset":"https:\/\/i0.wp.com\/iedib.net\/wordpress\/wp-content\/uploads\/2022\/05\/GMS-edificacions.png?resize=350%2C200&ssl=1 1x, https:\/\/i0.wp.com\/iedib.net\/wordpress\/wp-content\/uploads\/2022\/05\/GMS-edificacions.png?resize=525%2C300&ssl=1 1.5x, https:\/\/i0.wp.com\/iedib.net\/wordpress\/wp-content\/uploads\/2022\/05\/GMS-edificacions.png?resize=700%2C400&ssl=1 2x"},"classes":[]}],"_links":{"self":[{"href":"https:\/\/iedib.net\/wordpress\/index.php?rest_route=\/wp\/v2\/pages\/5015","targetHints":{"allow":["GET"]}}],"collection":[{"href":"https:\/\/iedib.net\/wordpress\/index.php?rest_route=\/wp\/v2\/pages"}],"about":[{"href":"https:\/\/iedib.net\/wordpress\/index.php?rest_route=\/wp\/v2\/types\/page"}],"author":[{"embeddable":true,"href":"https:\/\/iedib.net\/wordpress\/index.php?rest_route=\/wp\/v2\/users\/1"}],"replies":[{"embeddable":true,"href":"https:\/\/iedib.net\/wordpress\/index.php?rest_route=%2Fwp%2Fv2%2Fcomments&post=5015"}],"version-history":[{"count":20,"href":"https:\/\/iedib.net\/wordpress\/index.php?rest_route=\/wp\/v2\/pages\/5015\/revisions"}],"predecessor-version":[{"id":5348,"href":"https:\/\/iedib.net\/wordpress\/index.php?rest_route=\/wp\/v2\/pages\/5015\/revisions\/5348"}],"wp:attachment":[{"href":"https:\/\/iedib.net\/wordpress\/index.php?rest_route=%2Fwp%2Fv2%2Fmedia&parent=5015"}],"curies":[{"name":"wp","href":"https:\/\/api.w.org\/{rel}","templated":true}]}}