{"id":4464,"date":"2024-06-25T17:07:28","date_gmt":"2024-06-25T15:07:28","guid":{"rendered":"https:\/\/iedib.net\/wordpress\/?page_id=4464"},"modified":"2025-06-30T14:13:41","modified_gmt":"2025-06-30T12:13:41","slug":"implantacio-de-la-nova-fp","status":"publish","type":"page","link":"https:\/\/iedib.net\/wordpress\/?page_id=4464","title":{"rendered":"Implantaci\u00f3 de la nova FP"},"content":{"rendered":"<div class=\"wp-block-image\">\n<figure class=\"aligncenter size-full is-resized\"><img data-recalc-dims=\"1\" loading=\"lazy\" decoding=\"async\" width=\"800\" height=\"200\" data-attachment-id=\"1685\" data-permalink=\"https:\/\/iedib.net\/wordpress\/?attachment_id=1685\" data-orig-file=\"https:\/\/i0.wp.com\/iedib.net\/wordpress\/wp-content\/uploads\/2019\/06\/batxillerat-3.png?fit=1200%2C300&amp;ssl=1\" data-orig-size=\"1200,300\" data-comments-opened=\"0\" data-image-meta=\"{&quot;aperture&quot;:&quot;0&quot;,&quot;credit&quot;:&quot;&quot;,&quot;camera&quot;:&quot;&quot;,&quot;caption&quot;:&quot;&quot;,&quot;created_timestamp&quot;:&quot;0&quot;,&quot;copyright&quot;:&quot;&quot;,&quot;focal_length&quot;:&quot;0&quot;,&quot;iso&quot;:&quot;0&quot;,&quot;shutter_speed&quot;:&quot;0&quot;,&quot;title&quot;:&quot;&quot;,&quot;orientation&quot;:&quot;0&quot;}\" data-image-title=\"batxillerat (3)\" data-image-description=\"\" data-image-caption=\"\" data-large-file=\"https:\/\/i0.wp.com\/iedib.net\/wordpress\/wp-content\/uploads\/2019\/06\/batxillerat-3.png?fit=800%2C200&amp;ssl=1\" src=\"https:\/\/i0.wp.com\/iedib.net\/wordpress\/wp-content\/uploads\/2019\/06\/batxillerat-3.png?resize=800%2C200&#038;ssl=1\" alt=\"\" class=\"wp-image-1685\" style=\"width:792px;height:auto\" srcset=\"https:\/\/i0.wp.com\/iedib.net\/wordpress\/wp-content\/uploads\/2019\/06\/batxillerat-3.png?w=1200&amp;ssl=1 1200w, https:\/\/i0.wp.com\/iedib.net\/wordpress\/wp-content\/uploads\/2019\/06\/batxillerat-3.png?resize=300%2C75&amp;ssl=1 300w, https:\/\/i0.wp.com\/iedib.net\/wordpress\/wp-content\/uploads\/2019\/06\/batxillerat-3.png?resize=768%2C192&amp;ssl=1 768w, https:\/\/i0.wp.com\/iedib.net\/wordpress\/wp-content\/uploads\/2019\/06\/batxillerat-3.png?resize=1024%2C256&amp;ssl=1 1024w\" sizes=\"auto, (max-width: 800px) 100vw, 800px\" \/><\/figure>\n<\/div>\n\n\n<p><\/p>\n\n\n\n<h3 class=\"wp-block-heading has-medium-font-size\"><strong>Informaci\u00f3 sobre la nova FP<\/strong><\/h3>\n\n\n\n<p>A partir del curs que ve s&#8217;implanta la nova FP, que donar\u00e0 lloc a l\u2019aparici\u00f3 de nous m\u00f2duls, alguns dels quals tindran una temporalitzaci\u00f3 quadrimestral. Per comprovar quins s\u00f3n quadrimestrals i quins s\u00f3n anuals has d&#8217;anar a la secci\u00f3 <a href=\"https:\/\/iedib.net\/wordpress\/?page_id=1339\" target=\"_blank\" rel=\"noreferrer noopener\">estudis de formaci\u00f3 professional<\/a> i seleccionar el cicle corresponent. A m\u00e9s, tamb\u00e9 hi haur\u00e0 canvis en les pr\u00e0ctiques presencials obligat\u00f2ries, la majoria de les quals es duran a terme quan hagis superat la part&nbsp;te\u00f2rica de tots els m\u00f2duls.<\/p>\n\n\n\n<p class=\"has-small-font-size\"><strong>El calendari d\u2019aplicaci\u00f3 de la nova llei \u00e9s el seg\u00fcent:<\/strong><\/p>\n\n\n\n<p><strong>Curs 24-25<\/strong><\/p>\n\n\n\n<p>Els alumnes que comencin de nou un cicle hauran de fer el nou sistema. Tamb\u00e9 ho hauran de fer els que tinguin m\u00f2duls de primer superats anteriorment, per\u00f2 que el total d\u2019hores dels m\u00f2duls superats no superi les 600\u202fh. Per comprovar les hores de cada m\u00f2dul i cicle ho pots mirar a la <a href=\"https:\/\/iedib.net\/wordpress\/?page_id=1339\">secci\u00f3 estudis FP, seleccionant el cicle corresponent<\/a> i mirant les hores del cicle que est\u00e0s cursant.<\/p>\n\n\n\n<p>Els canvis pels alumnes que han de comen\u00e7ar el nou sistema s\u00f3n:<\/p>\n\n\n\n<p>Hauran de cursar dos m\u00f2duls nous de temporalitzaci\u00f3 quadrimestral: digitalitzaci\u00f3 i itinerari professional per l&#8217;ocupabilitat 1 (IPO1). IPO1 substitueix a FOL (formaci\u00f3 i orientaci\u00f3 laboral) i s\u00f3n convalidables. En alguns cicles, com el d\u2019electricitat i sistemes microinform\u00e0tics, s\u2019haur\u00e0 de cursar un m\u00f2dul d\u2019angl\u00e8s de temporalitzaci\u00f3 quadrimestral.<\/p>\n\n\n\n<p>La resta d\u2019alumnes continuaran fent els m\u00f2duls del sistema anterior sense cap canvi.<\/p>\n\n\n\n<hr class=\"wp-block-separator has-alpha-channel-opacity\"\/>\n\n\n\n<p><strong>Curs 25-26<\/strong><\/p>\n\n\n\n<p>S\u2019implanta a segon curs el nou sistema que hauran de cursar el que varen comen\u00e7ar el nou sistema el curs anterior (24-25).\u00a0Nom\u00e9s poden continuar en el sistema antic aquells que tinguin el 60% (1200h) de la c\u00e0rrega hor\u00e0ria superada anteriorment. La resta ha de fer els nous m\u00f2duls (angl\u00e8s professional, digitalitzaci\u00f3, sostenibilitat, IPO1, IPO2 i una optativa).<\/p>\n\n\n\n<p>Els alumnes que estiguin en disposici\u00f3 de fer les pr\u00e0ctiques finals (FCT) del sistema antic s&#8217;hauran de matricular a l&#8217;IEDIB.<\/p>\n\n\n\n<p>Els canvis pels alumnes que han de comen\u00e7ar el nou sistema s\u00f3n:<\/p>\n\n\n\n<p>Hauran de cursar tres m\u00f2duls nous de temporalitzaci\u00f3 quadrimestral: una optativa per definir, sostenibilitat i IPO2. IPO2 substitueix a EIE (empresa i iniciativa emprenedora) i s\u00f3n convalidables. En els cicles que no s\u2019ha cursat angl\u00e8s durant el curs 24-25, s\u2019haur\u00e0 de cursar un m\u00f2dul d\u2019angl\u00e8s de temporalitzaci\u00f3 quadrimestral.<\/p>\n\n\n\n<p>La resta d\u2019alumnes poden cursar els m\u00f2duls del sistema anterior<\/p>\n\n\n\n<hr class=\"wp-block-separator has-alpha-channel-opacity\"\/>\n\n\n\n<p><strong>Curs 26-27<\/strong><\/p>\n\n\n\n<p>Els alumnes del nou sistema podran fer les pr\u00e0ctiques, gestionades per l\u2019IEDIB. Pels alumnes de l\u2019anterior sistema, ser\u00e0 el darrer any per acabar el m\u00f2dul d\u2019FCT i titular en el sistema anterior.&nbsp;<\/p>\n\n\n\n<div class=\"wp-block-c4l-tip c4l-tip\"><div class=\"c4l-tip-content\"><p>Tota aquesta informaci\u00f3 s\u2019anir\u00e0 actualitzant a aquesta web. Recorda que tamb\u00e9 pots demanar els teus dubtes al tutor al llarg del curs.<\/p><\/div><\/div>\n","protected":false},"excerpt":{"rendered":"<p>Informaci\u00f3 sobre la nova FP A partir del curs que ve s&#8217;implanta la nova FP, que donar\u00e0 lloc a l\u2019aparici\u00f3 de nous m\u00f2duls, alguns dels quals tindran una temporalitzaci\u00f3 quadrimestral. &#8230;<\/p>\n","protected":false},"author":1,"featured_media":0,"parent":0,"menu_order":0,"comment_status":"closed","ping_status":"closed","template":"","meta":{"jetpack_post_was_ever_published":false,"footnotes":""},"class_list":["post-4464","page","type-page","status-publish","hentry"],"jetpack_sharing_enabled":true,"jetpack_shortlink":"https:\/\/wp.me\/Pa5Owj-1a0","jetpack-related-posts":[{"id":3768,"url":"https:\/\/iedib.net\/wordpress\/?page_id=3768","url_meta":{"origin":4464,"position":0},"title":"CFGS Animacions 3D, jocs i entorns interactius","author":"wp_admin","date":"27 abril, 2023","format":false,"excerpt":"T\u00edtol que s\u2019obt\u00e9: T\u00e8cnic superior en Animacions 3D, jocs i entorns interactius (IMS31) Fam\u00edlia professional: Imatge i so Funcionament dels m\u00f2duls A la cap\u00e7alera de l\u2019aula virtual trobem l\u2019apartat funcionament del m\u00f2dul on s\u2019explica com funciona cada m\u00f2dul. Tamb\u00e9, s\u2019hi troba tot el material per poder seguir el curs, els\u2026","rel":"","context":"Entrada similar","block_context":{"text":"Entrada similar","link":""},"img":{"alt_text":"","src":"","width":0,"height":0},"classes":[]},{"id":1410,"url":"https:\/\/iedib.net\/wordpress\/?page_id=1410","url_meta":{"origin":4464,"position":1},"title":"Centres col\u00b7laboradors d&#8217;FP","author":"wp_admin","date":"19 mar\u00e7, 2019","format":false,"excerpt":"El centre de refer\u00e8ncia per fer gestions de matr\u00edcula i rebre assessorament individualitzat \u00e9s l'IEDIB. A m\u00e9s,\u00a0tamb\u00e9 teniu els centres col\u00b7laboradors repartits per tot el territori de les Illes Balears, on tamb\u00e9 es fan ex\u00e0mens i pr\u00e0ctiques d\u2019FP pels alumnes d'Eivissa i Menorca. FP2 -centres col\u00b7laboradors de IEDIB","rel":"","context":"Entrada similar","block_context":{"text":"Entrada similar","link":""},"img":{"alt_text":"","src":"","width":0,"height":0},"classes":[]},{"id":119,"url":"https:\/\/iedib.net\/wordpress\/?page_id=119","url_meta":{"origin":4464,"position":2},"title":"CFGM atenci\u00f3 a persones en situaci\u00f3 de depend\u00e8ncia","author":"wp_admin","date":"29 abril, 2018","format":false,"excerpt":"Fam\u00edlia professional: Serveis socioculturals i a la comunitat (SSC) T\u00edtol que s\u2019obt\u00e9: T\u00e8cnic en Atenci\u00f3 a persones en situaci\u00f3 de depend\u00e8ncia (SSC21) Funcionament dels m\u00f2duls A la cap\u00e7alera de l\u2019aula virtual trobam l\u2019apartat funcionament del m\u00f2dul on s\u2019explica com funciona cada m\u00f2dul. Tamb\u00e9, s\u2019hi troba tot el material per poder\u2026","rel":"","context":"Entrada similar","block_context":{"text":"Entrada similar","link":""},"img":{"alt_text":"","src":"https:\/\/i0.wp.com\/iedib.net\/wordpress\/wp-content\/uploads\/2022\/05\/GM-Atencio%CC%81.png?resize=350%2C200&ssl=1","width":350,"height":200,"srcset":"https:\/\/i0.wp.com\/iedib.net\/wordpress\/wp-content\/uploads\/2022\/05\/GM-Atencio%CC%81.png?resize=350%2C200&ssl=1 1x, https:\/\/i0.wp.com\/iedib.net\/wordpress\/wp-content\/uploads\/2022\/05\/GM-Atencio%CC%81.png?resize=525%2C300&ssl=1 1.5x, https:\/\/i0.wp.com\/iedib.net\/wordpress\/wp-content\/uploads\/2022\/05\/GM-Atencio%CC%81.png?resize=700%2C400&ssl=1 2x"},"classes":[]},{"id":4996,"url":"https:\/\/iedib.net\/wordpress\/?page_id=4996","url_meta":{"origin":4464,"position":3},"title":"CFGS d&#8217;integraci\u00f3 social (SSC33)","author":"wp_admin","date":"22 abril, 2025","format":false,"excerpt":"Funcionament dels m\u00f2duls A la cap\u00e7alera de l\u2019aula virtual trobem l\u2019apartat funcionament del m\u00f2dul on s\u2019explica com funciona cada m\u00f2dul. Tamb\u00e9, s\u2019hi troba tot el material per poder seguir el curs, els recursos en format digital (no hi ha llibres de text, ja que tot est\u00e0 a l\u2019aula virtual) i\u2026","rel":"","context":"Entrada similar","block_context":{"text":"Entrada similar","link":""},"img":{"alt_text":"","src":"https:\/\/i0.wp.com\/iedib.net\/wordpress\/wp-content\/uploads\/2025\/04\/unnamed.png?resize=350%2C200&ssl=1","width":350,"height":200,"srcset":"https:\/\/i0.wp.com\/iedib.net\/wordpress\/wp-content\/uploads\/2025\/04\/unnamed.png?resize=350%2C200&ssl=1 1x, https:\/\/i0.wp.com\/iedib.net\/wordpress\/wp-content\/uploads\/2025\/04\/unnamed.png?resize=525%2C300&ssl=1 1.5x, https:\/\/i0.wp.com\/iedib.net\/wordpress\/wp-content\/uploads\/2025\/04\/unnamed.png?resize=700%2C400&ssl=1 2x, https:\/\/i0.wp.com\/iedib.net\/wordpress\/wp-content\/uploads\/2025\/04\/unnamed.png?resize=1050%2C600&ssl=1 3x"},"classes":[]},{"id":1350,"url":"https:\/\/iedib.net\/wordpress\/?page_id=1350","url_meta":{"origin":4464,"position":4},"title":"CFGM sistemes microinform\u00e0tics i xarxes","author":"wp_admin","date":"13 mar\u00e7, 2019","format":false,"excerpt":"Fam\u00edlia professional: Inform\u00e0tica i comunicacions (IFC) T\u00edtol que s\u2019obt\u00e9: T\u00e8cnic en sistemes microinform\u00e0tics i xarxes (IFC21) Funcionament dels m\u00f2duls A la cap\u00e7alera de l\u2019aula virtual trobam l\u2019apartat funcionament del m\u00f2dul on s\u2019explica com funciona cada m\u00f2dul. Tamb\u00e9, s\u2019hi troba tot el material per poder seguir el curs, els recursos en\u2026","rel":"","context":"Entrada similar","block_context":{"text":"Entrada similar","link":""},"img":{"alt_text":"","src":"https:\/\/i0.wp.com\/iedib.net\/wordpress\/wp-content\/uploads\/2025\/06\/Informatica-1.png?resize=350%2C200&ssl=1","width":350,"height":200,"srcset":"https:\/\/i0.wp.com\/iedib.net\/wordpress\/wp-content\/uploads\/2025\/06\/Informatica-1.png?resize=350%2C200&ssl=1 1x, https:\/\/i0.wp.com\/iedib.net\/wordpress\/wp-content\/uploads\/2025\/06\/Informatica-1.png?resize=525%2C300&ssl=1 1.5x, https:\/\/i0.wp.com\/iedib.net\/wordpress\/wp-content\/uploads\/2025\/06\/Informatica-1.png?resize=700%2C400&ssl=1 2x"},"classes":[]},{"id":2025,"url":"https:\/\/iedib.net\/wordpress\/?page_id=2025","url_meta":{"origin":4464,"position":5},"title":"Matr\u00edcula FP fora de termini","author":"wp_admin","date":"9 octubre, 2019","format":false,"excerpt":"A partir de dia 9 d\u2019octubre i fins el 16 d'octubre, mitjan\u00e7ant trucada telef\u00f2nica\/mail es comen\u00e7aran a adjudicar places de FP vacants per als ensenyaments a dist\u00e0ncia fora de termini. En primer terme s'oferiran les vacants als sol\u00b7licitants que han apareixen a la llista d'admesos per ordre de baremaci\u00f3 seguint\u2026","rel":"","context":"Entrada similar","block_context":{"text":"Entrada similar","link":""},"img":{"alt_text":"","src":"https:\/\/i0.wp.com\/iedib.net\/wordpress\/wp-content\/uploads\/2019\/09\/batxillerat.png?resize=350%2C200&ssl=1","width":350,"height":200,"srcset":"https:\/\/i0.wp.com\/iedib.net\/wordpress\/wp-content\/uploads\/2019\/09\/batxillerat.png?resize=350%2C200&ssl=1 1x, https:\/\/i0.wp.com\/iedib.net\/wordpress\/wp-content\/uploads\/2019\/09\/batxillerat.png?resize=525%2C300&ssl=1 1.5x, https:\/\/i0.wp.com\/iedib.net\/wordpress\/wp-content\/uploads\/2019\/09\/batxillerat.png?resize=700%2C400&ssl=1 2x, https:\/\/i0.wp.com\/iedib.net\/wordpress\/wp-content\/uploads\/2019\/09\/batxillerat.png?resize=1050%2C600&ssl=1 3x"},"classes":[]}],"_links":{"self":[{"href":"https:\/\/iedib.net\/wordpress\/index.php?rest_route=\/wp\/v2\/pages\/4464","targetHints":{"allow":["GET"]}}],"collection":[{"href":"https:\/\/iedib.net\/wordpress\/index.php?rest_route=\/wp\/v2\/pages"}],"about":[{"href":"https:\/\/iedib.net\/wordpress\/index.php?rest_route=\/wp\/v2\/types\/page"}],"author":[{"embeddable":true,"href":"https:\/\/iedib.net\/wordpress\/index.php?rest_route=\/wp\/v2\/users\/1"}],"replies":[{"embeddable":true,"href":"https:\/\/iedib.net\/wordpress\/index.php?rest_route=%2Fwp%2Fv2%2Fcomments&post=4464"}],"version-history":[{"count":30,"href":"https:\/\/iedib.net\/wordpress\/index.php?rest_route=\/wp\/v2\/pages\/4464\/revisions"}],"predecessor-version":[{"id":5254,"href":"https:\/\/iedib.net\/wordpress\/index.php?rest_route=\/wp\/v2\/pages\/4464\/revisions\/5254"}],"wp:attachment":[{"href":"https:\/\/iedib.net\/wordpress\/index.php?rest_route=%2Fwp%2Fv2%2Fmedia&parent=4464"}],"curies":[{"name":"wp","href":"https:\/\/api.w.org\/{rel}","templated":true}]}}