{"id":42,"date":"2018-04-05T09:08:35","date_gmt":"2018-04-05T09:08:35","guid":{"rendered":"https:\/\/iedib.wordpress.com\/?page_id=40"},"modified":"2022-05-19T18:51:52","modified_gmt":"2022-05-19T16:51:52","slug":"programa-xarxa","status":"publish","type":"page","link":"https:\/\/iedib.net\/wordpress\/?page_id=42","title":{"rendered":"Programa xarxa"},"content":{"rendered":"\n<div class=\"wp-block-image\"><figure class=\"aligncenter\"><a href=\"https:\/\/iedib.net\/wordpress\/?attachment_id=1683\" rel=\"attachment wp-att-1683\"><img data-recalc-dims=\"1\" loading=\"lazy\" decoding=\"async\" width=\"800\" height=\"200\" data-attachment-id=\"1683\" data-permalink=\"https:\/\/iedib.net\/wordpress\/?attachment_id=1683\" data-orig-file=\"https:\/\/i0.wp.com\/iedib.net\/wordpress\/wp-content\/uploads\/2019\/06\/batxillerat-2.png?fit=1200%2C300&amp;ssl=1\" data-orig-size=\"1200,300\" data-comments-opened=\"0\" data-image-meta=\"{&quot;aperture&quot;:&quot;0&quot;,&quot;credit&quot;:&quot;&quot;,&quot;camera&quot;:&quot;&quot;,&quot;caption&quot;:&quot;&quot;,&quot;created_timestamp&quot;:&quot;0&quot;,&quot;copyright&quot;:&quot;&quot;,&quot;focal_length&quot;:&quot;0&quot;,&quot;iso&quot;:&quot;0&quot;,&quot;shutter_speed&quot;:&quot;0&quot;,&quot;title&quot;:&quot;&quot;,&quot;orientation&quot;:&quot;0&quot;}\" data-image-title=\"batxillerat (2)\" data-image-description=\"\" data-image-caption=\"\" data-large-file=\"https:\/\/i0.wp.com\/iedib.net\/wordpress\/wp-content\/uploads\/2019\/06\/batxillerat-2.png?fit=800%2C200&amp;ssl=1\" src=\"https:\/\/i0.wp.com\/iedib.net\/wordpress\/wp-content\/uploads\/2019\/06\/batxillerat-2.png?resize=800%2C200&#038;ssl=1\" alt=\"\" class=\"wp-image-1683\" srcset=\"https:\/\/i0.wp.com\/iedib.net\/wordpress\/wp-content\/uploads\/2019\/06\/batxillerat-2.png?w=1200&amp;ssl=1 1200w, https:\/\/i0.wp.com\/iedib.net\/wordpress\/wp-content\/uploads\/2019\/06\/batxillerat-2.png?resize=300%2C75&amp;ssl=1 300w, https:\/\/i0.wp.com\/iedib.net\/wordpress\/wp-content\/uploads\/2019\/06\/batxillerat-2.png?resize=768%2C192&amp;ssl=1 768w, https:\/\/i0.wp.com\/iedib.net\/wordpress\/wp-content\/uploads\/2019\/06\/batxillerat-2.png?resize=1024%2C256&amp;ssl=1 1024w\" sizes=\"auto, (max-width: 800px) 100vw, 800px\" \/><\/a><\/figure><\/div>\n\n\n\n<p class=\"has-text-align-center\"><\/p>\n\n\n\n<h3 class=\"wp-block-heading\">FUNCIONS<\/h3>\n\n\n\n<ul class=\"wp-block-list\"><li style=\"text-align: justify;\">Permetre cursar mat\u00e8ries de batxillerat que no es cursen als centres d\u2019origen.<\/li><li style=\"text-align: justify;\">Permetre cursar mat\u00e8ries que per raons organitzatives (hor\u00e0ries o altres) no es poden fer als centres d\u2019origen.<\/li><li style=\"text-align: justify;\">Permetre cursar les mat\u00e8ries de primer quan un alumne de segon fa un canvi de modalitat.<\/li><\/ul>\n\n\n\n<p>S\u2019ofereixen totes les mat\u00e8ries de totes les modalitats.<\/p>\n\n\n\n<p><a href=\"https:\/\/iedib.net\/wordpress\/?page_id=190\" target=\"_blank\" rel=\"noopener noreferrer\">Llistat de mat\u00e8ries ofertades<\/a><\/p>\n\n\n\n<h3 class=\"wp-block-heading\"><strong>MATR\u00cdCULA<\/strong><\/h3>\n\n\n\n<ul class=\"wp-block-list\"><li style=\"text-align: justify;\">&nbsp;Al men\u00fa <a href=\"https:\/\/iedib.net\/wordpress\/?page_id=45\" target=\"_blank\" rel=\"noopener noreferrer\">matr\u00edcula\/programa xarxa<\/a> d&#8217;aquesta web es troba tota la informaci\u00f3&nbsp; i tota la documentaci\u00f3 per dur a terme la matr\u00edcula.<\/li><\/ul>\n\n\n\n<h3 class=\"wp-block-heading\"><span style=\"color: #000000;\"><strong>SEGUIMENT DE LA MAT\u00c8RIA<\/strong><\/span><\/h3>\n\n\n\n<p>Tots els continguts de les mat\u00e8ries estan dins l&#8217;aula virtual. Totes les aules tenen una mateixa estructura, una cap\u00e7alera i 8 lliuraments dins els quals tenim els recursos digitals i les activitats online. A l\u2019hora de resoldre les activitats s&#8217;utilitzen les eines de l&#8217;entorn virtual i s\u2019envien les consultes al professor responsable de la mat\u00e8ria, un professor que haur\u00e0 de donar resposta de manera individual en menys de 24\/48 hores, sense comptar cap de setmanes i festius. Cada alumne rebr\u00e0 un usuari i una contrasenya pel correu electr\u00f2nic que hagi facilitat en la sol\u00b7licitud de matr\u00edcula. Aquestes dades serviran per accedir a l\u2019aula virtual de l\u2019assignatura en qu\u00e8 est\u00e0 matriculat. A l\u2019aula virtual hi ha tota la informaci\u00f3 necess\u00e0ria per fer el seguiment de la mat\u00e8ria. En cas de dubtes es pot consultar al professor.<\/p>\n\n\n\n<p>L\u2019alumne estar\u00e0 donat d\u2019alta a les mat\u00e8ries sol\u00b7licitades i a l\u2019aula de tutoria, on tindr\u00e0 tots els calendaris, horaris i informacions rellevants, a m\u00e9s d\u2019un tutor a la seva disposici\u00f3.<\/p>\n\n\n\n<h3 class=\"wp-block-heading\"><span style=\"color: #000000;\"><strong>AVALUACI\u00d3<\/strong><\/span><\/h3>\n\n\n\n<p><span style=\"text-align: justify;\">Els alumnes podran triar el&nbsp;&nbsp;<\/span><a href=\"https:\/\/iedib.net\/wordpress\/?page_id=35\" target=\"_blank\" rel=\"noopener noreferrer\">centre col\u00b7laborador<\/a><span style=\"text-align: justify;\"> m\u00e9s pr\u00f2xim on realitzar els ex\u00e0mens de les mat\u00e8ries de batxillerat cursades a dist\u00e0ncia. <\/span>Les proves o <b>els ex\u00e0mens<\/b> seran elaborats pels professors de l&#8217;IEDIB, que tamb\u00e9 en faran la correcci\u00f3.<\/p>\n\n\n\n<p>Els ex\u00e0mens de les mat\u00e8ries a dist\u00e0ncia es duran a terme en horari d&#8217;horabaixa. Hi haur\u00e0 dos quadrimestres, un que va fins al gener i l&#8217;altre fins al maig, a m\u00e9s de la convocat\u00f2ria extraordin\u00e0ria de juny.<\/p>\n\n\n\n<p>Els ex\u00e0mens representen entre un 65 i un 75% de la nota, mentre que les activitats en l\u00ednia entre un&nbsp; 25 i un 35%<\/p>\n\n\n\n<p>Els calendaris d&#8217;ex\u00e0mens i&nbsp; informacions rellevants seran publicats a principis de curs dins l&#8217;<strong>aula de tutoria<\/strong> que tenen els alumnes i dins l&#8217;<strong>aula de coordinaci\u00f3 dels centres visitants<\/strong> a la qual tindran acc\u00e9s els coordinadors dels centres d&#8217;origen. Podran fer consultes a trav\u00e9s d&#8217;aquesta aula pel f\u00f2rum de dubtes o per la missatgeria interna.<\/p>\n\n\n\n<h3 class=\"wp-block-heading\"><span style=\"color: #000000;\">QUALIFICACIONS<\/span><\/h3>\n\n\n\n<p>Les qualificacions dels ex\u00e0mens i de les activitats es podran consultar a trav\u00e9s de l\u2019aula virtual de cada mat\u00e8ria.<\/p>\n\n\n\n<p>El responsable de l&#8217;<strong>aula de coordinaci\u00f3 de centres del programa xarxa, <\/strong>enviar\u00e0 els butlletins al coordinador de cada centre despr\u00e9s de cada avaluaci\u00f3 ordin\u00e0ria (gener i&nbsp; maig) i de l&#8217;extraordin\u00e0ria (juny). A m\u00e9s, s&#8217;enviar\u00e0 al centre d&#8217;origen un informe intermedi de les qualificacions obtingudes abans de Nadal i abans de les vacances de Pasqua.<\/p>\n","protected":false},"excerpt":{"rendered":"<p>FUNCIONS Permetre cursar mat\u00e8ries de batxillerat que no es cursen als centres d\u2019origen. Permetre cursar mat\u00e8ries que per raons organitzatives (hor\u00e0ries o altres) no es poden fer als centres d\u2019origen. &#8230;<\/p>\n","protected":false},"author":1,"featured_media":0,"parent":0,"menu_order":0,"comment_status":"closed","ping_status":"closed","template":"","meta":{"jetpack_post_was_ever_published":false,"footnotes":""},"class_list":["post-42","page","type-page","status-publish","hentry"],"jetpack_sharing_enabled":true,"jetpack_shortlink":"https:\/\/wp.me\/Pa5Owj-G","jetpack-related-posts":[{"id":3170,"url":"https:\/\/iedib.net\/wordpress\/?page_id=3170","url_meta":{"origin":42,"position":0},"title":"Mat\u00e8ries modalitat general","author":"wp_admin","date":"2 mar\u00e7, 2022","format":false,"excerpt":"mat\u00e8riesprimer cursComunes (totes)Educaci\u00f3 f\u00edsicaFilosofiaLlengua castellana i literatura ILlengua catalana i literatura ILlengua estrangera ITreball de recerca de batxillerat I* (nom\u00e9s per alumnes que ja l\u2019han cursada i no l\u2019han superada).Modalitat (elegir 3 mat\u00e8ries)Matem\u00e0tiques generals\u00a0(obligat\u00f2ria)Dues mat\u00e8ries entre:Economia, emprenedoria i activitat empresarial i i una mat\u00e8ria de modalitat de primer de qualsevol\u2026","rel":"","context":"Entrada similar","block_context":{"text":"Entrada similar","link":""},"img":{"alt_text":"","src":"","width":0,"height":0},"classes":[]},{"id":41,"url":"https:\/\/iedib.net\/wordpress\/?page_id=41","url_meta":{"origin":42,"position":1},"title":"Batxillerat","author":"wp_admin","date":"5 abril, 2018","format":false,"excerpt":"DESTINATARIS L\u2019educaci\u00f3 a dist\u00e0ncia est\u00e0 especialment dissenyada per a aquelles persones que, per les seves circumst\u00e0ncies personals, no poden acudir regularment a un centre educatiu. Va adre\u00e7ada a gent major d'edat, aquells que compleixen 18 anys l'any de la matr\u00edcula o a menors d'edat que tinguin circumst\u00e0ncies especials que no\u2026","rel":"","context":"Entrada similar","block_context":{"text":"Entrada similar","link":""},"img":{"alt_text":"","src":"https:\/\/i0.wp.com\/iedib.net\/wordpress\/wp-content\/uploads\/2019\/06\/batxillerat.png?resize=350%2C200&ssl=1","width":350,"height":200,"srcset":"https:\/\/i0.wp.com\/iedib.net\/wordpress\/wp-content\/uploads\/2019\/06\/batxillerat.png?resize=350%2C200&ssl=1 1x, https:\/\/i0.wp.com\/iedib.net\/wordpress\/wp-content\/uploads\/2019\/06\/batxillerat.png?resize=525%2C300&ssl=1 1.5x, https:\/\/i0.wp.com\/iedib.net\/wordpress\/wp-content\/uploads\/2019\/06\/batxillerat.png?resize=700%2C400&ssl=1 2x, https:\/\/i0.wp.com\/iedib.net\/wordpress\/wp-content\/uploads\/2019\/06\/batxillerat.png?resize=1050%2C600&ssl=1 3x"},"classes":[]},{"id":211,"url":"https:\/\/iedib.net\/wordpress\/?page_id=211","url_meta":{"origin":42,"position":2},"title":"Mat\u00e8ries modalitat arts pl\u00e0stiques, imatge i disseny","author":"wp_admin","date":"8 juny, 2018","format":false,"excerpt":"mat\u00e8riaprimer cursComunes (totes)Educaci\u00f3 f\u00edsicaFilosofiaLlengua castellana i literatura ILlengua catalana i literatura ILlengua estrangera ITreball de recerca de batxillerat I * (nom\u00e9s per alumnes que ja l'han cursada i no l'han superada).Modalitat (3 mat\u00e8ries)Dibuix art\u00edstic I\u00a0(obligat\u00f2ria)Dues mat\u00e8ries entre:Cultura audiovisualProjectes art\u00edsticsVolumDibuix t\u00e8cnic aplicat a les arts pl\u00e0stiques i al disseny I.Optatives (elegir\u2026","rel":"","context":"Entrada similar","block_context":{"text":"Entrada similar","link":""},"img":{"alt_text":"","src":"","width":0,"height":0},"classes":[]},{"id":3133,"url":"https:\/\/iedib.net\/wordpress\/?page_id=3133","url_meta":{"origin":42,"position":3},"title":"Mat\u00e8ries modalitat arts pl\u00e0stiques, imatge i disseny","author":"wp_admin","date":"17 febrer, 2022","format":false,"excerpt":"Mat\u00e8riesPrimer cursComunes (totes)Educaci\u00f3 f\u00edsicaFilosofiaLlengua castellana i literatura ILlengua catalana i literatura ILlengua estrangera ITreball de recerca de batxillerat IModalitat (elegir 3 mat\u00e8ries)Dibuix art\u00edstic I (obligat\u00f2ria)Dues mat\u00e8ries entre:Cultura audiovisualProjectes art\u00edsticsVolum Dibuix t\u00e8cnic aplicat a les arts pl\u00e0stiques i al dissenyOptatives (elegir 1 mat\u00e8ria)Hist\u00f2ria i cultura de les Illes BalearsProgramaci\u00f3 i tractament\u2026","rel":"","context":"Entrada similar","block_context":{"text":"Entrada similar","link":""},"img":{"alt_text":"","src":"","width":0,"height":0},"classes":[]},{"id":209,"url":"https:\/\/iedib.net\/wordpress\/?page_id=209","url_meta":{"origin":42,"position":4},"title":"Mat\u00e8ries modalitat d&#8217;humanitats i ci\u00e8ncies socials","author":"wp_admin","date":"8 juny, 2018","format":false,"excerpt":"mat\u00e8riesprimer cursComunes (totes)Educaci\u00f3 f\u00edsicaFilosofiaLlengua castellana i literatura ILlengua catalana i literatura ILlengua estrangera ITreball de recerca de batxillerat I * (nom\u00e9s per alumnes que ja l\u2019han cursada i no l\u2019han superada).Modalitat (3 mat\u00e8ries)Una mat\u00e8ria entre:Llat\u00ed I\/Matem\u00e0tiques aplicades CCSS IDues mat\u00e8ries entre:EconomiaGrec IHist\u00f2ria del m\u00f3n contemporaniLiteratura universalMatem\u00e0tiques aplicades a les CCSS\u2026","rel":"","context":"Entrada similar","block_context":{"text":"Entrada similar","link":""},"img":{"alt_text":"","src":"","width":0,"height":0},"classes":[]},{"id":207,"url":"https:\/\/iedib.net\/wordpress\/?page_id=207","url_meta":{"origin":42,"position":5},"title":"Mat\u00e8ries modalitat ci\u00e8ncies","author":"wp_admin","date":"8 juny, 2018","format":false,"excerpt":"Mat\u00e8riesPrimer cursComunes (totes)Educaci\u00f3 f\u00edsicaFilosofiaLlengua castellana i literatura ILlengua catalana i literatura ILlengua estrangera ITreball de recerca de batxillerat I * (nom\u00e9s per alumnes que ja l\u2019han cursada i no l\u2019han superada).Modalitat (3 mat\u00e8ries)Matem\u00e0tiques I (obligat\u00f2ria)Dues mat\u00e8ries entre:Dibuix t\u00e8cnic I Biologia, geologia i ci\u00e8ncies ambientalsF\u00edsica i qu\u00edmicaTecnologia i enginyeria IOptatives (elegir\u2026","rel":"","context":"Entrada similar","block_context":{"text":"Entrada similar","link":""},"img":{"alt_text":"","src":"","width":0,"height":0},"classes":[]}],"_links":{"self":[{"href":"https:\/\/iedib.net\/wordpress\/index.php?rest_route=\/wp\/v2\/pages\/42","targetHints":{"allow":["GET"]}}],"collection":[{"href":"https:\/\/iedib.net\/wordpress\/index.php?rest_route=\/wp\/v2\/pages"}],"about":[{"href":"https:\/\/iedib.net\/wordpress\/index.php?rest_route=\/wp\/v2\/types\/page"}],"author":[{"embeddable":true,"href":"https:\/\/iedib.net\/wordpress\/index.php?rest_route=\/wp\/v2\/users\/1"}],"replies":[{"embeddable":true,"href":"https:\/\/iedib.net\/wordpress\/index.php?rest_route=%2Fwp%2Fv2%2Fcomments&post=42"}],"version-history":[{"count":10,"href":"https:\/\/iedib.net\/wordpress\/index.php?rest_route=\/wp\/v2\/pages\/42\/revisions"}],"predecessor-version":[{"id":3263,"href":"https:\/\/iedib.net\/wordpress\/index.php?rest_route=\/wp\/v2\/pages\/42\/revisions\/3263"}],"wp:attachment":[{"href":"https:\/\/iedib.net\/wordpress\/index.php?rest_route=%2Fwp%2Fv2%2Fmedia&parent=42"}],"curies":[{"name":"wp","href":"https:\/\/api.w.org\/{rel}","templated":true}]}}