{"id":3768,"date":"2023-04-27T12:53:22","date_gmt":"2023-04-27T10:53:22","guid":{"rendered":"https:\/\/iedib.net\/wordpress\/?page_id=3768"},"modified":"2026-03-27T12:56:32","modified_gmt":"2026-03-27T11:56:32","slug":"cfgs-animacions-3d-jocs-i-entorns-interactius","status":"publish","type":"page","link":"https:\/\/iedib.net\/wordpress\/?page_id=3768","title":{"rendered":"CFGS Animacions 3D, jocs i entorns interactius"},"content":{"rendered":"\n<h2 class=\"wp-block-heading has-text-align-center\"><strong>T\u00edtol que s\u2019obt\u00e9: T\u00e8cnic superior en Animacions 3D, jocs i entorns interactius<\/strong> (IMS31)<\/h2>\n\n\n\n<hr class=\"wp-block-separator has-alpha-channel-opacity\"\/>\n\n\n\n<iframe loading=\"lazy\" width=\"560\" height=\"315\" src=\"https:\/\/www.youtube.com\/embed\/1JCKYVwwWLM?si=oe1glGfbHxsJ__2b\" title=\"YouTube video player\" frameborder=\"0\" allow=\"accelerometer; autoplay; clipboard-write; encrypted-media; gyroscope; picture-in-picture; web-share\" referrerpolicy=\"strict-origin-when-cross-origin\" allowfullscreen><\/iframe>\n\n\n\n<p class=\"has-text-align-center\"><strong>Fam\u00edlia professional: Imatge i so<\/strong><\/p>\n\n\n\n<hr class=\"wp-block-separator has-alpha-channel-opacity\"\/>\n\n\n\n<p><\/p>\n\n\n\n<h3 class=\"wp-block-heading\"><strong>Funcionament dels m\u00f2duls<\/strong><\/h3>\n\n\n\n<p>A la cap\u00e7alera de l\u2019aula virtual trobem l\u2019apartat funcionament del m\u00f2dul on s\u2019explica com funciona cada m\u00f2dul. Tamb\u00e9, s\u2019hi troba tot el material per poder seguir el curs, els recursos en format digital (no hi ha llibres de text, ja que tot est\u00e0 a l\u2019aula virtual) i les activitats en l\u00ednia. Hi ha un sol examen presencial al final de cada m\u00f2dul, que val el 45% de la nota final. Les activitats en l\u00ednia representen entre el 55% de la nota. Per aprovar el m\u00f2dul s\u2019han d\u2019obtenir una nota m\u00ednima de 5 de cada una de les parts.<\/p>\n\n\n\n<p>Durant el curs 23-24 nom\u00e9s s\u2019oferiran els m\u00f2duls de primer, ja que s\u00f3n estudis de nova implantaci\u00f3. El curs 24-25 s\u2019oferiran els m\u00f2duls de segon. I durant el curs 25-26 es faran els m\u00f2duls de projecte i pr\u00e0ctiques FCT.<\/p>\n\n\n\n<hr class=\"wp-block-separator has-alpha-channel-opacity\"\/>\n\n\n\n<h3 class=\"wp-block-heading\">Oferta m\u00f2duls 2025-26<\/h3>\n\n\n\n<div style=\"max-width: 750px; margin: 2rem auto; font-family: Arial, sans-serif; color: #333;\">\n\n  <!-- Introducci\u00f3 -->\n  <div style=\"margin-bottom: 1rem; padding: 0.9rem 1rem; background: #f5f7fa; border-left: 4px solid #1d4f91; border-radius: 6px;\">\n    <h3 style=\"margin: 0 0 0.4rem 0; color: #1d4f91; font-size: 1.25rem;\">Itinerari formatiu<\/h3>\n    <p style=\"margin: 0; font-size: 0.95rem;\">\n      Els m\u00f2duls s\u2019organitzen per curs. Els colors indiquen si s\u00f3n anuals o quadrimestrals.\n    <\/p>\n\n    <div style=\"margin-top: 0.7rem; display: flex; gap: 0.4rem; flex-wrap: wrap;\">\n      <span style=\"padding: 0.25rem 0.6rem; border-radius: 999px; background: #e8f1fb; color: #1d4f91; font-weight: 600; font-size: 0.82rem;\">ANUAL<\/span>\n      <span style=\"padding: 0.25rem 0.6rem; border-radius: 999px; background: #fff4db; color: #9a6700; font-weight: 600; font-size: 0.82rem;\">1r quadrimestre<\/span>\n      <span style=\"padding: 0.25rem 0.6rem; border-radius: 999px; background: #e8f7e8; color: #256c2f; font-weight: 600; font-size: 0.82rem;\">2n quadrimestre<\/span>\n    <\/div>\n  <\/div>\n\n  <!-- Taula -->\n  <div style=\"overflow-x: auto; border: 1px solid #d9e1ea; border-radius: 6px; box-shadow: 0 2px 6px rgba(0,0,0,0.05); background: #fff;\">\n    <table style=\"width: 100%; border-collapse: collapse; font-size: 0.9rem;\">\n\n      <thead>\n        <tr style=\"background: #1d4f91; color: #fff;\">\n          <th style=\"padding: 0.7rem; text-align: left; border: 1px solid #d9e1ea;\">M\u00f2dul<\/th>\n          <th style=\"padding: 0.7rem; text-align: center; border: 1px solid #d9e1ea;\">Hores<\/th>\n          <th style=\"padding: 0.7rem; text-align: center; border: 1px solid #d9e1ea;\">Setmanals<\/th>\n          <th style=\"padding: 0.7rem; text-align: center; border: 1px solid #d9e1ea;\">Tipus<\/th>\n          <th style=\"padding: 0.7rem; text-align: left; border: 1px solid #d9e1ea;\">Observacions<\/th>\n        <\/tr>\n      <\/thead>\n\n      <tbody>\n\n        <!-- 1r curs -->\n        <tr>\n          <td colspan=\"5\" style=\"padding: 0.75rem 1rem; background: #ffffff; color: #1d4f91; font-weight: 700; border: 1px solid #d9e1ea; text-align:center;\">\n            &#8211; 1r curs &#8211;\n          <\/td>\n        <\/tr>\n\n        <tr style=\"background:#edf5fd;\">\n          <td style=\"padding:0.65rem;\"><strong>1086<\/strong> Disseny, dibuix i modelatge per a animaci\u00f3<\/td>\n          <td style=\"text-align:center;\">170 h<\/td>\n          <td style=\"text-align:center;\">6 h<\/td>\n          <td style=\"text-align:center;\"><span style=\"background:#e8f1fb; padding:0.2rem 0.5rem; border-radius:999px; font-size:0.8rem;\">ANUAL<\/span><\/td>\n          <td><\/td>\n        <\/tr>\n\n        <tr style=\"background:#edf5fd;\">\n          <td style=\"padding:0.65rem;\"><strong>1087<\/strong> Animaci\u00f3 d&#8217;elements 2D i 3D<\/td>\n          <td style=\"text-align:center;\">250 h<\/td>\n          <td style=\"text-align:center;\">8 h<\/td>\n          <td style=\"text-align:center;\"><span style=\"background:#e8f1fb; padding:0.2rem 0.5rem; border-radius:999px; font-size:0.8rem;\">ANUAL<\/span><\/td>\n          <td><\/td>\n        <\/tr>\n\n        <tr style=\"background:#edf5fd;\">\n          <td style=\"padding:0.65rem;\"><strong>1088<\/strong> Color, il\u00b7luminaci\u00f3 i acabats 2D i 3D<\/td>\n          <td style=\"text-align:center;\">170 h<\/td>\n          <td style=\"text-align:center;\">5 h<\/td>\n          <td style=\"text-align:center;\"><span style=\"background:#e8f1fb; padding:0.2rem 0.5rem; border-radius:999px; font-size:0.8rem;\">ANUAL<\/span><\/td>\n          <td><\/td>\n        <\/tr>\n\n        <tr style=\"background:#edf5fd;\">\n          <td style=\"padding:0.65rem;\"><strong>1090<\/strong> Realitzaci\u00f3 de projectes multim\u00e8dia interactius<\/td>\n          <td style=\"text-align:center;\">190 h<\/td>\n          <td style=\"text-align:center;\">6 h<\/td>\n          <td style=\"text-align:center;\"><span style=\"background:#e8f1fb; padding:0.2rem 0.5rem; border-radius:999px; font-size:0.8rem;\">ANUAL<\/span><\/td>\n          <td>Activitats obligat\u00f2ries en angl\u00e8s<\/td>\n        <\/tr>\n\n        <tr style=\"background:#fffaf0;\">\n          <td style=\"padding:0.65rem;\"><strong>1709<\/strong> Itinerari personal per a l\u2019ocupabilitat I (IPO 1)<\/td>\n          <td style=\"text-align:center;\">90 h<\/td>\n          <td style=\"text-align:center;\">3 h<\/td>\n          <td style=\"text-align:center;\"><span style=\"background:#fff4db; padding:0.2rem 0.5rem; border-radius:999px; font-size:0.8rem;\">1Q<\/span><\/td>\n          <td>Convalidable amb FOL<\/td>\n        <\/tr>\n\n        <tr style=\"background:#f1fbf1;\">\n          <td style=\"padding:0.65rem;\"><strong>1665<\/strong> Digitalitzaci\u00f3<\/td>\n          <td style=\"text-align:center;\">30 h<\/td>\n          <td style=\"text-align:center;\">1 h<\/td>\n          <td style=\"text-align:center;\"><span style=\"background:#e8f7e8; padding:0.2rem 0.5rem; border-radius:999px; font-size:0.8rem;\">2Q<\/span><\/td>\n          <td><\/td>\n        <\/tr>\n\n        <!-- 2n curs -->\n        <tr>\n          <td colspan=\"5\" style=\"padding: 0.75rem 1rem; background: #ffffff; color: #1d4f91; font-weight: 700; border: 1px solid #d9e1ea; text-align:center;\">\n            &#8211; 2n curs &#8211;\n          <\/td>\n        <\/tr>\n\n        <tr style=\"background:#edf5fd;\">\n          <td style=\"padding:0.65rem;\"><strong>1091<\/strong> Desenvolupament d\u2019entorns interactius multidispositiu<\/td>\n          <td style=\"text-align:center;\">190 h<\/td>\n          <td style=\"text-align:center;\">6 h<\/td>\n          <td style=\"text-align:center;\"><span style=\"background:#e8f1fb; padding:0.2rem 0.5rem; border-radius:999px; font-size:0.8rem;\">ANUAL<\/span><\/td>\n          <td>Activitats obligat\u00f2ries en angl\u00e8s. <br>Es recomana haver cursat pr\u00e8viament <strong>Realitzaci\u00f3 de projectes multim\u00e8dia interactius<\/strong><\/td>\n        <\/tr>\n\n        <tr style=\"background:#edf5fd;\">\n          <td style=\"padding:0.65rem;\"><strong>0907<\/strong> Realitzaci\u00f3 del muntatge i postproducci\u00f3 d\u2019audiovisuals<\/td>\n          <td style=\"text-align:center;\">170 h<\/td>\n          <td style=\"text-align:center;\">6 h<\/td>\n          <td style=\"text-align:center;\"><span style=\"background:#e8f1fb; padding:0.2rem 0.5rem; border-radius:999px; font-size:0.8rem;\">ANUAL<\/span><\/td>\n          <td><\/td>\n        <\/tr>\n\n        <tr style=\"background:#fffaf0;\">\n          <td style=\"padding:0.65rem;\"><strong>1085<\/strong> Projectes d\u2019animaci\u00f3 audiovisual 2D i 3D<\/td>\n          <td style=\"text-align:center;\">120 h<\/td>\n          <td style=\"text-align:center;\">7 h<\/td>\n          <td style=\"text-align:center;\"><span style=\"background:#fff4db; padding:0.2rem 0.5rem; border-radius:999px; font-size:0.8rem;\">1Q<\/span><\/td>\n          <td>Es recomana haver cursat pr\u00e8viament: <strong>Animaci\u00f3 d&#8217;elements 2D i 3D<\/strong> i <strong>Color, il\u00b7luminaci\u00f3 i acabats 2D i 3D<\/strong><\/td>\n        <\/tr>\n\n        <tr style=\"background:#fffaf0;\">\n          <td style=\"padding:0.65rem;\"><strong>1708<\/strong> Sostenibilitat aplicada al sistema productiu<\/td>\n          <td style=\"text-align:center;\">30 h<\/td>\n          <td style=\"text-align:center;\">1 h<\/td>\n          <td style=\"text-align:center;\"><span style=\"background:#fff4db; padding:0.2rem 0.5rem; border-radius:999px; font-size:0.8rem;\">1Q<\/span><\/td>\n          <td><\/td>\n        <\/tr>\n\n        <tr style=\"background:#fffaf0;\">\n          <td style=\"padding:0.65rem;\"><strong>Optatiu<\/strong><br>Realitat Virtual \/ Catal\u00e0 b\u00e0sic \/ Catal\u00e0 intermedi \/ Alemany<\/td>\n          <td style=\"text-align:center;\">80 h<\/td>\n          <td style=\"text-align:center;\">4 h<\/td>\n          <td style=\"text-align:center;\"><span style=\"background:#fff4db; padding:0.2rem 0.5rem; border-radius:999px; font-size:0.8rem;\">1Q<\/span><\/td>\n          <td><\/td>\n        <\/tr>\n\n        <tr style=\"background:#f1fbf1;\">\n          <td style=\"padding:0.65rem;\"><strong>1089<\/strong> Projectes de jocs i entorns interactius<\/td>\n          <td style=\"text-align:center;\">100 h<\/td>\n          <td style=\"text-align:center;\">6 h<\/td>\n          <td style=\"text-align:center;\"><span style=\"background:#e8f7e8; padding:0.2rem 0.5rem; border-radius:999px; font-size:0.8rem;\">2Q<\/span><\/td>\n          <td><\/td>\n        <\/tr>\n\n        <tr style=\"background:#f1fbf1;\">\n          <td style=\"padding:0.65rem;\"><strong>1710<\/strong> Itinerari personal per a l\u2019ocupabilitat II (IPO 2)<\/td>\n          <td style=\"text-align:center;\">60 h<\/td>\n          <td style=\"text-align:center;\">3 h<\/td>\n          <td style=\"text-align:center;\"><span style=\"background:#e8f7e8; padding:0.2rem 0.5rem; border-radius:999px; font-size:0.8rem;\">2Q<\/span><\/td>\n          <td>Convalidable amb EIE<\/td>\n        <\/tr>\n\n        <tr style=\"background:#f1fbf1;\">\n          <td style=\"padding:0.65rem;\"><strong>0179<\/strong> Angl\u00e8s professional<\/td>\n          <td style=\"text-align:center;\">120 h<\/td>\n          <td style=\"text-align:center;\">6 h<\/td>\n          <td style=\"text-align:center;\"><span style=\"background:#e8f7e8; padding:0.2rem 0.5rem; border-radius:999px; font-size:0.8rem;\">2Q<\/span><\/td>\n          <td><\/td>\n        <\/tr>\n\n        <tr style=\"background:#f1fbf1;\">\n          <td style=\"padding:0.65rem;\"><strong>1093<\/strong> Projecte intermodular<\/td>\n          <td style=\"text-align:center;\">50 h<\/td>\n          <td style=\"text-align:center;\">3 h<\/td>\n          <td style=\"text-align:center;\"><span style=\"background:#e8f7e8; padding:0.2rem 0.5rem; border-radius:999px; font-size:0.8rem;\">2Q<\/span><\/td>\n          <td>Requisit: haver superat 900 h<\/td>\n        <\/tr>\n\n        <!-- 3r curs -->\n        <tr>\n          <td colspan=\"5\" style=\"padding: 0.75rem 1rem; background: #ffffff; color: #1d4f91; font-weight: 700; border: 1px solid #d9e1ea; text-align:center;\">\n            &#8211; 3r curs &#8211;\n          <\/td>\n        <\/tr>\n\n        <tr>\n          <td style=\"padding:0.65rem;\"><strong>FEMPO<\/strong><\/td>\n          <td style=\"text-align:center;\">500 h<\/td>\n          <td style=\"text-align:center;\">\u2014<\/td>\n          <td style=\"text-align:center;\"><span style=\"background:#eee; padding:0.2rem 0.5rem; border-radius:999px; font-size:0.8rem;\">Presencial<\/span><\/td>\n          <td>Requisit: Haver superat la resta de m\u00f2duls formatius.<\/td>\n        <\/tr>\n\n      <\/tbody>\n    <\/table>\n  <\/div>\n\n<\/div>\n\n\n\n<hr class=\"wp-block-separator has-alpha-channel-opacity\"\/>\n\n\n\n<h3 class=\"wp-block-heading has-medium-font-size\"><strong>Requisits de maquinari i programari<\/strong><\/h3>\n\n\n\n<ul class=\"wp-block-list\">\n<li style=\"text-decoration:underline\">\u00c9s <strong>responsabilitat de l\u2019alumnat<\/strong> adquirir i instal\u00b7lar al seu equip el programari necessari per cursar el cicle.<\/li>\n\n\n\n<li>Requisits t\u00e8cnics de maquinari:\n<ul class=\"wp-block-list\">\n<li><strong>Sistema operatiu:<\/strong>\n<ul class=\"wp-block-list\">\n<li>Microsoft\u00ae Windows\u00ae 11, 10<\/li>\n\n\n\n<li>Apple\u00ae macOS\u00ae 12.x, 11.x, 10.15.x, 10.14.x<\/li>\n\n\n\n<li>Linux\u00ae Red Hat\u00ae Enterprise 8.5, 7.6-7.9 WS<\/li>\n<\/ul>\n<\/li>\n\n\n\n<li><strong>CPU<\/strong>: Important que tingui una freq\u00fc\u00e8ncia elevada (MHz) i diversos nuclis (entre 6 i 16 cores, per anar b\u00e9) com AMD Ryzen 7 5700X 3.4GHz o i7-12700K 3.6 GHz. Pels Apple Mac, els models amb xip de la s\u00e8rie M s\u00f3n compatibles amb el mode Rosetta 2.RAM: 32GB <\/li>\n\n\n\n<li><strong>GPU<\/strong>: Targeta gr\u00e0fica NVIDIA RTX 3060 o 3070 (com m\u00e9s VRAM millor) o l&#8217;AMD RX 6600 XT<\/li>\n\n\n\n<li><strong>Disc dur<\/strong>: 1Tb, preferentment SSD\/Hybrid HDD\/SSHD<\/li>\n\n\n\n<li><strong>Tauleta gr\u00e0fica<\/strong>: Wacom (models One o Intuos) o Huion (Inspiroy)<\/li>\n\n\n\n<li><strong>Ratol\u00ed<\/strong>: busqueu-ne un de bona marca i que tingui tres botons (la rodeta del mig)<\/li>\n<\/ul>\n<\/li>\n<\/ul>\n\n\n\n<hr class=\"wp-block-separator has-alpha-channel-opacity\"\/>\n\n\n\n<h3 class=\"wp-block-heading\"><strong>Proposta de programari<\/strong><\/h3>\n\n\n\n<p>Aquesta taula \u00e9s de car\u00e0cter orientatiu. El programari especificat pot variar o ampliar-se a causa de canvis de versions o decisions pedag\u00f2giques al llarg del desplegament del cicle. Es confirmar\u00e0 el programari i la versi\u00f3 necess\u00e0ria abans de l&#8217;inici del curs. L&#8217;alumnat ser\u00e0 responsable d&#8217;adquirir i instal\u00b7lar al seu equip el programari necessari per cursar el cicle.&nbsp;Des de l&#8217;IEDIB no es distribueixen llic\u00e8ncies, tot i que es facilitar\u00e0 la documentaci\u00f3 necess\u00e0ria en cas de voler-se acreditar com a estudiant per tenir acc\u00e9s a les versions educatives, com poden ser els casos del Maya d&#8217;Autodesk o el Substance Painter d&#8217;Adobe. En el cas de la resta de programari d&#8217;Adobe, existeix un&nbsp;<a href=\"https:\/\/www.adobe.com\/es\/creativecloud\/plans.html\" target=\"_blank\" rel=\"noreferrer noopener\">descompte per a estudiants<\/a>. El docent de l&#8217;aula resoldr\u00e0 dubtes de cada necessitat.<\/p>\n\n\n\n<p><\/p>\n\n\n\n<figure class=\"wp-block-table\"><table><thead><tr><td>Codi<\/td><td><strong>M\u00f2dul<\/strong><\/td><td><strong>Programari instal\u00b7lat necessari<\/strong><\/td><\/tr><\/thead><tbody><tr><td>1086<\/td><td>Disseny i dibuix i modelatge per a animaci\u00f3<\/td><td><strong>Adobe CC:<\/strong> Illustrator, Photoshop<br><strong>Autodesk Maya<\/strong><\/td><\/tr><tr><td>1087<\/td><td>Animaci\u00f3 d&#8217;elements 2D i 3D<\/td><td><strong>Adobe CC:<\/strong> Animate, Photoshop, Illustrator <br><strong>Autodesk Maya<\/strong><\/td><\/tr><tr><td>1088<\/td><td>Color, il\u00b7luminaci\u00f3 i acabats 2D i 3D<\/td><td><strong>Adobe CC:<\/strong> Adobe Photoshop, Adobe Premiere Pro<strong><br><strong>Autodesk Maya<\/strong><\/strong><\/td><\/tr><tr><td>1090<\/td><td>Realitzaci\u00f3 de projectes multim\u00e8dia interactius<\/td><td><strong>Unity<\/strong><\/td><\/tr><tr><td>1085<\/td><td>Projectes d\u2019animaci\u00f3 audiovisual 2D i 3D<\/td><td><strong>Adobe CC:<\/strong> Illustrator, Photoshop, Premiere, After Effects<br><strong>Autodesk Maya<\/strong><\/td><\/tr><tr><td>1089<\/td><td>Projectes de jocs i entorns interactius<\/td><td><\/td><\/tr><tr><td>1091<\/td><td>Desenvolupament d\u2019entorns interactius multidispositiu<\/td><td><strong>Unity<\/strong><\/td><\/tr><tr><td>0907<\/td><td>Realitzaci\u00f3 del muntatge i postproducci\u00f3 d\u2019audiovisuals<\/td><td><strong>Adobe CC:<\/strong> Illustrator, Photoshop, Premiere, After Effects<\/td><\/tr><\/tbody><\/table><\/figure>\n\n\n\n<hr class=\"wp-block-separator has-alpha-channel-opacity\"\/>\n\n\n\n<p><strong>De qu\u00e8 treballar\u00e0s?<\/strong><\/p>\n\n\n\n<ul class=\"wp-block-list\">\n<li>Animador\/animadora 3D.<\/li>\n\n\n\n<li>Animador\/animadora 2D.<\/li>\n\n\n\n<li>Intercalador\/intercaladora.<\/li>\n\n\n\n<li>Modelador \/ modeladora 3D.<\/li>\n\n\n\n<li>Grafista digital.<\/li>\n\n\n\n<li>Generador\/generadora d&#8217;espais virtuals.<\/li>\n\n\n\n<li>T\u00e8cnica\/t\u00e8cnic d&#8217;efectes especials 3D.<\/li>\n\n\n\n<li>Integrador\/integradora multim\u00e8dia audiovisual.<\/li>\n\n\n\n<li>Desenvolupador\/desenvolupadora d&#8217;aplicacions i productes audiovisuals multim\u00e8dia.<\/li>\n\n\n\n<li>Editor \/ editora de continguts audiovisuals multim\u00e8dia interactius i no interactius<\/li>\n\n\n\n<li>T\u00e8cnica\/t\u00e8cnic en sistemes i realitzaci\u00f3 en multim\u00e8dia<\/li>\n<\/ul>\n\n\n\n<hr class=\"wp-block-separator has-alpha-channel-opacity\"\/>\n\n\n\n<p><strong>On treballar\u00e0s?<\/strong>&nbsp; Aquest professional exerceix la seva activitat al sector de la producci\u00f3 audiovisual (cinema, televisi\u00f3 i v\u00eddeo), de l&#8217;animaci\u00f3 2D i 3D, de la multim\u00e8dia interactiva i no interactiva, aix\u00ed com en publicitat i empreses relacionades amb internet i les \u201cnewmedia\u201d.<\/p>\n\n\n\n<hr class=\"wp-block-separator has-alpha-channel-opacity\"\/>\n\n\n\n<p><\/p>\n\n\n\n<h3 class=\"wp-block-heading\"><strong>Requisits d\u2019acc\u00e9s als Cicles Formatius de Grau Superior<\/strong><\/h3>\n\n\n\n<p>Per accedir, has de complir <strong>almenys un dels seg\u00fcents requisits<\/strong>:<\/p>\n\n\n\n<h4 class=\"wp-block-heading\"><strong>1. Tenir una titulaci\u00f3:<\/strong><\/h4>\n\n\n\n<ul class=\"wp-block-list\">\n<li>Batxillerat (LOE, LOGSE, BUP)<\/li>\n\n\n\n<li>T\u00edtol de T\u00e8cnic\/a Superior d&#8217;FP, Especialista o Grau Universitari<\/li>\n\n\n\n<li>T\u00edtol de T\u00e8cnic\/a de Grau Mitj\u00e0 d&#8217;FP o d\u2019Arts Pl\u00e0stiques i Disseny<\/li>\n<\/ul>\n\n\n\n<h4 class=\"wp-block-heading\"><strong>2. O haver superat:<\/strong><\/h4>\n\n\n\n<ul class=\"wp-block-list\">\n<li>Un curs de formaci\u00f3 espec\u00edfic d\u2019acc\u00e9s a cicles formatius<\/li>\n\n\n\n<li>Una prova d\u2019acc\u00e9s a Grau Superior (amb part espec\u00edfica segons fam\u00edlia professional)<\/li>\n\n\n\n<li>El segon curs de qualsevol modalitat de Batxillerat Experimental<\/li>\n\n\n\n<li>Una oferta formativa de Grau C inclosa en el cicle<\/li>\n<\/ul>\n\n\n\n<hr class=\"wp-block-separator has-alpha-channel-opacity\"\/>\n\n\n\n<p><strong>Acc\u00e9s a estudis posteriors i altres formacions professionals:<\/strong><\/p>\n\n\n\n<ul class=\"wp-block-list\">\n<li>Cursos d\u2019especialitzaci\u00f3 professional.<\/li>\n\n\n\n<li>Un altre Cicle de Formaci\u00f3 Professional amb la possibilitat d\u2019establir convalidacions de m\u00f2duls professionals d\u2019acord amb la normativa vigent.<\/li>\n\n\n\n<li>Preparaci\u00f3 de les Proves d\u2019Avaluaci\u00f3 de Batxillerat (\u00fanicament les assignatures troncals)<\/li>\n\n\n\n<li>Ensenyaments Universitaris amb la possibilitat d\u2019establir convalidacions d\u2019acord amb la normativa vigent.<\/li>\n<\/ul>\n\n\n\n<p><\/p>\n","protected":false},"excerpt":{"rendered":"<p>T\u00edtol que s\u2019obt\u00e9: T\u00e8cnic superior en Animacions 3D, jocs i entorns interactius (IMS31) Fam\u00edlia professional: Imatge i so Funcionament dels m\u00f2duls A la cap\u00e7alera de l\u2019aula virtual trobem l\u2019apartat funcionament &#8230;<\/p>\n","protected":false},"author":1,"featured_media":0,"parent":0,"menu_order":0,"comment_status":"closed","ping_status":"closed","template":"","meta":{"jetpack_post_was_ever_published":false,"footnotes":""},"class_list":["post-3768","page","type-page","status-publish","hentry"],"jetpack_sharing_enabled":true,"jetpack_shortlink":"https:\/\/wp.me\/Pa5Owj-YM","jetpack-related-posts":[{"id":1339,"url":"https:\/\/iedib.net\/wordpress\/?page_id=1339","url_meta":{"origin":3768,"position":0},"title":"Formaci\u00f3 professional","author":"wp_admin","date":"12 mar\u00e7, 2019","format":false,"excerpt":"Estudis d'FP que s'imparteixen a l'IEDIB CFGM d'atenci\u00f3 a persones en situaci\u00f3 de depend\u00e8ncia CFGM\u00a0d\u2019instal\u00b7lacions el\u00e8ctriques i autom\u00e0tiques CFGM d'emerg\u00e8ncies sanit\u00e0ries CFGM de sistemes microinform\u00e0tics i xarxes CFGS d'administraci\u00f3 de sistemes inform\u00e0tics en xarxa CFGS Projectes d'edificacions CFGS Animacions 3D, jocs i entorns interactius CFGS d'integraci\u00f3 social Curs d'especialitzaci\u00f3 en\u2026","rel":"","context":"Entrada similar","block_context":{"text":"Entrada similar","link":""},"img":{"alt_text":"","src":"https:\/\/i0.wp.com\/iedib.net\/wordpress\/wp-content\/uploads\/2019\/06\/batxillerat-3.png?resize=350%2C200&ssl=1","width":350,"height":200,"srcset":"https:\/\/i0.wp.com\/iedib.net\/wordpress\/wp-content\/uploads\/2019\/06\/batxillerat-3.png?resize=350%2C200&ssl=1 1x, https:\/\/i0.wp.com\/iedib.net\/wordpress\/wp-content\/uploads\/2019\/06\/batxillerat-3.png?resize=525%2C300&ssl=1 1.5x, https:\/\/i0.wp.com\/iedib.net\/wordpress\/wp-content\/uploads\/2019\/06\/batxillerat-3.png?resize=700%2C400&ssl=1 2x, https:\/\/i0.wp.com\/iedib.net\/wordpress\/wp-content\/uploads\/2019\/06\/batxillerat-3.png?resize=1050%2C600&ssl=1 3x"},"classes":[]},{"id":1933,"url":"https:\/\/iedib.net\/wordpress\/?page_id=1933","url_meta":{"origin":3768,"position":1},"title":"Personal del centre","author":"wp_admin","date":"28 setembre, 2019","format":false,"excerpt":"Equip directiu Toni Vilaret Director Mike Rigo Cap d'estudisJaume Puppo Secretari Toni Martorell Cap estudis FPJudit Jim\u00e9nezCap d'estudis FPAina PujolCap estudis EOI Professorat Avel\u00b7l\u00ed Cap\u00f3 Tecnologia Pere ObradorBiologia i geologia Magdalena Estrugo Biologia i geologia Toni VilaretBiologia i geologia Neus Porcel Matem\u00e0tiques Josep Mulet Matem\u00e0tiques Catalina Mayol Matem\u00e0tiquesJaume Puppo F\u00edsica\u2026","rel":"","context":"Entrada similar","block_context":{"text":"Entrada similar","link":""},"img":{"alt_text":"","src":"https:\/\/i0.wp.com\/iedib.net\/wordpress\/wp-content\/uploads\/2026\/01\/jlc2.png?resize=350%2C200&ssl=1","width":350,"height":200,"srcset":"https:\/\/i0.wp.com\/iedib.net\/wordpress\/wp-content\/uploads\/2026\/01\/jlc2.png?resize=350%2C200&ssl=1 1x, https:\/\/i0.wp.com\/iedib.net\/wordpress\/wp-content\/uploads\/2026\/01\/jlc2.png?resize=525%2C300&ssl=1 1.5x"},"classes":[]},{"id":5015,"url":"https:\/\/iedib.net\/wordpress\/?page_id=5015","url_meta":{"origin":3768,"position":2},"title":"Matr\u00edcula FCT (pr\u00e0ctiques finals)","author":"wp_admin","date":"28 abril, 2025","format":false,"excerpt":"El m\u00f2dul de formaci\u00f3 en centres de treball (FCT), \u00e9s un m\u00f2dul presencial on l'alumnat ha de fer 400 hores de pr\u00e0ctiques presencials. Es realitza a centres de treball situats a l'entorn del seu domicili, mitjan\u00e7ant un acord formatiu de col\u00b7laboraci\u00f3 que subscriuen l'institut i l'empresa. Aquestes pr\u00e0ctiques formen part\u2026","rel":"","context":"Entrada similar","block_context":{"text":"Entrada similar","link":""},"img":{"alt_text":"","src":"https:\/\/i0.wp.com\/iedib.net\/wordpress\/wp-content\/uploads\/2020\/07\/Copia-de-batxillerat-3.png?resize=350%2C200&ssl=1","width":350,"height":200,"srcset":"https:\/\/i0.wp.com\/iedib.net\/wordpress\/wp-content\/uploads\/2020\/07\/Copia-de-batxillerat-3.png?resize=350%2C200&ssl=1 1x, https:\/\/i0.wp.com\/iedib.net\/wordpress\/wp-content\/uploads\/2020\/07\/Copia-de-batxillerat-3.png?resize=525%2C300&ssl=1 1.5x, https:\/\/i0.wp.com\/iedib.net\/wordpress\/wp-content\/uploads\/2020\/07\/Copia-de-batxillerat-3.png?resize=700%2C400&ssl=1 2x"},"classes":[]},{"id":122,"url":"https:\/\/iedib.net\/wordpress\/?page_id=122","url_meta":{"origin":3768,"position":3},"title":"Matr\u00edcula de formaci\u00f3 professional","author":"wp_admin","date":"29 abril, 2018","format":false,"excerpt":"La preinscripci\u00f3 i matr\u00edcula dels cicles d'FP es far\u00e0 tenint en compte els terminis publicats a la web de la Direcci\u00f3 General d'FP que regula tot el proc\u00e9s de la matr\u00edcula als cicles formatius d'FP a dist\u00e0ncia. A continuaci\u00f3 teniu un resum del calendari de tot el proc\u00e9s i un\u2026","rel":"","context":"Entrada similar","block_context":{"text":"Entrada similar","link":""},"img":{"alt_text":"","src":"https:\/\/i0.wp.com\/iedib.net\/wordpress\/wp-content\/uploads\/2019\/06\/batxillerat-2-1.png?resize=350%2C200&ssl=1","width":350,"height":200,"srcset":"https:\/\/i0.wp.com\/iedib.net\/wordpress\/wp-content\/uploads\/2019\/06\/batxillerat-2-1.png?resize=350%2C200&ssl=1 1x, https:\/\/i0.wp.com\/iedib.net\/wordpress\/wp-content\/uploads\/2019\/06\/batxillerat-2-1.png?resize=525%2C300&ssl=1 1.5x, https:\/\/i0.wp.com\/iedib.net\/wordpress\/wp-content\/uploads\/2019\/06\/batxillerat-2-1.png?resize=700%2C400&ssl=1 2x, https:\/\/i0.wp.com\/iedib.net\/wordpress\/wp-content\/uploads\/2019\/06\/batxillerat-2-1.png?resize=1050%2C600&ssl=1 3x"},"classes":[]},{"id":5925,"url":"https:\/\/iedib.net\/wordpress\/?page_id=5925","url_meta":{"origin":3768,"position":4},"title":"Certificats professionals","author":"wp_admin","date":"29 abril, 2026","format":false,"excerpt":"Funcionament L'IEDIB oferta el m\u00f2dul 1782 de Prevenci\u00f3 de riscos laborals. Aquest m\u00f2dul formatiu forma part dels certificats professionals (graus C) L\u2019ensenyament a dist\u00e0ncia et permet estudiar amb flexibilitat, per\u00f2 requereix const\u00e0ncia i organitzaci\u00f3. El curs es desenvolupa a trav\u00e9s de\u00a0l\u2019aula virtual\u00a0i combina activitats d\u2019aprenentatge amb avaluaci\u00f3. Com s\u2019organitza el\u2026","rel":"","context":"Entrada similar","block_context":{"text":"Entrada similar","link":""},"img":{"alt_text":"","src":"","width":0,"height":0},"classes":[]},{"id":42,"url":"https:\/\/iedib.net\/wordpress\/?page_id=42","url_meta":{"origin":3768,"position":5},"title":"Programa xarxa","author":"wp_admin","date":"5 abril, 2018","format":false,"excerpt":"FUNCIONS Permetre cursar mat\u00e8ries de batxillerat que no es cursen als centres d\u2019origen.Permetre cursar mat\u00e8ries que per raons organitzatives (hor\u00e0ries o altres) no es poden fer als centres d\u2019origen.Permetre cursar les mat\u00e8ries de primer quan un alumne de segon fa un canvi de modalitat. S\u2019ofereixen totes les mat\u00e8ries de totes\u2026","rel":"","context":"Entrada similar","block_context":{"text":"Entrada similar","link":""},"img":{"alt_text":"","src":"https:\/\/i0.wp.com\/iedib.net\/wordpress\/wp-content\/uploads\/2019\/06\/batxillerat-2.png?resize=350%2C200&ssl=1","width":350,"height":200,"srcset":"https:\/\/i0.wp.com\/iedib.net\/wordpress\/wp-content\/uploads\/2019\/06\/batxillerat-2.png?resize=350%2C200&ssl=1 1x, https:\/\/i0.wp.com\/iedib.net\/wordpress\/wp-content\/uploads\/2019\/06\/batxillerat-2.png?resize=525%2C300&ssl=1 1.5x, https:\/\/i0.wp.com\/iedib.net\/wordpress\/wp-content\/uploads\/2019\/06\/batxillerat-2.png?resize=700%2C400&ssl=1 2x, https:\/\/i0.wp.com\/iedib.net\/wordpress\/wp-content\/uploads\/2019\/06\/batxillerat-2.png?resize=1050%2C600&ssl=1 3x"},"classes":[]}],"_links":{"self":[{"href":"https:\/\/iedib.net\/wordpress\/index.php?rest_route=\/wp\/v2\/pages\/3768","targetHints":{"allow":["GET"]}}],"collection":[{"href":"https:\/\/iedib.net\/wordpress\/index.php?rest_route=\/wp\/v2\/pages"}],"about":[{"href":"https:\/\/iedib.net\/wordpress\/index.php?rest_route=\/wp\/v2\/types\/page"}],"author":[{"embeddable":true,"href":"https:\/\/iedib.net\/wordpress\/index.php?rest_route=\/wp\/v2\/users\/1"}],"replies":[{"embeddable":true,"href":"https:\/\/iedib.net\/wordpress\/index.php?rest_route=%2Fwp%2Fv2%2Fcomments&post=3768"}],"version-history":[{"count":55,"href":"https:\/\/iedib.net\/wordpress\/index.php?rest_route=\/wp\/v2\/pages\/3768\/revisions"}],"predecessor-version":[{"id":5899,"href":"https:\/\/iedib.net\/wordpress\/index.php?rest_route=\/wp\/v2\/pages\/3768\/revisions\/5899"}],"wp:attachment":[{"href":"https:\/\/iedib.net\/wordpress\/index.php?rest_route=%2Fwp%2Fv2%2Fmedia&parent=3768"}],"curies":[{"name":"wp","href":"https:\/\/api.w.org\/{rel}","templated":true}]}}