{"id":34,"date":"2018-04-05T09:02:34","date_gmt":"2018-04-05T09:02:34","guid":{"rendered":"https:\/\/iedib.wordpress.com\/?page_id=23"},"modified":"2025-11-24T11:39:35","modified_gmt":"2025-11-24T10:39:35","slug":"secretaria","status":"publish","type":"page","link":"https:\/\/iedib.net\/wordpress\/?page_id=34","title":{"rendered":"Secretaria"},"content":{"rendered":"\n<figure class=\"wp-block-image size-large\"><img data-recalc-dims=\"1\" loading=\"lazy\" decoding=\"async\" width=\"800\" height=\"160\" data-attachment-id=\"2443\" data-permalink=\"https:\/\/iedib.net\/wordpress\/?attachment_id=2443\" data-orig-file=\"https:\/\/i0.wp.com\/iedib.net\/wordpress\/wp-content\/uploads\/2020\/07\/Copia-de-batxillerat-3.png?fit=1000%2C200&amp;ssl=1\" data-orig-size=\"1000,200\" data-comments-opened=\"0\" data-image-meta=\"{&quot;aperture&quot;:&quot;0&quot;,&quot;credit&quot;:&quot;&quot;,&quot;camera&quot;:&quot;&quot;,&quot;caption&quot;:&quot;&quot;,&quot;created_timestamp&quot;:&quot;0&quot;,&quot;copyright&quot;:&quot;&quot;,&quot;focal_length&quot;:&quot;0&quot;,&quot;iso&quot;:&quot;0&quot;,&quot;shutter_speed&quot;:&quot;0&quot;,&quot;title&quot;:&quot;&quot;,&quot;orientation&quot;:&quot;0&quot;}\" data-image-title=\"Copia-de-batxillerat-3\" data-image-description=\"\" data-image-caption=\"\" data-large-file=\"https:\/\/i0.wp.com\/iedib.net\/wordpress\/wp-content\/uploads\/2020\/07\/Copia-de-batxillerat-3.png?fit=800%2C160&amp;ssl=1\" src=\"https:\/\/i0.wp.com\/iedib.net\/wordpress\/wp-content\/uploads\/2020\/07\/Copia-de-batxillerat-3.png?resize=800%2C160&#038;ssl=1\" alt=\"\" class=\"wp-image-2443\" srcset=\"https:\/\/i0.wp.com\/iedib.net\/wordpress\/wp-content\/uploads\/2020\/07\/Copia-de-batxillerat-3.png?w=1000&amp;ssl=1 1000w, https:\/\/i0.wp.com\/iedib.net\/wordpress\/wp-content\/uploads\/2020\/07\/Copia-de-batxillerat-3.png?resize=300%2C60&amp;ssl=1 300w, https:\/\/i0.wp.com\/iedib.net\/wordpress\/wp-content\/uploads\/2020\/07\/Copia-de-batxillerat-3.png?resize=150%2C30&amp;ssl=1 150w, https:\/\/i0.wp.com\/iedib.net\/wordpress\/wp-content\/uploads\/2020\/07\/Copia-de-batxillerat-3.png?resize=768%2C154&amp;ssl=1 768w\" sizes=\"auto, (max-width: 800px) 100vw, 800px\" \/><\/figure>\n\n\n\n<h3 class=\"wp-block-heading\"><span style=\"color: #000000;\">HORARI DE SECRETARIA<\/span><\/h3>\n\n\n\n<p>L&#8217;horari d&#8217;atenci\u00f3 al p\u00fablic de la Secretaria de la seu central de l&#8217;IEDIB \u00e9s el seg\u00fcent:<\/p>\n\n\n\n<ul class=\"wp-block-list\">\n<li>De dilluns a divendres de 9 a 14 h, i de dilluns a dimecres de 15 a 20 h.<\/li>\n<\/ul>\n\n\n\n<h3 class=\"wp-block-heading\"><span style=\"color: #000000;\">INFORMACI\u00d3 I FORMULARIS<\/span><\/h3>\n\n\n\n<p>Us presentem un recull de formularis i informaci\u00f3 que heu d&#8217;utilitzar per fer diferents gestions amb secretaria.<\/p>\n\n\n\n<p><a rel=\"noreferrer noopener\" href=\"https:\/\/drive.google.com\/file\/d\/1PE8chQR8cXYId-z10ydIR9ALkbGlnKJY\/view?usp=sharing\" target=\"_blank\">Sol\u00b7licitud general<\/a><\/p>\n\n\n\n<p><a href=\"https:\/\/drive.google.com\/file\/d\/1uKF1oHPUg4ym--p-R_IF_PGbBOvuomop\/view?usp=sharing\">Autoritzaci\u00f3 recollida de t\u00edtols i certificats<\/a><\/p>\n\n\n\n<p><strong>Formularis per a FP<\/strong><\/p>\n\n\n\n<p><a rel=\"noreferrer noopener\" href=\"https:\/\/drive.google.com\/file\/d\/1IOvj6RJW7xx_bb1VkPzmslLbVLqiAzvf\/view?usp=sharing\" target=\"_blank\">Sol\u00b7licitud ren\u00fancia de m\u00f2duls <\/a>(fins un mes abans dels ex\u00e0mens)<\/p>\n\n\n\n<p><a href=\"https:\/\/drive.google.com\/file\/d\/1DnQ3tejtj9_R8azfLrW9MLH8Ylh7yYFd\/view?usp=sharing\">Sol\u00b7licitud anul\u00b7laci\u00f3 de matr\u00edcula <\/a>(fins dia 20 d&#8217;octubre)<\/p>\n\n\n\n<p>Convalidaci\u00f3 de m\u00f2duls d&#8217;FP a partir d\u2019altres estudis<\/p>\n\n\n\n<p class=\"has-text-align-left\">Aquell alumnat que hagi cursat altres estudis (cicles formatius, estudis universitaris, certificats de professionalitat) i consideri que hi ha m\u00f2duls dels estudis dels quals est\u00e0 matriculat que s\u00f3n susceptibles de convalidaci\u00f3, pot tramitar la&nbsp;<a rel=\"noreferrer noopener\" href=\"https:\/\/drive.google.com\/file\/d\/15gJtlhP9kePcLglwHRWlv3TeW1GHJVd5\/view?usp=sharing\" target=\"_blank\">sol\u00b7licitud de convalidaci\u00f3<\/a>.<\/p>\n\n\n\n<p>Procediment: La sol\u00b7licitud s&#8217;ha de presentar presencialment a la secretaria o a les Delegacions Territorials d&#8217;Educaci\u00f3 annexant la documentaci\u00f3 justificativa. Tamb\u00e9 es pot enviar per correu exclusivament si est\u00e0 firmada amb certificat digital <a href=\"info@iedib.net\">(info@iedib.net<\/a>). La data de presentaci\u00f3 \u00e9s del dia<strong>&nbsp;3 al 18&nbsp;<strong>d&#8217;octubre<\/strong><\/strong>, de 9\u202fh a 20\u202fh. En cas de voler assessorament espec\u00edfic, s&#8217;ha de demanar al centre amb antelaci\u00f3.<\/p>\n\n\n\n<p class=\"has-text-align-left\">Informaci\u00f3 sobre la documentaci\u00f3 justificativa: fa refer\u00e8ncia als certificats dels estudis realitzats (original i fotoc\u00f2pia compulsada o firmats digitalment), expedit per un centre oficial, on constin els ensenyaments cursats i cadascun dels m\u00f2duls professionals, programa formatiu de les assignatures universit\u00e0ries o certificats de les compet\u00e8ncies reconegudes, aix\u00ed com la convocat\u00f2ria en la qual s\u2019han superat i la qualificaci\u00f3 obtinguda.<\/p>\n\n\n\n<p><strong>Formularis per a batxillerat<\/strong><\/p>\n\n\n\n<p><a href=\"https:\/\/drive.google.com\/file\/d\/1h5fh__DWClbvNge4IJWKtptskOdJsCiP\/view?usp=sharing\">Sol\u00b7licitud matr\u00edcula menors de 18 anys<\/a><\/p>\n\n\n\n<p><a href=\"https:\/\/drive.google.com\/file\/d\/1GonhwiCWZZorfBJAlB7QJ9HhaG2D7BPO\/view?usp=sharing\" target=\"_blank\" rel=\"noreferrer noopener\">Sol\u00b7licitud de canvi de mat\u00e8ries<\/a><\/p>\n\n\n\n<p><a href=\"https:\/\/drive.google.com\/file\/d\/1Qg3LNorKC_yeXK4Jxa6SbF0hbaPbU_-D\/view?usp=sharing\" target=\"_blank\" rel=\"noreferrer noopener\">Sol\u00b7licitud d&#8217;exempci\u00f3 de cursar educaci\u00f3 f\u00edsica<\/a><\/p>\n\n\n\n<p><a href=\"https:\/\/drive.google.com\/file\/d\/1CP8XUjbGzEv4ZasYp56OoU5I5ilYuE5_\/view?usp=sharing\" target=\"_blank\" rel=\"noopener noreferrer\">Sol\u00b7licitud d&#8217;exempci\u00f3 de llengua catalana<\/a><\/p>\n\n\n\n<p>A m\u00e9s de la sol\u00b7licitud, s&#8217;ha de lliurar fotoc\u00f2pia del DNI, NIE o passaport, certificat hist\u00f2ric d&#8217;empadronament, certificat de notes dels darrers 3 anys i la<a href=\"https:\/\/drive.google.com\/file\/d\/19wrpC1LlscscEdxXgz5sfds9_NGofEqV\/view?usp=sharing\" target=\"_blank\" rel=\"noopener noreferrer\"> declaraci\u00f3 jurada de resid\u00e8ncia temporal<\/a>. Per a m\u00e9s informaci\u00f3 podeu consultar el seg\u00fcent <a href=\"http:\/\/www.caib.es\/govern\/sac\/fitxa.do?codi=2694915&amp;lang=ca&amp;coduo=7\" target=\"_blank\" rel=\"noopener noreferrer\">enlla\u00e7.<\/a><br><br><a href=\"https:\/\/docs.google.com\/document\/d\/1gCH2nMemdEjyIYAATq7bfHpCy7ug8qCVNIfuNv5tiQw\/edit?usp=sharing\" data-type=\"link\" data-id=\"https:\/\/docs.google.com\/document\/d\/1gCH2nMemdEjyIYAATq7bfHpCy7ug8qCVNIfuNv5tiQw\/edit?usp=sharing\">Instruccions per a sol\u00b7licitar el t\u00edtol de batxillerat<\/a><\/p>\n\n\n\n<p><strong>Formularis per a Idiomes<\/strong> <strong>(EOI)<\/strong><\/p>\n\n\n\n<p><a href=\"https:\/\/docs.google.com\/document\/d\/1PS2DdrhhaQNE5lr2nk-pl5sdSSPBaMfnjsu8l8L6ZSI\/edit?usp=sharing\" target=\"_blank\" rel=\"noreferrer noopener\">Sol\u00b7licitud de t\u00edtols i certificats EOI<\/a><\/p>\n\n\n\n<p><a href=\"https:\/\/drive.google.com\/file\/d\/1ddJamtShpo_pgV_NXWdHmS5PhAvUcdN0\/view?usp=sharing\">Sol\u00b7licitud de ren\u00fancia matr\u00edcula EOI <\/a>(fins dia 31 de mar\u00e7)<\/p>\n\n\n\n<p>La sol\u00b7licitud s&#8217;ha d&#8217;enviar juntament amb c\u00f2pia del DNI o NIE al seg\u00fcent correu: eoi@iedib.net .<\/p>\n","protected":false},"excerpt":{"rendered":"<p>HORARI DE SECRETARIA L&#8217;horari d&#8217;atenci\u00f3 al p\u00fablic de la Secretaria de la seu central de l&#8217;IEDIB \u00e9s el seg\u00fcent: INFORMACI\u00d3 I FORMULARIS Us presentem un recull de formularis i informaci\u00f3 &#8230;<\/p>\n","protected":false},"author":1,"featured_media":0,"parent":0,"menu_order":0,"comment_status":"closed","ping_status":"closed","template":"","meta":{"jetpack_post_was_ever_published":false,"footnotes":""},"class_list":["post-34","page","type-page","status-publish","hentry"],"jetpack_sharing_enabled":false,"jetpack_shortlink":"https:\/\/wp.me\/Pa5Owj-y","jetpack-related-posts":[{"id":5561,"url":"https:\/\/iedib.net\/wordpress\/?page_id=5561","url_meta":{"origin":34,"position":0},"title":"SECRETARIA","author":"Oficines","date":"19 desembre, 2025","format":false,"excerpt":"HORARI D'ATENCI\u00d3 AL P\u00daBLIC De dilluns a divendres, de 9 a 14 h. \/ De dilluns a dimecres, de 15 a 20 h. Juliol, de 9 a 14 h. Agost, tancat De forma presencial - C\/ de Salv\u00e0, 14 - 07013 Palma Per tel\u00e8fon - 971170650 Per mail - info@iedib.net\u2026","rel":"","context":"Entrada similar","block_context":{"text":"Entrada similar","link":""},"img":{"alt_text":"","src":"https:\/\/i0.wp.com\/iedib.net\/wordpress\/wp-content\/uploads\/2020\/07\/Copia-de-batxillerat-3.png?resize=350%2C200&ssl=1","width":350,"height":200,"srcset":"https:\/\/i0.wp.com\/iedib.net\/wordpress\/wp-content\/uploads\/2020\/07\/Copia-de-batxillerat-3.png?resize=350%2C200&ssl=1 1x, https:\/\/i0.wp.com\/iedib.net\/wordpress\/wp-content\/uploads\/2020\/07\/Copia-de-batxillerat-3.png?resize=525%2C300&ssl=1 1.5x, https:\/\/i0.wp.com\/iedib.net\/wordpress\/wp-content\/uploads\/2020\/07\/Copia-de-batxillerat-3.png?resize=700%2C400&ssl=1 2x"},"classes":[]},{"id":334,"url":"https:\/\/iedib.net\/wordpress\/?page_id=334","url_meta":{"origin":34,"position":1},"title":"Contacte","author":"wp_admin","date":"18 juny, 2018","format":false,"excerpt":"Horari, direcci\u00f3 i dades de contacte De dilluns a divendres, de 9-14\u202fh De dilluns a dimecres, de 15-20 h Juliol, de 9-14\u202fh; agost tancat Carrer de Salv\u00e0, 14. Palma. (07013) Tel\u00e8fon de contacte: 971170650 Correu de contacte: info@iedib.net","rel":"","context":"Entrada similar","block_context":{"text":"Entrada similar","link":""},"img":{"alt_text":"pexels-photo-263564.jpeg","src":"https:\/\/i0.wp.com\/iedib.net\/wordpress\/wp-content\/uploads\/2018\/06\/pexels-photo-263564.jpeg?resize=350%2C200&ssl=1","width":350,"height":200,"srcset":"https:\/\/i0.wp.com\/iedib.net\/wordpress\/wp-content\/uploads\/2018\/06\/pexels-photo-263564.jpeg?resize=350%2C200&ssl=1 1x, https:\/\/i0.wp.com\/iedib.net\/wordpress\/wp-content\/uploads\/2018\/06\/pexels-photo-263564.jpeg?resize=525%2C300&ssl=1 1.5x, https:\/\/i0.wp.com\/iedib.net\/wordpress\/wp-content\/uploads\/2018\/06\/pexels-photo-263564.jpeg?resize=700%2C400&ssl=1 2x, https:\/\/i0.wp.com\/iedib.net\/wordpress\/wp-content\/uploads\/2018\/06\/pexels-photo-263564.jpeg?resize=1050%2C600&ssl=1 3x, https:\/\/i0.wp.com\/iedib.net\/wordpress\/wp-content\/uploads\/2018\/06\/pexels-photo-263564.jpeg?resize=1400%2C800&ssl=1 4x"},"classes":[]},{"id":4888,"url":"https:\/\/iedib.net\/wordpress\/?page_id=4888","url_meta":{"origin":34,"position":2},"title":"Convalidacions","author":"wp_admin","date":"4 octubre, 2024","format":false,"excerpt":"Convalidaci\u00f3 de m\u00f2duls d\u2019FP a partir d\u2019altres estudis Aquell alumnat que hagi cursat altres estudis (cicles formatius, estudis universitaris, certificats de professionalitat) i consideri que hi ha m\u00f2duls dels estudis dels quals est\u00e0 matriculat que s\u00f3n susceptibles de convalidaci\u00f3, pot tramitar la\u00a0sol\u00b7licitud de convalidaci\u00f3. Procediment La sol\u00b7licitud s\u2019ha de presentar\u2026","rel":"","context":"Entrada similar","block_context":{"text":"Entrada similar","link":""},"img":{"alt_text":"","src":"","width":0,"height":0},"classes":[]},{"id":122,"url":"https:\/\/iedib.net\/wordpress\/?page_id=122","url_meta":{"origin":34,"position":3},"title":"Matr\u00edcula de formaci\u00f3 professional","author":"wp_admin","date":"29 abril, 2018","format":false,"excerpt":"La preinscripci\u00f3 i matr\u00edcula dels cicles d'FP es far\u00e0 tenint en compte els terminis publicats a la web de la Direcci\u00f3 General d'FP que regula tot el proc\u00e9s de la matr\u00edcula als cicles formatius d'FP a dist\u00e0ncia. A continuaci\u00f3 teniu un resum del calendari de tot el proc\u00e9s i un\u2026","rel":"","context":"Entrada similar","block_context":{"text":"Entrada similar","link":""},"img":{"alt_text":"","src":"https:\/\/i0.wp.com\/iedib.net\/wordpress\/wp-content\/uploads\/2019\/06\/batxillerat-2-1.png?resize=350%2C200&ssl=1","width":350,"height":200,"srcset":"https:\/\/i0.wp.com\/iedib.net\/wordpress\/wp-content\/uploads\/2019\/06\/batxillerat-2-1.png?resize=350%2C200&ssl=1 1x, https:\/\/i0.wp.com\/iedib.net\/wordpress\/wp-content\/uploads\/2019\/06\/batxillerat-2-1.png?resize=525%2C300&ssl=1 1.5x, https:\/\/i0.wp.com\/iedib.net\/wordpress\/wp-content\/uploads\/2019\/06\/batxillerat-2-1.png?resize=700%2C400&ssl=1 2x, https:\/\/i0.wp.com\/iedib.net\/wordpress\/wp-content\/uploads\/2019\/06\/batxillerat-2-1.png?resize=1050%2C600&ssl=1 3x"},"classes":[]},{"id":47,"url":"https:\/\/iedib.net\/wordpress\/?page_id=47","url_meta":{"origin":34,"position":4},"title":"Matr\u00edcula preparaci\u00f3 per a l&#8217;acc\u00e9s a la Universitat per a majors de 25 anys","author":"wp_admin","date":"5 abril, 2018","format":false,"excerpt":"Proc\u00e9s d'admissi\u00f3 i matr\u00edcula pel curs 2025-2026 de l\u20191 al 31 de juliol i de l\u20191 al 19 de setembre. Us aconsellam mirar la seg\u00fcent\u00a0guia de matr\u00edcula\u00a0o el\u00a0seg\u00fcent videotutorial\u00a0per saber com funciona el proc\u00e9s de matr\u00edcula en tres passes. Hi ha dos processos possibles: PROC\u00c9S D'AUTENTICACI\u00d3 AMB CLAU GESTIB O\u2026","rel":"","context":"Entrada similar","block_context":{"text":"Entrada similar","link":""},"img":{"alt_text":"","src":"https:\/\/i0.wp.com\/iedib.net\/wordpress\/wp-content\/uploads\/2019\/06\/batxillerat-3-1.png?resize=350%2C200&ssl=1","width":350,"height":200,"srcset":"https:\/\/i0.wp.com\/iedib.net\/wordpress\/wp-content\/uploads\/2019\/06\/batxillerat-3-1.png?resize=350%2C200&ssl=1 1x, https:\/\/i0.wp.com\/iedib.net\/wordpress\/wp-content\/uploads\/2019\/06\/batxillerat-3-1.png?resize=525%2C300&ssl=1 1.5x, https:\/\/i0.wp.com\/iedib.net\/wordpress\/wp-content\/uploads\/2019\/06\/batxillerat-3-1.png?resize=700%2C400&ssl=1 2x, https:\/\/i0.wp.com\/iedib.net\/wordpress\/wp-content\/uploads\/2019\/06\/batxillerat-3-1.png?resize=1050%2C600&ssl=1 3x"},"classes":[]},{"id":36,"url":"https:\/\/iedib.net\/wordpress\/?page_id=36","url_meta":{"origin":34,"position":5},"title":"Matr\u00edcula batxillerat","author":"wp_admin","date":"5 abril, 2018","format":false,"excerpt":"Proc\u00e9s d'admissi\u00f3 i matr\u00edcula pel curs 2025-2026 de l'1 al 31 de juliol i de l'1 al 19 de setembre. Us aconsellam mirar la seg\u00fcent guia de matr\u00edcula o el seg\u00fcent videotutorial per saber com funciona el proc\u00e9s de matr\u00edcula en tres passes. Hi ha dos processos possibles: PROC\u00c9S D'AUTENTICACI\u00d3\u2026","rel":"","context":"Entrada similar","block_context":{"text":"Entrada similar","link":""},"img":{"alt_text":"","src":"https:\/\/i0.wp.com\/iedib.net\/wordpress\/wp-content\/uploads\/2019\/06\/batxillerat-7.png?resize=350%2C200&ssl=1","width":350,"height":200,"srcset":"https:\/\/i0.wp.com\/iedib.net\/wordpress\/wp-content\/uploads\/2019\/06\/batxillerat-7.png?resize=350%2C200&ssl=1 1x, https:\/\/i0.wp.com\/iedib.net\/wordpress\/wp-content\/uploads\/2019\/06\/batxillerat-7.png?resize=525%2C300&ssl=1 1.5x, https:\/\/i0.wp.com\/iedib.net\/wordpress\/wp-content\/uploads\/2019\/06\/batxillerat-7.png?resize=700%2C400&ssl=1 2x, https:\/\/i0.wp.com\/iedib.net\/wordpress\/wp-content\/uploads\/2019\/06\/batxillerat-7.png?resize=1050%2C600&ssl=1 3x"},"classes":[]}],"_links":{"self":[{"href":"https:\/\/iedib.net\/wordpress\/index.php?rest_route=\/wp\/v2\/pages\/34","targetHints":{"allow":["GET"]}}],"collection":[{"href":"https:\/\/iedib.net\/wordpress\/index.php?rest_route=\/wp\/v2\/pages"}],"about":[{"href":"https:\/\/iedib.net\/wordpress\/index.php?rest_route=\/wp\/v2\/types\/page"}],"author":[{"embeddable":true,"href":"https:\/\/iedib.net\/wordpress\/index.php?rest_route=\/wp\/v2\/users\/1"}],"replies":[{"embeddable":true,"href":"https:\/\/iedib.net\/wordpress\/index.php?rest_route=%2Fwp%2Fv2%2Fcomments&post=34"}],"version-history":[{"count":73,"href":"https:\/\/iedib.net\/wordpress\/index.php?rest_route=\/wp\/v2\/pages\/34\/revisions"}],"predecessor-version":[{"id":5544,"href":"https:\/\/iedib.net\/wordpress\/index.php?rest_route=\/wp\/v2\/pages\/34\/revisions\/5544"}],"wp:attachment":[{"href":"https:\/\/iedib.net\/wordpress\/index.php?rest_route=%2Fwp%2Fv2%2Fmedia&parent=34"}],"curies":[{"name":"wp","href":"https:\/\/api.w.org\/{rel}","templated":true}]}}