{"id":216,"date":"2018-06-08T16:35:28","date_gmt":"2018-06-08T16:35:28","guid":{"rendered":"https:\/\/iedib.wordpress.com\/?page_id=216"},"modified":"2023-04-21T12:03:51","modified_gmt":"2023-04-21T10:03:51","slug":"materies-ofertades-a-la-pbau","status":"publish","type":"page","link":"https:\/\/iedib.net\/wordpress\/?page_id=216","title":{"rendered":"Mat\u00e8ries Oferides a la PBAU"},"content":{"rendered":"\n<p>L&#8217;IEDIB oferta totes les mat\u00e8ries possibles que poden convocar-se a la PBAU.<\/p>\n\n\n\n<figure class=\"wp-block-table is-style-stripes\"><table class=\"has-fixed-layout\"><thead><tr><th>tipus<\/th><th>Mat\u00e8ries<\/th><\/tr><\/thead><tbody><tr><td><strong>Comunes<\/strong><\/td><td>Llengua castellana i literatura II<br>Angl\u00e8s II<br>Hist\u00f2ria d\u2019Espanya<br>Hist\u00f2ria de la filosofia<br>Llengua catalana i literatura II<\/td><\/tr><tr><td><strong>Modalitat<\/strong><\/td><td>Matem\u00e0tiques II (obligat\u00f2ria)<br>Qu\u00edmica<br>Biologia<br>F\u00edsica<br>Geologia i ci\u00e8ncies ambientals<br>Dibuix t\u00e8cnic II<br>Tecnologia i enginyeria II<br>Llat\u00ed II<br>Matem\u00e0tiques aplicades CCSS II<br>Empresa i disseny de models de negoci<br>Grec II<br>Geografia<br>Hist\u00f2ria de l\u2019art<br>Dibuix art\u00edstic II<br>Disseny<br>T\u00e8cniques d\u2019expressi\u00f3 graficopl\u00e0stiques<br>Fonaments art\u00edstics<br>Dibuix t\u00e8cnic aplicat a les arts pl\u00e0stiques i al disseny II<br>An\u00e0lisi musical II<br>Arts esc\u00e8niques II<br>Cor i t\u00e8cnica vocal II<br>Hist\u00f2ria de la m\u00fasica i la dansa<br>Literatura dram\u00e0tica<br>Ci\u00e8ncies generals<br>Moviments culturals i art\u00edstics<\/td><\/tr><tr><td><strong>Optatives<\/strong><\/td><td>Segona llengua estrangera II (Franc\u00e8s o alemany)<br><\/td><\/tr><\/tbody><\/table><\/figure>\n","protected":false},"excerpt":{"rendered":"<p>L&#8217;IEDIB oferta totes les mat\u00e8ries possibles que poden convocar-se a la PBAU. tipus Mat\u00e8ries Comunes Llengua castellana i literatura IIAngl\u00e8s IIHist\u00f2ria d\u2019EspanyaHist\u00f2ria de la filosofiaLlengua catalana i literatura II Modalitat &#8230;<\/p>\n","protected":false},"author":1,"featured_media":0,"parent":0,"menu_order":0,"comment_status":"closed","ping_status":"closed","template":"","meta":{"jetpack_post_was_ever_published":false,"footnotes":""},"class_list":["post-216","page","type-page","status-publish","hentry"],"jetpack_sharing_enabled":true,"jetpack_shortlink":"https:\/\/wp.me\/Pa5Owj-3u","jetpack-related-posts":[{"id":200,"url":"https:\/\/iedib.net\/wordpress\/?page_id=200","url_meta":{"origin":216,"position":0},"title":"Requisits de mat\u00e8ries de segon vinculades a primer","author":"wp_admin","date":"21 maig, 2018","format":false,"excerpt":"Mat\u00e8ries de segon que requereixen haver cursat mat\u00e8ries de primer Mat\u00e8ries de segonMat\u00e8ries de primerAn\u00e0lisi musical IIAn\u00e0lisi Musical IBiologiaBiologia, Geologia i Ci\u00e8ncies AmbientalsArts esc\u00e8niques IIArts esc\u00e8niques IGeologiaBiologia, Geologia i Ci\u00e8ncies AmbientalsDibuix Art\u00edstic IIDibuix Art\u00edstic IDibuix T\u00e8cnic IIDibuix T\u00e8cnic IDibuix T\u00e8cnic Aplicat a les Arts Pl\u00e0stiques i al Disseny IIDibuix T\u00e8cnic\u2026","rel":"","context":"Entrada similar","block_context":{"text":"Entrada similar","link":""},"img":{"alt_text":"","src":"","width":0,"height":0},"classes":[]},{"id":211,"url":"https:\/\/iedib.net\/wordpress\/?page_id=211","url_meta":{"origin":216,"position":1},"title":"Mat\u00e8ries modalitat arts pl\u00e0stiques, imatge i disseny","author":"wp_admin","date":"8 juny, 2018","format":false,"excerpt":"mat\u00e8riaprimer cursComunes (totes)Educaci\u00f3 f\u00edsicaFilosofiaLlengua castellana i literatura ILlengua catalana i literatura ILlengua estrangera ITreball de recerca de batxillerat I * (nom\u00e9s per alumnes que ja l'han cursada i no l'han superada).Modalitat (3 mat\u00e8ries)Dibuix art\u00edstic I\u00a0(obligat\u00f2ria)Dues mat\u00e8ries entre:Cultura audiovisualProjectes art\u00edsticsVolumDibuix t\u00e8cnic aplicat a les arts pl\u00e0stiques i al disseny I.Optatives (elegir\u2026","rel":"","context":"Entrada similar","block_context":{"text":"Entrada similar","link":""},"img":{"alt_text":"","src":"","width":0,"height":0},"classes":[]},{"id":190,"url":"https:\/\/iedib.net\/wordpress\/?page_id=190","url_meta":{"origin":216,"position":2},"title":"Llistat de mat\u00e8ries ofertades en xarxa","author":"wp_admin","date":"15 maig, 2018","format":false,"excerpt":"MAT\u00c8RIES OFERTADES AL PROGRAMA XARXA (totes les recollides a la LOMQUE) PRIMER DE BATXILLERAT (*per ordre alfab\u00e8tic) An\u00e0lisi musical I Arts esc\u00e8niques I Biologia, geologia i ci\u00e8ncies ambientals Cor i t\u00e8cnica vocal I Cultura audiovisual Dibuix art\u00edstic I Dibuix t\u00e8cnic I Dibuix t\u00e8cnic aplicat a les arts pl\u00e0stiques i al\u2026","rel":"","context":"Entrada similar","block_context":{"text":"Entrada similar","link":""},"img":{"alt_text":"","src":"","width":0,"height":0},"classes":[]},{"id":3133,"url":"https:\/\/iedib.net\/wordpress\/?page_id=3133","url_meta":{"origin":216,"position":3},"title":"Mat\u00e8ries modalitat arts pl\u00e0stiques, imatge i disseny","author":"wp_admin","date":"17 febrer, 2022","format":false,"excerpt":"Mat\u00e8riesPrimer cursComunes (totes)Educaci\u00f3 f\u00edsicaFilosofiaLlengua castellana i literatura ILlengua catalana i literatura ILlengua estrangera ITreball de recerca de batxillerat IModalitat (elegir 3 mat\u00e8ries)Dibuix art\u00edstic I (obligat\u00f2ria)Dues mat\u00e8ries entre:Cultura audiovisualProjectes art\u00edsticsVolum Dibuix t\u00e8cnic aplicat a les arts pl\u00e0stiques i al dissenyOptatives (elegir 1 mat\u00e8ria)Hist\u00f2ria i cultura de les Illes BalearsProgramaci\u00f3 i tractament\u2026","rel":"","context":"Entrada similar","block_context":{"text":"Entrada similar","link":""},"img":{"alt_text":"","src":"","width":0,"height":0},"classes":[]},{"id":882,"url":"https:\/\/iedib.net\/wordpress\/?page_id=882","url_meta":{"origin":216,"position":4},"title":"Mat\u00e8ries ofertades a la preparaci\u00f3 de la prova lliure de batxillerat","author":"wp_admin","date":"12 febrer, 2019","format":false,"excerpt":"A l'IEDIB s'ofereixen totes les mat\u00e8ries necess\u00e0ries per obtenir el t\u00edtol de batxillerat a trav\u00e9s de la prova lliure. Per obtenir el t\u00edtol de batxillerat a trav\u00e9s d'aquesta via l'alumnat ha de superar 5 mat\u00e8ries comunes i dues d'opci\u00f3 vinculades a les diferents modalitats de batxillerat. A continuaci\u00f3 tens una\u2026","rel":"","context":"Entrada similar","block_context":{"text":"Entrada similar","link":""},"img":{"alt_text":"","src":"","width":0,"height":0},"classes":[]},{"id":207,"url":"https:\/\/iedib.net\/wordpress\/?page_id=207","url_meta":{"origin":216,"position":5},"title":"Mat\u00e8ries modalitat ci\u00e8ncies","author":"wp_admin","date":"8 juny, 2018","format":false,"excerpt":"Mat\u00e8riesPrimer cursComunes (totes)Educaci\u00f3 f\u00edsicaFilosofiaLlengua castellana i literatura ILlengua catalana i literatura ILlengua estrangera ITreball de recerca de batxillerat I * (nom\u00e9s per alumnes que ja l\u2019han cursada i no l\u2019han superada).Modalitat (3 mat\u00e8ries)Matem\u00e0tiques I (obligat\u00f2ria)Dues mat\u00e8ries entre:Dibuix t\u00e8cnic I Biologia, geologia i ci\u00e8ncies ambientalsF\u00edsica i qu\u00edmicaTecnologia i enginyeria IOptatives (elegir\u2026","rel":"","context":"Entrada similar","block_context":{"text":"Entrada similar","link":""},"img":{"alt_text":"","src":"","width":0,"height":0},"classes":[]}],"_links":{"self":[{"href":"https:\/\/iedib.net\/wordpress\/index.php?rest_route=\/wp\/v2\/pages\/216","targetHints":{"allow":["GET"]}}],"collection":[{"href":"https:\/\/iedib.net\/wordpress\/index.php?rest_route=\/wp\/v2\/pages"}],"about":[{"href":"https:\/\/iedib.net\/wordpress\/index.php?rest_route=\/wp\/v2\/types\/page"}],"author":[{"embeddable":true,"href":"https:\/\/iedib.net\/wordpress\/index.php?rest_route=\/wp\/v2\/users\/1"}],"replies":[{"embeddable":true,"href":"https:\/\/iedib.net\/wordpress\/index.php?rest_route=%2Fwp%2Fv2%2Fcomments&post=216"}],"version-history":[{"count":5,"href":"https:\/\/iedib.net\/wordpress\/index.php?rest_route=\/wp\/v2\/pages\/216\/revisions"}],"predecessor-version":[{"id":3753,"href":"https:\/\/iedib.net\/wordpress\/index.php?rest_route=\/wp\/v2\/pages\/216\/revisions\/3753"}],"wp:attachment":[{"href":"https:\/\/iedib.net\/wordpress\/index.php?rest_route=%2Fwp%2Fv2%2Fmedia&parent=216"}],"curies":[{"name":"wp","href":"https:\/\/api.w.org\/{rel}","templated":true}]}}