{"id":1778,"date":"2019-07-12T06:49:04","date_gmt":"2019-07-12T06:49:04","guid":{"rendered":"https:\/\/iedib.net\/wordpress\/?page_id=1778"},"modified":"2025-10-13T09:28:49","modified_gmt":"2025-10-13T07:28:49","slug":"calendaris-de-practiques-obligatories-per-cicles-i-moduls","status":"publish","type":"page","link":"https:\/\/iedib.net\/wordpress\/?page_id=1778","title":{"rendered":"Calendaris de pr\u00e0ctiques obligat\u00f2ries per cicles i m\u00f2duls"},"content":{"rendered":"\n<p class=\"has-text-align-justify justify-text\">Recordau que l&#8217;assist\u00e8ncia a les pr\u00e0ctiques \u00e9s obligat\u00f2ria, essent necessari assistir, com a m\u00ednim, a un 75% de les activitats formatives. L&#8217;avaluaci\u00f3 positiva de les pr\u00e0ctiques \u00e9s un requisit per poder superar el m\u00f2dul corresponent.<\/p>\n\n\n\n<p>Llista de cicles formatius i m\u00f2duls amb pr\u00e0ctiques:<\/p>\n\n\n\n<p>CFGM d\u2019atenci\u00f3 a persones en situaci\u00f3 de depend\u00e8ncia:<\/p>\n\n\n\n<ul class=\"wp-block-list\">\n<li><a href=\"https:\/\/docs.google.com\/document\/d\/1ZirHZlRgYGcKCF-O-faAqRiag4v1WiGqOUnvZ3uS92E\/edit?usp=sharing\" target=\"_blank\" rel=\"noreferrer noopener\">Suport domiciliari<\/a><\/li>\n\n\n\n<li><a href=\"https:\/\/docs.google.com\/document\/d\/1q0sxnjkTpTb6wGDmHXA7-umSfuyNJUwbIwx2XNIMXFQ\/edit?usp=sharing\" target=\"_blank\" rel=\"noreferrer noopener\">Atenci\u00f3 higi\u00e8nica<\/a><\/li>\n\n\n\n<li><a href=\"https:\/\/docs.google.com\/document\/d\/1FDKST1F0FbtjjJpzfQyCuenS7ZHRfxpWr7rSMRnJnvw\/edit?usp=sharing\" target=\"_blank\" rel=\"noreferrer noopener\">Primers auxilis<\/a><\/li>\n\n\n\n<li><a href=\"https:\/\/docs.google.com\/document\/d\/12Vm7H_B_OkfmEBjdWDvWwKHorMxownm0Fs0UI8oVktU\/edit?usp=sharing\" target=\"_blank\" rel=\"noreferrer noopener\">Suport a la comunicaci\u00f3<\/a><\/li>\n\n\n\n<li><a href=\"https:\/\/docs.google.com\/document\/d\/1X5smP9vZLWlOmZSwLSEZRifGXk8ltyKNq8iHS3YtaX0\/edit?usp=sharing\" target=\"_blank\" rel=\"noreferrer noopener\">Atenci\u00f3 sanit\u00e0ria<\/a><\/li>\n\n\n\n<li><a href=\"https:\/\/docs.google.com\/document\/d\/12ClkWUEOQBzqkq5HJVGScqYIK27PIzefFRgOtw5JSe4\/edit?usp=sharing\" target=\"_blank\" rel=\"noreferrer noopener\">Teleassist\u00e8ncia<\/a><\/li>\n<\/ul>\n\n\n\n<p>CFGM d\u2019instal\u00b7lacions el\u00e8ctriques i autom\u00e0tiques:<\/p>\n\n\n\n<ul class=\"wp-block-list\">\n<li><a href=\"https:\/\/docs.google.com\/document\/d\/16ufnX2mniklwQrajtp3kBC5D5IEhF2RZF32sWZJGFHQ\/edit?tab=t.0\" target=\"_blank\" rel=\"noreferrer noopener\">Automatismes Industrials<\/a><\/li>\n\n\n\n<li><a href=\"https:\/\/docs.google.com\/document\/d\/10_89kowbyEin6Mm-oz9cjUuBvT25mN1Kvdc0_8JyA9E\/edit?tab=t.0\" target=\"_blank\" rel=\"noreferrer noopener\">Instal\u00b7lacions El\u00e8ctriques Interiors<\/a><\/li>\n\n\n\n<li><a href=\"https:\/\/docs.google.com\/document\/d\/14LMPojOd4-PWkEn1IG44atZhjoUgkiKLuZVViru1RrM\/edit?tab=t.0\" target=\"_blank\" rel=\"noreferrer noopener\">Electr\u00f2nica<\/a><\/li>\n\n\n\n<li><a href=\"https:\/\/docs.google.com\/document\/d\/1kGb7OgMGkzlyaN44I5HluHwugSmTgyialPUNoE_NGdc\/edit?tab=t.0\" target=\"_blank\" rel=\"noreferrer noopener\">Electrot\u00e8cnia<\/a><\/li>\n\n\n\n<li><a href=\"https:\/\/docs.google.com\/document\/d\/1oWOnhyNdkRe8SrOIHkiLvOFaTm5OFVhWAPg8Ol3viYk\/edit?tab=t.0\" target=\"_blank\" rel=\"noreferrer noopener\">Infraestructures Comunes de Telecomunicaci\u00f3 en Habitatges i&nbsp;Edificis<\/a><\/li>\n\n\n\n<li><a href=\"https:\/\/docs.google.com\/document\/d\/17PzC2aQYxKWkFTU6TPcLCjnGzeC5IHwbFhqXJIHqO3w\/edit?tab=t.0\" target=\"_blank\" rel=\"noreferrer noopener\">Instal\u00b7lacions Dom\u00f2tiques<\/a><\/li>\n\n\n\n<li><a href=\"https:\/\/docs.google.com\/document\/d\/1uhkkC1qCvCbiU7Um1ViIAiR1Jue-s1AzIcfTATDWhoQ\/edit?tab=t.0\" target=\"_blank\" rel=\"noreferrer noopener\">M\u00e0quines El\u00e8ctriques&nbsp;<\/a><\/li>\n\n\n\n<li><a href=\"https:\/\/docs.google.com\/document\/d\/19vDSLSsMzuzWrwMU4bVe51wkgyqOR-S-kxIJYQU7CVM\/edit?tab=t.0\" target=\"_blank\" rel=\"noreferrer noopener\">Instal\u00b7lacions de Distribuci\u00f3<\/a><\/li>\n\n\n\n<li><a href=\"https:\/\/docs.google.com\/document\/d\/1QJSXylWcFpd7b8xq8AACmsrYMmDo8W6iHN5oXry6Sw8\/edit?tab=t.0\" target=\"_blank\" rel=\"noreferrer noopener\">Instal\u00b7lacions solar fotovoltaiques.<\/a><\/li>\n<\/ul>\n\n\n\n<p>M\u00f2duls del CFGM d\u2019emerg\u00e8ncies sanit\u00e0ries:<\/p>\n\n\n\n<ul class=\"wp-block-list\">\n<li><a rel=\"noreferrer noopener\" href=\"https:\/\/docs.google.com\/spreadsheets\/d\/1tst-arR5E_JXmZljCF0VP1aVlNHmMGRCclIvNKXY0dU\/edit?usp=sharing\" target=\"_blank\">Dotaci\u00f3 sanit\u00e0ria<\/a><\/li>\n\n\n\n<li><a rel=\"noreferrer noopener\" href=\"https:\/\/docs.google.com\/spreadsheets\/d\/1JKWBds2iVeF1w8d-0vvefXrUnousSkza09ncbdH5NtQ\/edit\" target=\"_blank\">Evacuaci\u00f3 i trasllat del pacient<\/a><\/li>\n\n\n\n<li><a rel=\"noreferrer noopener\" href=\"https:\/\/docs.google.com\/spreadsheets\/d\/1vOTOaL2pLyTo5eHcoIeTnB6HoIQ8iCNiGv9bKKRCVnM\/edit#gid=437618890\" target=\"_blank\">ASISE<\/a><\/li>\n\n\n\n<li><a rel=\"noreferrer noopener\" href=\"https:\/\/docs.google.com\/spreadsheets\/d\/1fVlzG5GbgEukiODlRF3xSmpELCp0Y-G7NLM3gBhQtqU\/edit#gid=934919396\" target=\"_blank\">ASESE<\/a><\/li>\n\n\n\n<li><a rel=\"noreferrer noopener\" href=\"https:\/\/docs.google.com\/spreadsheets\/d\/1Zv1PTguS2U-atV_PXseETtnFHw8fhbR6-xSRdKXvMuY\/edit?usp=sharing\" target=\"_blank\">Manteniment preventiu del vehicle<\/a><\/li>\n<\/ul>\n\n\n\n<p>CFGM de sistemes microinform\u00e0tics i xarxes:<\/p>\n\n\n\n<ul class=\"wp-block-list\">\n<li>Muntatge i Manteniment d&#8217;Equips&nbsp;&nbsp;(Pendent)<\/li>\n<\/ul>\n\n\n\n<p class=\"has-text-align-justify\">*Per veure els calendaris de pr\u00e0ctiques dels diferents m\u00f2duls has de clicar a sobre. Nom\u00e9s apareixen  els m\u00f2duls amb pr\u00e0ctiques. Si no surten al llistat \u00e9s que s\u00f3n m\u00f2duls sense activitats pr\u00e0ctiques presencials.<\/p>\n","protected":false},"excerpt":{"rendered":"<p>Recordau que l&#8217;assist\u00e8ncia a les pr\u00e0ctiques \u00e9s obligat\u00f2ria, essent necessari assistir, com a m\u00ednim, a un 75% de les activitats formatives. L&#8217;avaluaci\u00f3 positiva de les pr\u00e0ctiques \u00e9s un requisit per &#8230;<\/p>\n","protected":false},"author":1,"featured_media":0,"parent":0,"menu_order":0,"comment_status":"closed","ping_status":"closed","template":"","meta":{"jetpack_post_was_ever_published":false,"footnotes":""},"class_list":["post-1778","page","type-page","status-publish","hentry"],"jetpack_sharing_enabled":true,"jetpack_shortlink":"https:\/\/wp.me\/Pa5Owj-sG","jetpack-related-posts":[{"id":119,"url":"https:\/\/iedib.net\/wordpress\/?page_id=119","url_meta":{"origin":1778,"position":0},"title":"CFGM atenci\u00f3 a persones en situaci\u00f3 de depend\u00e8ncia","author":"wp_admin","date":"29 abril, 2018","format":false,"excerpt":"Fam\u00edlia professional: Serveis socioculturals i a la comunitat (SSC) T\u00edtol que s\u2019obt\u00e9: T\u00e8cnic en Atenci\u00f3 a persones en situaci\u00f3 de depend\u00e8ncia (SSC21) Funcionament dels m\u00f2duls A la cap\u00e7alera de l\u2019aula virtual trobam l\u2019apartat funcionament del m\u00f2dul on s\u2019explica com funciona cada m\u00f2dul. Tamb\u00e9, s\u2019hi troba tot el material per poder\u2026","rel":"","context":"Entrada similar","block_context":{"text":"Entrada similar","link":""},"img":{"alt_text":"","src":"https:\/\/i0.wp.com\/iedib.net\/wordpress\/wp-content\/uploads\/2022\/05\/GM-Atencio%CC%81.png?resize=350%2C200&ssl=1","width":350,"height":200,"srcset":"https:\/\/i0.wp.com\/iedib.net\/wordpress\/wp-content\/uploads\/2022\/05\/GM-Atencio%CC%81.png?resize=350%2C200&ssl=1 1x, https:\/\/i0.wp.com\/iedib.net\/wordpress\/wp-content\/uploads\/2022\/05\/GM-Atencio%CC%81.png?resize=525%2C300&ssl=1 1.5x, https:\/\/i0.wp.com\/iedib.net\/wordpress\/wp-content\/uploads\/2022\/05\/GM-Atencio%CC%81.png?resize=700%2C400&ssl=1 2x"},"classes":[]},{"id":1353,"url":"https:\/\/iedib.net\/wordpress\/?page_id=1353","url_meta":{"origin":1778,"position":1},"title":"CFGM d&#8217;emerg\u00e8ncies sanit\u00e0ries (SAN21)","author":"wp_admin","date":"13 mar\u00e7, 2019","format":false,"excerpt":"Funcionament dels m\u00f2dulsA la cap\u00e7alera de l\u2019aula virtual trobam l\u2019apartat funcionament del m\u00f2dul on s\u2019explica com funciona cada m\u00f2dul. Tamb\u00e9, s\u2019hi troba tot el material per poder seguir el curs, els recursos en format digital (no hi ha llibres de text, ja que tot est\u00e0 a l\u2019aula virtual) i les\u2026","rel":"","context":"Entrada similar","block_context":{"text":"Entrada similar","link":""},"img":{"alt_text":"","src":"https:\/\/i0.wp.com\/iedib.net\/wordpress\/wp-content\/uploads\/2022\/05\/Copia-de-GM-emerge%CC%80ncies-1.png?resize=350%2C200&ssl=1","width":350,"height":200,"srcset":"https:\/\/i0.wp.com\/iedib.net\/wordpress\/wp-content\/uploads\/2022\/05\/Copia-de-GM-emerge%CC%80ncies-1.png?resize=350%2C200&ssl=1 1x, https:\/\/i0.wp.com\/iedib.net\/wordpress\/wp-content\/uploads\/2022\/05\/Copia-de-GM-emerge%CC%80ncies-1.png?resize=525%2C300&ssl=1 1.5x, https:\/\/i0.wp.com\/iedib.net\/wordpress\/wp-content\/uploads\/2022\/05\/Copia-de-GM-emerge%CC%80ncies-1.png?resize=700%2C400&ssl=1 2x"},"classes":[]},{"id":1343,"url":"https:\/\/iedib.net\/wordpress\/?page_id=1343","url_meta":{"origin":1778,"position":2},"title":"CFGM d\u2019instal\u00b7lacions el\u00e8ctriques i autom\u00e0tiques","author":"wp_admin","date":"12 mar\u00e7, 2019","format":false,"excerpt":"Fam\u00edlia professional: Electricitat i electr\u00f2nica (ELE) \u00a0T\u00edtol que s\u2019obt\u00e9: T\u00e8cnic\u00a0 d'instal\u00b7lacions el\u00e8ctriques i autom\u00e0tiques (ELE21) A la cap\u00e7alera de l\u2019aula virtual trobam l\u2019apartat funcionament del m\u00f2dul on s\u2019explica com funciona cada m\u00f2dul. Tamb\u00e9, s\u2019hi troba tot el material per poder seguir el curs, els recursos en format digital (no hi\u2026","rel":"","context":"Entrada similar","block_context":{"text":"Entrada similar","link":""},"img":{"alt_text":"","src":"https:\/\/i0.wp.com\/iedib.net\/wordpress\/wp-content\/uploads\/2022\/05\/ELECTRICITAT.png?resize=350%2C200&ssl=1","width":350,"height":200,"srcset":"https:\/\/i0.wp.com\/iedib.net\/wordpress\/wp-content\/uploads\/2022\/05\/ELECTRICITAT.png?resize=350%2C200&ssl=1 1x, https:\/\/i0.wp.com\/iedib.net\/wordpress\/wp-content\/uploads\/2022\/05\/ELECTRICITAT.png?resize=525%2C300&ssl=1 1.5x, https:\/\/i0.wp.com\/iedib.net\/wordpress\/wp-content\/uploads\/2022\/05\/ELECTRICITAT.png?resize=700%2C400&ssl=1 2x"},"classes":[]},{"id":4464,"url":"https:\/\/iedib.net\/wordpress\/?page_id=4464","url_meta":{"origin":1778,"position":3},"title":"Implantaci\u00f3 de la nova FP","author":"wp_admin","date":"25 juny, 2024","format":false,"excerpt":"Informaci\u00f3 sobre la nova FP A partir del curs que ve s'implanta la nova FP, que donar\u00e0 lloc a l\u2019aparici\u00f3 de nous m\u00f2duls, alguns dels quals tindran una temporalitzaci\u00f3 quadrimestral. Per comprovar quins s\u00f3n quadrimestrals i quins s\u00f3n anuals has d'anar a la secci\u00f3 estudis de formaci\u00f3 professional i seleccionar\u2026","rel":"","context":"Entrada similar","block_context":{"text":"Entrada similar","link":""},"img":{"alt_text":"","src":"https:\/\/i0.wp.com\/iedib.net\/wordpress\/wp-content\/uploads\/2019\/06\/batxillerat-3.png?resize=350%2C200&ssl=1","width":350,"height":200,"srcset":"https:\/\/i0.wp.com\/iedib.net\/wordpress\/wp-content\/uploads\/2019\/06\/batxillerat-3.png?resize=350%2C200&ssl=1 1x, https:\/\/i0.wp.com\/iedib.net\/wordpress\/wp-content\/uploads\/2019\/06\/batxillerat-3.png?resize=525%2C300&ssl=1 1.5x, https:\/\/i0.wp.com\/iedib.net\/wordpress\/wp-content\/uploads\/2019\/06\/batxillerat-3.png?resize=700%2C400&ssl=1 2x, https:\/\/i0.wp.com\/iedib.net\/wordpress\/wp-content\/uploads\/2019\/06\/batxillerat-3.png?resize=1050%2C600&ssl=1 3x"},"classes":[]},{"id":1350,"url":"https:\/\/iedib.net\/wordpress\/?page_id=1350","url_meta":{"origin":1778,"position":4},"title":"CFGM sistemes microinform\u00e0tics i xarxes","author":"wp_admin","date":"13 mar\u00e7, 2019","format":false,"excerpt":"Fam\u00edlia professional: Inform\u00e0tica i comunicacions (IFC) T\u00edtol que s\u2019obt\u00e9: T\u00e8cnic en sistemes microinform\u00e0tics i xarxes (IFC21) Funcionament dels m\u00f2duls A la cap\u00e7alera de l\u2019aula virtual trobam l\u2019apartat funcionament del m\u00f2dul on s\u2019explica com funciona cada m\u00f2dul. Tamb\u00e9, s\u2019hi troba tot el material per poder seguir el curs, els recursos en\u2026","rel":"","context":"Entrada similar","block_context":{"text":"Entrada similar","link":""},"img":{"alt_text":"","src":"https:\/\/i0.wp.com\/iedib.net\/wordpress\/wp-content\/uploads\/2025\/06\/Informatica-1.png?resize=350%2C200&ssl=1","width":350,"height":200,"srcset":"https:\/\/i0.wp.com\/iedib.net\/wordpress\/wp-content\/uploads\/2025\/06\/Informatica-1.png?resize=350%2C200&ssl=1 1x, https:\/\/i0.wp.com\/iedib.net\/wordpress\/wp-content\/uploads\/2025\/06\/Informatica-1.png?resize=525%2C300&ssl=1 1.5x, https:\/\/i0.wp.com\/iedib.net\/wordpress\/wp-content\/uploads\/2025\/06\/Informatica-1.png?resize=700%2C400&ssl=1 2x"},"classes":[]},{"id":1339,"url":"https:\/\/iedib.net\/wordpress\/?page_id=1339","url_meta":{"origin":1778,"position":5},"title":"Formaci\u00f3 professional","author":"wp_admin","date":"12 mar\u00e7, 2019","format":false,"excerpt":"Estudis d'FP que s'imparteixen a l'IEDIB CFGM d'atenci\u00f3 a persones en situaci\u00f3 de depend\u00e8ncia CFGM\u00a0d\u2019instal\u00b7lacions el\u00e8ctriques i autom\u00e0tiques CFGM d'emerg\u00e8ncies sanit\u00e0ries CFGM de sistemes microinform\u00e0tics i xarxes CFGS d'administraci\u00f3 de sistemes inform\u00e0tics en xarxa CFGS Projectes d'edificacions CFGS Animacions 3D, jocs i entorns interactius CFGS d'integraci\u00f3 social Curs d'especialitzaci\u00f3 en\u2026","rel":"","context":"Entrada similar","block_context":{"text":"Entrada similar","link":""},"img":{"alt_text":"","src":"https:\/\/i0.wp.com\/iedib.net\/wordpress\/wp-content\/uploads\/2019\/06\/batxillerat-3.png?resize=350%2C200&ssl=1","width":350,"height":200,"srcset":"https:\/\/i0.wp.com\/iedib.net\/wordpress\/wp-content\/uploads\/2019\/06\/batxillerat-3.png?resize=350%2C200&ssl=1 1x, https:\/\/i0.wp.com\/iedib.net\/wordpress\/wp-content\/uploads\/2019\/06\/batxillerat-3.png?resize=525%2C300&ssl=1 1.5x, https:\/\/i0.wp.com\/iedib.net\/wordpress\/wp-content\/uploads\/2019\/06\/batxillerat-3.png?resize=700%2C400&ssl=1 2x, https:\/\/i0.wp.com\/iedib.net\/wordpress\/wp-content\/uploads\/2019\/06\/batxillerat-3.png?resize=1050%2C600&ssl=1 3x"},"classes":[]}],"_links":{"self":[{"href":"https:\/\/iedib.net\/wordpress\/index.php?rest_route=\/wp\/v2\/pages\/1778","targetHints":{"allow":["GET"]}}],"collection":[{"href":"https:\/\/iedib.net\/wordpress\/index.php?rest_route=\/wp\/v2\/pages"}],"about":[{"href":"https:\/\/iedib.net\/wordpress\/index.php?rest_route=\/wp\/v2\/types\/page"}],"author":[{"embeddable":true,"href":"https:\/\/iedib.net\/wordpress\/index.php?rest_route=\/wp\/v2\/users\/1"}],"replies":[{"embeddable":true,"href":"https:\/\/iedib.net\/wordpress\/index.php?rest_route=%2Fwp%2Fv2%2Fcomments&post=1778"}],"version-history":[{"count":23,"href":"https:\/\/iedib.net\/wordpress\/index.php?rest_route=\/wp\/v2\/pages\/1778\/revisions"}],"predecessor-version":[{"id":5510,"href":"https:\/\/iedib.net\/wordpress\/index.php?rest_route=\/wp\/v2\/pages\/1778\/revisions\/5510"}],"wp:attachment":[{"href":"https:\/\/iedib.net\/wordpress\/index.php?rest_route=%2Fwp%2Fv2%2Fmedia&parent=1778"}],"curies":[{"name":"wp","href":"https:\/\/api.w.org\/{rel}","templated":true}]}}