{"id":1458,"date":"2019-03-31T09:49:15","date_gmt":"2019-03-31T09:49:15","guid":{"rendered":"https:\/\/iedib.net\/wordpress\/?page_id=1458"},"modified":"2026-02-18T17:44:46","modified_gmt":"2026-02-18T16:44:46","slug":"requisits-acces-cicle-formatiu-grau-mitja","status":"publish","type":"page","link":"https:\/\/iedib.net\/wordpress\/?page_id=1458","title":{"rendered":"Requisits acc\u00e9s cicle formatiu grau mitj\u00e0"},"content":{"rendered":"\n<p>Per accedir als cicles formatius de grau mitj\u00e0, cal complir almenys un dels requisits seg\u00fcents:<\/p>\n\n\n\n<ol class=\"wp-block-list\">\n<li>Tenir el t\u00edtol de graduat en Educaci\u00f3 Secund\u00e0ria Obligat\u00f2ria (ESO).<\/li>\n\n\n\n<li>Disposar del t\u00edtol de T\u00e8cnic b\u00e0sic o T\u00e8cnic.<\/li>\n\n\n\n<li>Haver superat una oferta formativa de grau C vinculada al cicle formatiu al qual es vol accedir.<\/li>\n\n\n\n<li>Haver completat un curs de formaci\u00f3 espec\u00edfic preparatori per a l&#8217;acc\u00e9s a cicles de grau mitj\u00e0 en un centre autoritzat per la Direcci\u00f3 General de Planificaci\u00f3 i Gesti\u00f3 Educatives.<\/li>\n\n\n\n<li>Haver superat una prova d&#8217;acc\u00e9s a cicles formatius de grau mitj\u00e0, de grau superior o la prova d&#8217;acc\u00e9s a la universitat per a majors de 25 anys.<\/li>\n\n\n\n<li>T\u00edtol de T\u00e8cnic auxiliar (FP1).<\/li>\n\n\n\n<li>Prova d&#8217;acc\u00e9s general als ensenyaments esportius de r\u00e8gim especial de grau mitj\u00e0 o a formacions esportives de nivell.<\/li>\n\n\n\n<li>T\u00edtol de Batxiller superior, expedit segons els plans d&#8217;estudi anteriors a la LOE (Llei org\u00e0nica 2\/2006, de 3 de maig).\u202f<\/li>\n\n\n\n<li>Batxillerat unificat polivalent (BUP) o certificat d&#8217;haver superat totes les mat\u00e8ries del Batxillerat.<\/li>\n\n\n\n<li>Acreditaci\u00f3 de tenir un m\u00e0xim de dues mat\u00e8ries pendents en el conjunt dels dos primers cursos del BUP.<\/li>\n\n\n\n<li>Segon curs del primer cicle experimental de la Reforma dels ensenyaments mitjans (REM) superat.<\/li>\n\n\n\n<li>Tercer curs del pla de 1963 o segon curs de comuns experimental dels ensenyaments d&#8217;Arts aplicades i oficis art\u00edstics.\u202f<\/li>\n\n\n\n<li>Titulacions equivalents per accedir als cicles formatius de grau superior.<\/li>\n\n\n\n<li>T\u00edtol de T\u00e8cnic superior (cicles formatius de grau superior).<\/li>\n\n\n\n<li>T\u00edtol universitari oficial amb validesa a tot el territori nacional o qualsevol t\u00edtol declarat equivalent a una titulaci\u00f3 universit\u00e0ria.<\/li>\n\n\n\n<li>Estudis en sistemes educatius estrangers homologats amb el t\u00edtol de Batxiller o equivalents al primer curs complet de Batxillerat, per\u00f2 sense homologaci\u00f3 amb l\u2019ESO.<\/li>\n<\/ol>\n\n\n\n<ul class=\"wp-block-list\"><\/ul>\n\n\n\n<p><br><strong>Important:<\/strong>\u00a0per accedir mitjan\u00e7ant les opcions 3., 4. o 5., cal tenir 17 anys complerts l\u2019any de realitzaci\u00f3 de la prova o d\u2019inici de la formaci\u00f3.<br><\/p>\n\n\n\n<p>Per a m\u00e9s informaci\u00f3 consulteu la <a href=\"https:\/\/www.caib.es\/sites\/fp\/ca\/prova_portada\/?campa=yes\">p\u00e0gina web de la Direcci\u00f3 General d&#8217;FP.<\/a><\/p>\n\n\n\n<p><\/p>\n","protected":false},"excerpt":{"rendered":"<p>Per accedir als cicles formatius de grau mitj\u00e0, cal complir almenys un dels requisits seg\u00fcents: Important:\u00a0per accedir mitjan\u00e7ant les opcions 3., 4. o 5., cal tenir 17 anys complerts l\u2019any &#8230;<\/p>\n","protected":false},"author":1,"featured_media":0,"parent":0,"menu_order":0,"comment_status":"closed","ping_status":"closed","template":"","meta":{"jetpack_post_was_ever_published":false,"footnotes":""},"class_list":["post-1458","page","type-page","status-publish","hentry"],"jetpack_sharing_enabled":true,"jetpack_shortlink":"https:\/\/wp.me\/Pa5Owj-nw","jetpack-related-posts":[{"id":1463,"url":"https:\/\/iedib.net\/wordpress\/?page_id=1463","url_meta":{"origin":1458,"position":0},"title":"Requisits acc\u00e9s cicle formatiu de grau superior","author":"wp_admin","date":"31 mar\u00e7, 2019","format":false,"excerpt":"Per accedir als cicles formatius de grau superior, cal complir almenys un dels requisits seg\u00fcents: Tenir el t\u00edtol de T\u00e8cnic de grau mitj\u00e0 de formaci\u00f3 professional o el t\u00edtol de T\u00e8cnic d'arts pl\u00e0stiques i disseny. Tenir el t\u00edtol de Batxillerat. Haver superat una oferta formativa de grau C inclosa en\u2026","rel":"","context":"Entrada similar","block_context":{"text":"Entrada similar","link":""},"img":{"alt_text":"","src":"","width":0,"height":0},"classes":[]},{"id":3768,"url":"https:\/\/iedib.net\/wordpress\/?page_id=3768","url_meta":{"origin":1458,"position":1},"title":"CFGS Animacions 3D, jocs i entorns interactius","author":"wp_admin","date":"27 abril, 2023","format":false,"excerpt":"T\u00edtol que s\u2019obt\u00e9: T\u00e8cnic superior en Animacions 3D, jocs i entorns interactius (IMS31) Fam\u00edlia professional: Imatge i so Funcionament dels m\u00f2duls A la cap\u00e7alera de l\u2019aula virtual trobem l\u2019apartat funcionament del m\u00f2dul on s\u2019explica com funciona cada m\u00f2dul. Tamb\u00e9, s\u2019hi troba tot el material per poder seguir el curs, els\u2026","rel":"","context":"Entrada similar","block_context":{"text":"Entrada similar","link":""},"img":{"alt_text":"","src":"","width":0,"height":0},"classes":[]},{"id":122,"url":"https:\/\/iedib.net\/wordpress\/?page_id=122","url_meta":{"origin":1458,"position":2},"title":"Matr\u00edcula de formaci\u00f3 professional","author":"wp_admin","date":"29 abril, 2018","format":false,"excerpt":"La preinscripci\u00f3 i matr\u00edcula dels cicles d'FP es far\u00e0 tenint en compte els terminis publicats a la web de la Direcci\u00f3 General d'FP que regula tot el proc\u00e9s de la matr\u00edcula als cicles formatius d'FP a dist\u00e0ncia. A continuaci\u00f3 teniu un resum del calendari de tot el proc\u00e9s i un\u2026","rel":"","context":"Entrada similar","block_context":{"text":"Entrada similar","link":""},"img":{"alt_text":"","src":"https:\/\/i0.wp.com\/iedib.net\/wordpress\/wp-content\/uploads\/2019\/06\/batxillerat-2-1.png?resize=350%2C200&ssl=1","width":350,"height":200,"srcset":"https:\/\/i0.wp.com\/iedib.net\/wordpress\/wp-content\/uploads\/2019\/06\/batxillerat-2-1.png?resize=350%2C200&ssl=1 1x, https:\/\/i0.wp.com\/iedib.net\/wordpress\/wp-content\/uploads\/2019\/06\/batxillerat-2-1.png?resize=525%2C300&ssl=1 1.5x, https:\/\/i0.wp.com\/iedib.net\/wordpress\/wp-content\/uploads\/2019\/06\/batxillerat-2-1.png?resize=700%2C400&ssl=1 2x, https:\/\/i0.wp.com\/iedib.net\/wordpress\/wp-content\/uploads\/2019\/06\/batxillerat-2-1.png?resize=1050%2C600&ssl=1 3x"},"classes":[]},{"id":119,"url":"https:\/\/iedib.net\/wordpress\/?page_id=119","url_meta":{"origin":1458,"position":3},"title":"CFGM atenci\u00f3 a persones en situaci\u00f3 de depend\u00e8ncia","author":"wp_admin","date":"29 abril, 2018","format":false,"excerpt":"Fam\u00edlia professional: Serveis socioculturals i a la comunitat (SSC) T\u00edtol que s\u2019obt\u00e9: T\u00e8cnic en Atenci\u00f3 a persones en situaci\u00f3 de depend\u00e8ncia (SSC21) Funcionament dels m\u00f2duls A la cap\u00e7alera de l\u2019aula virtual trobam l\u2019apartat funcionament del m\u00f2dul on s\u2019explica com funciona cada m\u00f2dul. Tamb\u00e9, s\u2019hi troba tot el material per poder\u2026","rel":"","context":"Entrada similar","block_context":{"text":"Entrada similar","link":""},"img":{"alt_text":"","src":"https:\/\/i0.wp.com\/iedib.net\/wordpress\/wp-content\/uploads\/2022\/05\/GM-Atencio%CC%81.png?resize=350%2C200&ssl=1","width":350,"height":200,"srcset":"https:\/\/i0.wp.com\/iedib.net\/wordpress\/wp-content\/uploads\/2022\/05\/GM-Atencio%CC%81.png?resize=350%2C200&ssl=1 1x, https:\/\/i0.wp.com\/iedib.net\/wordpress\/wp-content\/uploads\/2022\/05\/GM-Atencio%CC%81.png?resize=525%2C300&ssl=1 1.5x, https:\/\/i0.wp.com\/iedib.net\/wordpress\/wp-content\/uploads\/2022\/05\/GM-Atencio%CC%81.png?resize=700%2C400&ssl=1 2x"},"classes":[]},{"id":1350,"url":"https:\/\/iedib.net\/wordpress\/?page_id=1350","url_meta":{"origin":1458,"position":4},"title":"CFGM sistemes microinform\u00e0tics i xarxes","author":"wp_admin","date":"13 mar\u00e7, 2019","format":false,"excerpt":"Fam\u00edlia professional: Inform\u00e0tica i comunicacions (IFC) T\u00edtol que s\u2019obt\u00e9: T\u00e8cnic en sistemes microinform\u00e0tics i xarxes (IFC21) Funcionament dels m\u00f2duls A la cap\u00e7alera de l\u2019aula virtual trobam l\u2019apartat funcionament del m\u00f2dul on s\u2019explica com funciona cada m\u00f2dul. Tamb\u00e9, s\u2019hi troba tot el material per poder seguir el curs, els recursos en\u2026","rel":"","context":"Entrada similar","block_context":{"text":"Entrada similar","link":""},"img":{"alt_text":"","src":"https:\/\/i0.wp.com\/iedib.net\/wordpress\/wp-content\/uploads\/2025\/06\/Informatica-1.png?resize=350%2C200&ssl=1","width":350,"height":200,"srcset":"https:\/\/i0.wp.com\/iedib.net\/wordpress\/wp-content\/uploads\/2025\/06\/Informatica-1.png?resize=350%2C200&ssl=1 1x, https:\/\/i0.wp.com\/iedib.net\/wordpress\/wp-content\/uploads\/2025\/06\/Informatica-1.png?resize=525%2C300&ssl=1 1.5x, https:\/\/i0.wp.com\/iedib.net\/wordpress\/wp-content\/uploads\/2025\/06\/Informatica-1.png?resize=700%2C400&ssl=1 2x"},"classes":[]},{"id":1339,"url":"https:\/\/iedib.net\/wordpress\/?page_id=1339","url_meta":{"origin":1458,"position":5},"title":"Formaci\u00f3 professional","author":"wp_admin","date":"12 mar\u00e7, 2019","format":false,"excerpt":"Estudis d'FP que s'imparteixen a l'IEDIB CFGM d'atenci\u00f3 a persones en situaci\u00f3 de depend\u00e8ncia CFGM\u00a0d\u2019instal\u00b7lacions el\u00e8ctriques i autom\u00e0tiques CFGM d'emerg\u00e8ncies sanit\u00e0ries CFGM de sistemes microinform\u00e0tics i xarxes CFGS d'administraci\u00f3 de sistemes inform\u00e0tics en xarxa CFGS Projectes d'edificacions CFGS Animacions 3D, jocs i entorns interactius CFGS d'integraci\u00f3 social Curs d'especialitzaci\u00f3 en\u2026","rel":"","context":"Entrada similar","block_context":{"text":"Entrada similar","link":""},"img":{"alt_text":"","src":"https:\/\/i0.wp.com\/iedib.net\/wordpress\/wp-content\/uploads\/2019\/06\/batxillerat-3.png?resize=350%2C200&ssl=1","width":350,"height":200,"srcset":"https:\/\/i0.wp.com\/iedib.net\/wordpress\/wp-content\/uploads\/2019\/06\/batxillerat-3.png?resize=350%2C200&ssl=1 1x, https:\/\/i0.wp.com\/iedib.net\/wordpress\/wp-content\/uploads\/2019\/06\/batxillerat-3.png?resize=525%2C300&ssl=1 1.5x, https:\/\/i0.wp.com\/iedib.net\/wordpress\/wp-content\/uploads\/2019\/06\/batxillerat-3.png?resize=700%2C400&ssl=1 2x, https:\/\/i0.wp.com\/iedib.net\/wordpress\/wp-content\/uploads\/2019\/06\/batxillerat-3.png?resize=1050%2C600&ssl=1 3x"},"classes":[]}],"_links":{"self":[{"href":"https:\/\/iedib.net\/wordpress\/index.php?rest_route=\/wp\/v2\/pages\/1458","targetHints":{"allow":["GET"]}}],"collection":[{"href":"https:\/\/iedib.net\/wordpress\/index.php?rest_route=\/wp\/v2\/pages"}],"about":[{"href":"https:\/\/iedib.net\/wordpress\/index.php?rest_route=\/wp\/v2\/types\/page"}],"author":[{"embeddable":true,"href":"https:\/\/iedib.net\/wordpress\/index.php?rest_route=\/wp\/v2\/users\/1"}],"replies":[{"embeddable":true,"href":"https:\/\/iedib.net\/wordpress\/index.php?rest_route=%2Fwp%2Fv2%2Fcomments&post=1458"}],"version-history":[{"count":17,"href":"https:\/\/iedib.net\/wordpress\/index.php?rest_route=\/wp\/v2\/pages\/1458\/revisions"}],"predecessor-version":[{"id":5829,"href":"https:\/\/iedib.net\/wordpress\/index.php?rest_route=\/wp\/v2\/pages\/1458\/revisions\/5829"}],"wp:attachment":[{"href":"https:\/\/iedib.net\/wordpress\/index.php?rest_route=%2Fwp%2Fv2%2Fmedia&parent=1458"}],"curies":[{"name":"wp","href":"https:\/\/api.w.org\/{rel}","templated":true}]}}