{"id":1440,"date":"2019-03-28T13:18:03","date_gmt":"2019-03-28T13:18:03","guid":{"rendered":"https:\/\/iedib.net\/wordpress\/?page_id=1440"},"modified":"2026-02-19T11:18:49","modified_gmt":"2026-02-19T10:18:49","slug":"matricula-eoi-a-distancia-idiomes","status":"publish","type":"page","link":"https:\/\/iedib.net\/wordpress\/?page_id=1440","title":{"rendered":"Matr\u00edcula EOI-IEDIB  (idiomes a dist\u00e0ncia)"},"content":{"rendered":"<div class=\"wp-block-image\">\n<figure class=\"aligncenter\"><a href=\"https:\/\/iedib.net\/wordpress\/?attachment_id=1702\" rel=\"attachment wp-att-1702\"><img data-recalc-dims=\"1\" loading=\"lazy\" decoding=\"async\" width=\"800\" height=\"200\" data-attachment-id=\"1702\" data-permalink=\"https:\/\/iedib.net\/wordpress\/?attachment_id=1702\" data-orig-file=\"https:\/\/i0.wp.com\/iedib.net\/wordpress\/wp-content\/uploads\/2019\/06\/batxillerat-4-1.png?fit=1200%2C300&amp;ssl=1\" data-orig-size=\"1200,300\" data-comments-opened=\"0\" data-image-meta=\"{&quot;aperture&quot;:&quot;0&quot;,&quot;credit&quot;:&quot;&quot;,&quot;camera&quot;:&quot;&quot;,&quot;caption&quot;:&quot;&quot;,&quot;created_timestamp&quot;:&quot;0&quot;,&quot;copyright&quot;:&quot;&quot;,&quot;focal_length&quot;:&quot;0&quot;,&quot;iso&quot;:&quot;0&quot;,&quot;shutter_speed&quot;:&quot;0&quot;,&quot;title&quot;:&quot;&quot;,&quot;orientation&quot;:&quot;0&quot;}\" data-image-title=\"batxillerat (4)\" data-image-description=\"\" data-image-caption=\"\" data-large-file=\"https:\/\/i0.wp.com\/iedib.net\/wordpress\/wp-content\/uploads\/2019\/06\/batxillerat-4-1.png?fit=800%2C200&amp;ssl=1\" src=\"https:\/\/i0.wp.com\/iedib.net\/wordpress\/wp-content\/uploads\/2019\/06\/batxillerat-4-1.png?resize=800%2C200&#038;ssl=1\" alt=\"\" class=\"wp-image-1702\" srcset=\"https:\/\/i0.wp.com\/iedib.net\/wordpress\/wp-content\/uploads\/2019\/06\/batxillerat-4-1.png?w=1200&amp;ssl=1 1200w, https:\/\/i0.wp.com\/iedib.net\/wordpress\/wp-content\/uploads\/2019\/06\/batxillerat-4-1.png?resize=300%2C75&amp;ssl=1 300w, https:\/\/i0.wp.com\/iedib.net\/wordpress\/wp-content\/uploads\/2019\/06\/batxillerat-4-1.png?resize=768%2C192&amp;ssl=1 768w, https:\/\/i0.wp.com\/iedib.net\/wordpress\/wp-content\/uploads\/2019\/06\/batxillerat-4-1.png?resize=1024%2C256&amp;ssl=1 1024w\" sizes=\"auto, (max-width: 800px) 100vw, 800px\" \/><\/a><\/figure>\n<\/div>\n\n\n<p><\/p>\n\n\n\n<p class=\"has-text-align-center has-medium-font-size\"><strong>Calendari de matr\u00edcula curs 2025-2026<\/strong><\/p>\n\n\n\n<p class=\"has-text-align-center\"><\/p>\n\n\n\n<p><\/p>\n\n\n\n<h5 class=\"wp-block-heading has-text-align-center\">MATR\u00cdCULA CURS 25-26<\/h5>\n\n\n\n<h5 class=\"wp-block-heading has-text-align-center\">de l&#8217;1-31 de juliol i de l&#8217;1-19 de setembre<\/h5>\n\n\n\n<p class=\"has-text-align-center\"><mark style=\"background-color:#fcb900\" class=\"has-inline-color\">\u26a0\ufe0f <strong>AV\u00cdS: El proc\u00e9s de matr\u00edcula pels curs 2025-2026 ha finalitzat i est\u00e0 tancat.<\/strong><\/mark><\/p>\n\n\n\n<div class=\"wp-block-columns is-layout-flex wp-container-core-columns-is-layout-9d6595d7 wp-block-columns-is-layout-flex\">\n<div class=\"wp-block-column is-layout-flow wp-block-column-is-layout-flow\" style=\"flex-basis:100%\">\n<div class=\"wp-block-group\"><div class=\"wp-block-group__inner-container is-layout-constrained wp-block-group-is-layout-constrained\">\n<div class=\"wp-block-group\"><div class=\"wp-block-group__inner-container is-layout-constrained wp-block-group-is-layout-constrained\">\n<div class=\"wp-block-columns is-layout-flex wp-container-core-columns-is-layout-9d6595d7 wp-block-columns-is-layout-flex\">\n<div class=\"wp-block-column is-layout-flow wp-block-column-is-layout-flow\" style=\"flex-basis:100%\">\n<figure class=\"wp-block-table is-style-stripes\"><table><tbody><tr><td class=\"has-text-align-left\" data-align=\"left\"><mark style=\"background-color:rgba(0, 0, 0, 0)\" class=\"has-inline-color has-black-color\"><strong>REQUISITS D&#8217;ACC\u00c9S<\/strong><\/mark><br>   DNI o NIE en  vigor.     <br>   Cal tenir 16 anys l&#8217;any de la matr\u00edcula.<\/td><td class=\"has-text-align-center\" data-align=\"center\"><\/td><\/tr><tr><td class=\"has-text-align-left\" data-align=\"left\"><br><strong style=\"font-size: inherit; font-family: inherit;\"><mark style=\"background-color:rgba(0, 0, 0, 0)\" class=\"has-inline-color has-black-color\">PAS 1 &#8211;<\/mark><\/strong><strong><mark style=\"background-color:rgba(0, 0, 0, 0)\" class=\"has-inline-color has-black-color\"> NIVELL<\/mark><\/strong><br><br>El <strong>nivell A1<\/strong> va dirigit a alumnat sense coneixement de l\u2019idioma o sense les nocions b\u00e0siques.&nbsp; No cal fer la prova de nivell.<br><p><br>Per a nivells <strong>superiors a b\u00e0sic A1<\/strong> cal que acrediteu el nivell anterior al que es cursar\u00e0, a trav\u00e9s de:<br>     &#8211;&nbsp;Alguna de les<em> titulacions o certificats recollits a la normativa<\/em>.<br>           <a href=\"https:\/\/drive.google.com\/file\/d\/1D8quxoI7U6y1xf66KVPgAXyuOkf2hH_n\/view?usp=sharing\">Equival\u00e8ncies de t\u00edtols, diplomes d\u2019ANGL\u00c8S i ALEMANY.<\/a><br>           <a href=\"https:\/\/drive.google.com\/file\/d\/1NrnmHlrWwEJY0_EcSZ4GiY-2KwBgl4w1\/view?usp=sharing\">Equival\u00e8ncies de t\u00edtols, diplomes i certificats de CATAL\u00c0.<\/a><\/p>     &#8211; o superar una <em style=\"font-size: revert; font-family: inherit; font-weight: inherit;\">prova de nivell<\/em>.<br><br>Per accedir a la prova clicau sobre la prova corresponent i introdu\u00efu un correu electr\u00f2nic en el qual rebreu un enlla\u00e7  per accedir-hi. (Aquest enlla\u00e7 pot tardar a arribar. Revisau el vostre correu brossa). Pensau que<strong> nom\u00e9s hi ha un sol intent<\/strong> per a la realitzaci\u00f3 de la prova.<br> <br><p><a href=\"https:\/\/docs.google.com\/forms\/d\/1V6BUd1g5MUlg2R7QIVsW_f9UFqa-FEV_8MBpk173Rxc\/edit\" target=\"_blank\" rel=\"noreferrer noopener\">PROVA D\u2019ANIVELLACI\u00d3 D\u2019ANGL\u00c8S<\/a> <em>(Tancat)<\/em><span style=\"font-size: revert; font-family: inherit; font-weight: inherit; background-color: transparent;\"> <\/span><\/p><br><p><a href=\"https:\/\/docs.google.com\/forms\/d\/1phtHIKMzxnkBsHKkmFygBljnk_ve7u731H9LAFEs_Xw\/edit\" target=\"_blank\" rel=\"noreferrer noopener\">PROVA D\u2019ANIVELLACI\u00d3 D\u2019ALEMANY<\/a> <em style=\"font-size: revert; font-family: inherit; font-weight: inherit;\">(Tancat)<\/em><span style=\"font-size: revert; font-family: inherit; font-weight: inherit; background-color: transparent;\"> <\/span><\/p><br><p><span style=\"font-family: inherit; font-size: inherit; font-weight: inherit;\"><a style=\"background-color: transparent;\" href=\"https:\/\/docs.google.com\/forms\/d\/1hwDkrrxgFa3mKs1mKeJDMckGkBIVM-rvNk9LPcf2VOg\/edit\" target=\"_blank\" rel=\"noreferrer noopener\">PROVA D&#8217;ANIVELLACI\u00d3 DE CATAL\u00c0<\/a><\/span><em style=\"font-size: revert; font-family: inherit; font-weight: inherit;\"> (Tancat)<\/em><span style=\"font-size: revert; background-color: transparent; font-family: inherit; font-weight: inherit;\"> <\/span><\/p><br>Les places s\u00f3n limitades a 60 alumnes per curs. <br>En cas d&#8217;arribar a aquest l\u00edmit, el sistema no us permetr\u00e0 matricular-vos.<br><br><br><\/td><td class=\"has-text-align-center\" data-align=\"center\"><\/td><\/tr><tr><td class=\"has-text-align-left\" data-align=\"left\"> <p><strong><mark style=\"background-color:rgba(0, 0, 0, 0)\" class=\"has-inline-color has-black-color\">PAS 2 <\/mark><\/strong><b><mark style=\"background-color:rgba(0, 0, 0, 0)\" class=\"has-inline-color has-black-color\">&#8211; PAGAMENT<\/mark><\/b><\/p><br>Ingressau 20\u20ac d&#8217;aportaci\u00f3 volunt\u00e0ria\/per curs  <a href=\"https:\/\/docs.google.com\/document\/d\/1sg-bARqysrlLjpMPCx7IGk82lUUVHNpIRFnVZ8ubmJE\/edit?usp=sharing\">(vegeu les bonificacions i exempcions)<\/a><br><br>N\u00famero de compte (IBAN): <strong>ES03 2100 0472 0102 0043 2806<\/strong><br><br>Dades que han d\u2019apar\u00e8ixer al justificant del pagament:<br>   1. Nom i llinatges de l\u2019alumne<br>   2. L\u2019idioma&nbsp;i nivell al qual es matricula.<em> (Exemple: Marina Bellver &#8211; Angl\u00e8s A2)<\/em><br><br><br><br><br><\/td><td class=\"has-text-align-center\" data-align=\"center\"><\/td><\/tr><tr><td class=\"has-text-align-left\" data-align=\"left\"><p><b><mark style=\"background-color:rgba(0, 0, 0, 0)\" class=\"has-inline-color has-black-color\">PAS 3\u00a0&#8211; <\/mark><\/b><strong style=\"font-family: inherit; font-size: inherit;\"><mark style=\"background-color:rgba(0, 0, 0, 0)\" class=\"has-inline-color has-black-color\">SOL\u00b7LICITUD TELEM\u00c0TICA <\/mark><\/strong><\/p><strong><mark style=\"background-color:rgba(0, 0, 0, 0)\" class=\"has-inline-color has-black-color\">ACC\u00c9S A LA SOL\u00b7LICITUD AMB AUTENTICACI\u00d3<\/mark><\/strong><em><mark style=\"background-color:rgba(0, 0, 0, 0)\" class=\"has-inline-color has-black-color\">(tancat) (<a href=\"https:\/\/clave.gob.es\/clave\" target=\"_blank\" rel=\"noreferrer noopener\">Cl@ve<\/a> o claus Gestib)<\/mark><\/em><br><br>Cal que adjunteu la seg\u00fcent documentaci\u00f3, preferiblement en format PDF: <br> &#8211; C\u00f2pia del DNI o NIE.<br><br> &#8211; Justificant que acrediti el nivell anterior al qual us matriculau<em>(titulaci\u00f3 o certificat) <\/em><br> <em>Si s\u2019ha fet la prova de nivell d\u2019EOI-IEDIB no cal presentar-la.<\/em><br><br> &#8211; Justificant del pagament de les aportacions en la matr\u00edcula i\/o documentaci\u00f3 acreditativa de bonificaci\u00f3 o exempci\u00f3.<br><br><br><a href=\"https:\/\/www.caib.es\/sistrafront\/sistrafront\/protected\/init.do?language=ca&amp;modelo=EC0024SOAMA&amp;version=1&amp;codiProces=55&amp;cursAcademic=2025\" target=\"_blank\" rel=\"noreferrer noopener\"><\/a><br><strong><mark style=\"background-color:rgba(0, 0, 0, 0)\" class=\"has-inline-color has-black-color\">ACC\u00c9S A LA SOL\u00b7LICITUD SENSE AUTENTICACI\u00d3<\/mark><\/strong> (tancat)<br><br><strong>1. Emplenau la sol\u00b7licitud<\/strong>,<strong>signau-la i entregau-la presencialment a l&#8217;IEDIB.<\/strong><br>Cal que adjunteu la seg\u00fcent documentaci\u00f3, preferiblement en format PDF:<br> &#8211; C\u00f2pia del DNI o NIE.<br><br> &#8211; Justificant que acrediti el nivell anterior (titulaci\u00f3 o certificat) <br> Si s\u2019ha fet la prova de nivell de l\u2019IEOI-IEDIB no cal que la presenteu.<br><br> &#8211; Justificant del pagament de les aportacions en la matr\u00edcula i\/o documentaci\u00f3 acreditativa de bonificaci\u00f3 o exempci\u00f3.<br><br><strong>2. Entregau la sol\u00b7licitud firmada<\/strong> a la seu de l&#8217;IEDIB (C\/ Salv\u00e0, 14, Palma) o a la delegaci\u00f3 territorial de Menorca o Eivissa).<br><br><\/td><td class=\"has-text-align-center\" data-align=\"center\"><\/td><\/tr><tr><td class=\"has-text-align-left\" data-align=\"left\">Data de la <strong>PRESENTACI\u00d3 DEL CURS<\/strong> per <strong>videoconfer\u00e8ncia<\/strong>: <strong>dimecres, 24 de setembre, a les 18:30 h<\/strong>.<br><br><a href=\"https:\/\/meet.google.com\/ktj-hrkg-jiw\" data-type=\"link\" data-id=\"https:\/\/meet.google.com\/pgv-ujcx-dym\" target=\"_blank\" rel=\"noreferrer noopener\"> <em>(Enlla\u00e7 a la videoconfer\u00e8ncia)<\/em><\/a><br><br>Data de l&#8217;<strong>INICI DEL CURS<\/strong>: dilluns, <strong>29 de setembre.<\/strong><br><br>A cada idioma, es realitzar\u00e0 una videoclasse setmanalment. Quan s&#8217;inici\u00ef el curs, s&#8217;oferir\u00e0 una enquesta per a triar el dia i hora d&#8217;entre unes quantes opcions.<br><br><\/td><td class=\"has-text-align-center\" data-align=\"center\"><\/td><\/tr><tr><td class=\"has-text-align-left\" data-align=\"left\">Per a qualsevol consulta podeu contactar amb nosaltres a trav\u00e9s de: <a href=\"mailto:eoi@iedib.net\">eoi@iedib.net<\/a>&nbsp;<\/td><td class=\"has-text-align-center\" data-align=\"center\"><\/td><\/tr><tr><td class=\"has-text-align-left\" data-align=\"left\"><\/td><td class=\"has-text-align-center\" data-align=\"center\"><\/td><\/tr><\/tbody><\/table><\/figure>\n<\/div>\n<\/div>\n<\/div><\/div>\n<\/div><\/div>\n<\/div>\n<\/div>\n\n\n\n<p><\/p>\n\n\n\n<p><\/p>\n\n\n\n<p><\/p>\n\n\n\n<p><\/p>\n\n\n\n<p><\/p>\n\n\n\n<p><\/p>\n","protected":false},"excerpt":{"rendered":"<p>Calendari de matr\u00edcula curs 2025-2026 MATR\u00cdCULA CURS 25-26 de l&#8217;1-31 de juliol i de l&#8217;1-19 de setembre \u26a0\ufe0f AV\u00cdS: El proc\u00e9s de matr\u00edcula pels curs 2025-2026 ha finalitzat i est\u00e0 &#8230;<\/p>\n","protected":false},"author":1,"featured_media":0,"parent":0,"menu_order":0,"comment_status":"closed","ping_status":"closed","template":"","meta":{"jetpack_post_was_ever_published":false,"footnotes":""},"class_list":["post-1440","page","type-page","status-publish","hentry"],"jetpack_sharing_enabled":true,"jetpack_shortlink":"https:\/\/wp.me\/Pa5Owj-ne","jetpack-related-posts":[{"id":45,"url":"https:\/\/iedib.net\/wordpress\/?page_id=45","url_meta":{"origin":1440,"position":0},"title":"Matr\u00edcula programa xarxa","author":"wp_admin","date":"5 abril, 2018","format":false,"excerpt":"MATR\u00cdCULA D\u2019UNA MAT\u00c8RIA O M\u00c9S DE BATXILLERAT A DIST\u00c0NCIA PER ALUMNES D\u2019ALTRES CENTRES (PROGRAMA XARXA)El calendari del curs 2025-2026 \u00e9s el seg\u00fcent: L\u2019alumnat que vulgui cursar una mat\u00e8ria o m\u00e9s a dist\u00e0ncia, haur\u00e0 de formalitzar la matr\u00edcula presentant una sol\u00b7licitud al seu centre d\u2019origen\u00a0(en el qual est\u00e0 matriculat per a\u2026","rel":"","context":"Entrada similar","block_context":{"text":"Entrada similar","link":""},"img":{"alt_text":"","src":"https:\/\/i0.wp.com\/iedib.net\/wordpress\/wp-content\/uploads\/2019\/06\/batxillerat-1-1.png?resize=350%2C200&ssl=1","width":350,"height":200,"srcset":"https:\/\/i0.wp.com\/iedib.net\/wordpress\/wp-content\/uploads\/2019\/06\/batxillerat-1-1.png?resize=350%2C200&ssl=1 1x, https:\/\/i0.wp.com\/iedib.net\/wordpress\/wp-content\/uploads\/2019\/06\/batxillerat-1-1.png?resize=525%2C300&ssl=1 1.5x, https:\/\/i0.wp.com\/iedib.net\/wordpress\/wp-content\/uploads\/2019\/06\/batxillerat-1-1.png?resize=700%2C400&ssl=1 2x, https:\/\/i0.wp.com\/iedib.net\/wordpress\/wp-content\/uploads\/2019\/06\/batxillerat-1-1.png?resize=1050%2C600&ssl=1 3x"},"classes":[]},{"id":47,"url":"https:\/\/iedib.net\/wordpress\/?page_id=47","url_meta":{"origin":1440,"position":1},"title":"Matr\u00edcula preparaci\u00f3 per a l&#8217;acc\u00e9s a la Universitat per a majors de 25 anys","author":"wp_admin","date":"5 abril, 2018","format":false,"excerpt":"Proc\u00e9s d'admissi\u00f3 i matr\u00edcula pel curs 2025-2026 de l\u20191 al 31 de juliol i de l\u20191 al 19 de setembre. Us aconsellam mirar la seg\u00fcent\u00a0guia de matr\u00edcula\u00a0o el\u00a0seg\u00fcent videotutorial\u00a0per saber com funciona el proc\u00e9s de matr\u00edcula en tres passes. Hi ha dos processos possibles: PROC\u00c9S D'AUTENTICACI\u00d3 AMB CLAU GESTIB O\u2026","rel":"","context":"Entrada similar","block_context":{"text":"Entrada similar","link":""},"img":{"alt_text":"","src":"https:\/\/i0.wp.com\/iedib.net\/wordpress\/wp-content\/uploads\/2019\/06\/batxillerat-3-1.png?resize=350%2C200&ssl=1","width":350,"height":200,"srcset":"https:\/\/i0.wp.com\/iedib.net\/wordpress\/wp-content\/uploads\/2019\/06\/batxillerat-3-1.png?resize=350%2C200&ssl=1 1x, https:\/\/i0.wp.com\/iedib.net\/wordpress\/wp-content\/uploads\/2019\/06\/batxillerat-3-1.png?resize=525%2C300&ssl=1 1.5x, https:\/\/i0.wp.com\/iedib.net\/wordpress\/wp-content\/uploads\/2019\/06\/batxillerat-3-1.png?resize=700%2C400&ssl=1 2x, https:\/\/i0.wp.com\/iedib.net\/wordpress\/wp-content\/uploads\/2019\/06\/batxillerat-3-1.png?resize=1050%2C600&ssl=1 3x"},"classes":[]},{"id":36,"url":"https:\/\/iedib.net\/wordpress\/?page_id=36","url_meta":{"origin":1440,"position":2},"title":"Matr\u00edcula batxillerat","author":"wp_admin","date":"5 abril, 2018","format":false,"excerpt":"Proc\u00e9s d'admissi\u00f3 i matr\u00edcula pel curs 2025-2026 de l'1 al 31 de juliol i de l'1 al 19 de setembre. Us aconsellam mirar la seg\u00fcent guia de matr\u00edcula o el seg\u00fcent videotutorial per saber com funciona el proc\u00e9s de matr\u00edcula en tres passes. Hi ha dos processos possibles: PROC\u00c9S D'AUTENTICACI\u00d3\u2026","rel":"","context":"Entrada similar","block_context":{"text":"Entrada similar","link":""},"img":{"alt_text":"","src":"https:\/\/i0.wp.com\/iedib.net\/wordpress\/wp-content\/uploads\/2019\/06\/batxillerat-7.png?resize=350%2C200&ssl=1","width":350,"height":200,"srcset":"https:\/\/i0.wp.com\/iedib.net\/wordpress\/wp-content\/uploads\/2019\/06\/batxillerat-7.png?resize=350%2C200&ssl=1 1x, https:\/\/i0.wp.com\/iedib.net\/wordpress\/wp-content\/uploads\/2019\/06\/batxillerat-7.png?resize=525%2C300&ssl=1 1.5x, https:\/\/i0.wp.com\/iedib.net\/wordpress\/wp-content\/uploads\/2019\/06\/batxillerat-7.png?resize=700%2C400&ssl=1 2x, https:\/\/i0.wp.com\/iedib.net\/wordpress\/wp-content\/uploads\/2019\/06\/batxillerat-7.png?resize=1050%2C600&ssl=1 3x"},"classes":[]},{"id":5015,"url":"https:\/\/iedib.net\/wordpress\/?page_id=5015","url_meta":{"origin":1440,"position":3},"title":"Matr\u00edcula FCT (pr\u00e0ctiques finals)","author":"wp_admin","date":"28 abril, 2025","format":false,"excerpt":"El m\u00f2dul de formaci\u00f3 en centres de treball (FCT), \u00e9s un m\u00f2dul presencial on l'alumnat ha de fer 400 hores de pr\u00e0ctiques presencials. Es realitza a centres de treball situats a l'entorn del seu domicili, mitjan\u00e7ant un acord formatiu de col\u00b7laboraci\u00f3 que subscriuen l'institut i l'empresa. Aquestes pr\u00e0ctiques formen part\u2026","rel":"","context":"Entrada similar","block_context":{"text":"Entrada similar","link":""},"img":{"alt_text":"","src":"https:\/\/i0.wp.com\/iedib.net\/wordpress\/wp-content\/uploads\/2020\/07\/Copia-de-batxillerat-3.png?resize=350%2C200&ssl=1","width":350,"height":200,"srcset":"https:\/\/i0.wp.com\/iedib.net\/wordpress\/wp-content\/uploads\/2020\/07\/Copia-de-batxillerat-3.png?resize=350%2C200&ssl=1 1x, https:\/\/i0.wp.com\/iedib.net\/wordpress\/wp-content\/uploads\/2020\/07\/Copia-de-batxillerat-3.png?resize=525%2C300&ssl=1 1.5x, https:\/\/i0.wp.com\/iedib.net\/wordpress\/wp-content\/uploads\/2020\/07\/Copia-de-batxillerat-3.png?resize=700%2C400&ssl=1 2x"},"classes":[]},{"id":122,"url":"https:\/\/iedib.net\/wordpress\/?page_id=122","url_meta":{"origin":1440,"position":4},"title":"Matr\u00edcula de formaci\u00f3 professional","author":"wp_admin","date":"29 abril, 2018","format":false,"excerpt":"La preinscripci\u00f3 i matr\u00edcula dels cicles d'FP es far\u00e0 tenint en compte els terminis publicats a la web de la Direcci\u00f3 General d'FP que regula tot el proc\u00e9s de la matr\u00edcula als cicles formatius d'FP a dist\u00e0ncia. A continuaci\u00f3 teniu un resum del calendari de tot el proc\u00e9s i un\u2026","rel":"","context":"Entrada similar","block_context":{"text":"Entrada similar","link":""},"img":{"alt_text":"","src":"https:\/\/i0.wp.com\/iedib.net\/wordpress\/wp-content\/uploads\/2019\/06\/batxillerat-2-1.png?resize=350%2C200&ssl=1","width":350,"height":200,"srcset":"https:\/\/i0.wp.com\/iedib.net\/wordpress\/wp-content\/uploads\/2019\/06\/batxillerat-2-1.png?resize=350%2C200&ssl=1 1x, https:\/\/i0.wp.com\/iedib.net\/wordpress\/wp-content\/uploads\/2019\/06\/batxillerat-2-1.png?resize=525%2C300&ssl=1 1.5x, https:\/\/i0.wp.com\/iedib.net\/wordpress\/wp-content\/uploads\/2019\/06\/batxillerat-2-1.png?resize=700%2C400&ssl=1 2x, https:\/\/i0.wp.com\/iedib.net\/wordpress\/wp-content\/uploads\/2019\/06\/batxillerat-2-1.png?resize=1050%2C600&ssl=1 3x"},"classes":[]},{"id":3234,"url":"https:\/\/iedib.net\/wordpress\/?page_id=3234","url_meta":{"origin":1440,"position":5},"title":"Matr\u00edcula curs d&#8217;especialitzaci\u00f3 en intel\u00b7lig\u00e8ncia artificial i dades massives","author":"wp_admin","date":"13 maig, 2022","format":false,"excerpt":"La preinscripci\u00f3 i matr\u00edcula del curs d'especialitzaci\u00f3 es far\u00e0 tenint en compte els terminis publicats a la\u00a0web\u00a0de la direcci\u00f3 general d\u2019FP que regula tot el proc\u00e9s de la matr\u00edcula. A continuaci\u00f3 teniu un resum del calendari de tot el proc\u00e9s. Calendari curs 25-26 Proc\u00e9sTerminiPas 1 (Presentaci\u00f3 de sol\u00b7licituds):\u00a0hi ha dos\u2026","rel":"","context":"Entrada similar","block_context":{"text":"Entrada similar","link":""},"img":{"alt_text":"","src":"https:\/\/i0.wp.com\/iedib.net\/wordpress\/wp-content\/uploads\/2022\/06\/Informatica-1-1.png?resize=350%2C200&ssl=1","width":350,"height":200,"srcset":"https:\/\/i0.wp.com\/iedib.net\/wordpress\/wp-content\/uploads\/2022\/06\/Informatica-1-1.png?resize=350%2C200&ssl=1 1x, https:\/\/i0.wp.com\/iedib.net\/wordpress\/wp-content\/uploads\/2022\/06\/Informatica-1-1.png?resize=525%2C300&ssl=1 1.5x, https:\/\/i0.wp.com\/iedib.net\/wordpress\/wp-content\/uploads\/2022\/06\/Informatica-1-1.png?resize=700%2C400&ssl=1 2x"},"classes":[]}],"_links":{"self":[{"href":"https:\/\/iedib.net\/wordpress\/index.php?rest_route=\/wp\/v2\/pages\/1440","targetHints":{"allow":["GET"]}}],"collection":[{"href":"https:\/\/iedib.net\/wordpress\/index.php?rest_route=\/wp\/v2\/pages"}],"about":[{"href":"https:\/\/iedib.net\/wordpress\/index.php?rest_route=\/wp\/v2\/types\/page"}],"author":[{"embeddable":true,"href":"https:\/\/iedib.net\/wordpress\/index.php?rest_route=\/wp\/v2\/users\/1"}],"replies":[{"embeddable":true,"href":"https:\/\/iedib.net\/wordpress\/index.php?rest_route=%2Fwp%2Fv2%2Fcomments&post=1440"}],"version-history":[{"count":179,"href":"https:\/\/iedib.net\/wordpress\/index.php?rest_route=\/wp\/v2\/pages\/1440\/revisions"}],"predecessor-version":[{"id":5854,"href":"https:\/\/iedib.net\/wordpress\/index.php?rest_route=\/wp\/v2\/pages\/1440\/revisions\/5854"}],"wp:attachment":[{"href":"https:\/\/iedib.net\/wordpress\/index.php?rest_route=%2Fwp%2Fv2%2Fmedia&parent=1440"}],"curies":[{"name":"wp","href":"https:\/\/api.w.org\/{rel}","templated":true}]}}