{"id":1353,"date":"2019-03-13T06:19:03","date_gmt":"2019-03-13T06:19:03","guid":{"rendered":"https:\/\/iedib.net\/wordpress\/?page_id=1353"},"modified":"2026-03-30T18:23:00","modified_gmt":"2026-03-30T16:23:00","slug":"cfgm-demergencies-sanitaries","status":"publish","type":"page","link":"https:\/\/iedib.net\/wordpress\/?page_id=1353","title":{"rendered":"CFGM d&#8217;emerg\u00e8ncies sanit\u00e0ries (SAN21)"},"content":{"rendered":"\n<figure class=\"wp-block-image size-full\"><img data-recalc-dims=\"1\" loading=\"lazy\" decoding=\"async\" width=\"800\" height=\"120\" data-attachment-id=\"3254\" data-permalink=\"https:\/\/iedib.net\/wordpress\/?attachment_id=3254\" data-orig-file=\"https:\/\/i0.wp.com\/iedib.net\/wordpress\/wp-content\/uploads\/2022\/05\/Copia-de-GM-emerge%CC%80ncies-1.png?fit=1000%2C150&amp;ssl=1\" data-orig-size=\"1000,150\" data-comments-opened=\"0\" data-image-meta=\"{&quot;aperture&quot;:&quot;0&quot;,&quot;credit&quot;:&quot;&quot;,&quot;camera&quot;:&quot;&quot;,&quot;caption&quot;:&quot;&quot;,&quot;created_timestamp&quot;:&quot;0&quot;,&quot;copyright&quot;:&quot;&quot;,&quot;focal_length&quot;:&quot;0&quot;,&quot;iso&quot;:&quot;0&quot;,&quot;shutter_speed&quot;:&quot;0&quot;,&quot;title&quot;:&quot;&quot;,&quot;orientation&quot;:&quot;0&quot;}\" data-image-title=\"Copia-de-GM-emerge\u0300ncies-1\" data-image-description=\"\" data-image-caption=\"\" data-large-file=\"https:\/\/i0.wp.com\/iedib.net\/wordpress\/wp-content\/uploads\/2022\/05\/Copia-de-GM-emerge%CC%80ncies-1.png?fit=800%2C120&amp;ssl=1\" src=\"https:\/\/i0.wp.com\/iedib.net\/wordpress\/wp-content\/uploads\/2022\/05\/Copia-de-GM-emerge%CC%80ncies-1.png?resize=800%2C120&#038;ssl=1\" alt=\"\" class=\"wp-image-3254\" srcset=\"https:\/\/i0.wp.com\/iedib.net\/wordpress\/wp-content\/uploads\/2022\/05\/Copia-de-GM-emerge%CC%80ncies-1.png?w=1000&amp;ssl=1 1000w, https:\/\/i0.wp.com\/iedib.net\/wordpress\/wp-content\/uploads\/2022\/05\/Copia-de-GM-emerge%CC%80ncies-1.png?resize=300%2C45&amp;ssl=1 300w, https:\/\/i0.wp.com\/iedib.net\/wordpress\/wp-content\/uploads\/2022\/05\/Copia-de-GM-emerge%CC%80ncies-1.png?resize=150%2C23&amp;ssl=1 150w, https:\/\/i0.wp.com\/iedib.net\/wordpress\/wp-content\/uploads\/2022\/05\/Copia-de-GM-emerge%CC%80ncies-1.png?resize=768%2C115&amp;ssl=1 768w\" sizes=\"auto, (max-width: 800px) 100vw, 800px\" \/><figcaption class=\"wp-element-caption\"><br><strong>Funcionament dels m\u00f2duls<\/strong><br><br>A la cap\u00e7alera de l\u2019aula virtual trobam l\u2019apartat funcionament del m\u00f2dul on s\u2019explica com funciona cada m\u00f2dul. Tamb\u00e9, s\u2019hi troba tot el material per poder seguir el curs, els recursos en format digital (no hi ha llibres de text, ja que tot est\u00e0 a l\u2019aula virtual) i les activitats en l\u00ednia. Hi ha un sol examen presencial al final de cada m\u00f2dul, que val entre el 40-45% de la nota final. Les activitats en l\u00ednia i, les pr\u00e0ctiques presencials obligat\u00f2ries que hi ha d&#8217;alguns m\u00f2duls, representen entre el 55-60% de la nota. Per aprovar el m\u00f2dul s\u2019han d\u2019obtenir una nota m\u00ednima de 5 de cada una de les parts.<\/figcaption><\/figure>\n\n\n\n<hr class=\"wp-block-separator has-alpha-channel-opacity\"\/>\n\n\n\n<h3 class=\"wp-block-heading\">Oferta formativa 2025-26<\/h3>\n\n\n\n<figure class=\"wp-block-table is-style-stripes\"><table><thead><tr><th class=\"has-text-align-center\" data-align=\"center\"><strong>CURS<\/strong><\/th><th><strong>M\u00d2DULS<\/strong><\/th><th class=\"has-text-align-center\" data-align=\"center\"><strong>HORES LECTIVES<\/strong><\/th><th><strong>INDICACIONS ADDICIONALS<\/strong><\/th><\/tr><\/thead><tbody><tr><td class=\"has-text-align-center\" data-align=\"center\">1<\/td><td>0052 Manteniment mec\u00e0nic preventiu del vehicle<\/td><td class=\"has-text-align-center\" data-align=\"center\">100 h<\/td><td>Anual, 12h de pr\u00e0ctiques<\/td><\/tr><tr><td class=\"has-text-align-center\" data-align=\"center\">1<\/td><td>0054 Dotaci\u00f3 sanit\u00e0ria<\/td><td class=\"has-text-align-center\" data-align=\"center\">90\u202fh<\/td><td>1r QUADRIMESTRE, 12 h pr\u00e0ctiques obligat\u00f2ries (061)<\/td><\/tr><tr><td class=\"has-text-align-center\" data-align=\"center\">1<\/td><td>0055 Atenci\u00f3 sanit\u00e0ria inicial en situacions d\u2019emerg\u00e8ncia<\/td><td class=\"has-text-align-center\" data-align=\"center\">220 h<\/td><td>Anual, 14 h pr\u00e0ctiques obligat\u00f2ries (061)<\/td><\/tr><tr><td class=\"has-text-align-center\" data-align=\"center\">1<\/td><td>0057 Evacuaci\u00f3 i trasllat de pacients<\/td><td class=\"has-text-align-center\" data-align=\"center\">190\u202fh<\/td><td>Anual, 9h pr\u00e0ctiques obligat\u00f2ries (061)<\/td><\/tr><tr><td class=\"has-text-align-center\" data-align=\"center\">1<\/td><td>0058 Suport psicol\u00f2gic en situacions d\u2019emerg\u00e8ncia<\/td><td class=\"has-text-align-center\" data-align=\"center\">95 h<\/td><td>2n QUADRIMESTRE<\/td><\/tr><tr><td class=\"has-text-align-center\" data-align=\"center\">1<\/td><td>0061 Anatomofisiologia i patologia b\u00e0siques<\/td><td class=\"has-text-align-center\" data-align=\"center\">140 h<\/td><td>Anual<\/td><\/tr><tr><td class=\"has-text-align-center\" data-align=\"center\">1<\/td><td>1709 Itinerari personal per a l\u2019ocupabilitat I<\/td><td class=\"has-text-align-center\" data-align=\"center\">90 h<\/td><td>1r QUADRIMESTRE<br>Convalidable amb FOL<\/td><\/tr><tr><td class=\"has-text-align-center\" data-align=\"center\">1<\/td><td>1664 Digitalitzaci\u00f3<\/td><td class=\"has-text-align-center\" data-align=\"center\">30 h<\/td><td>2n QUADRIMESTRE<\/td><\/tr><tr><td class=\"has-text-align-center\" data-align=\"center\">2<\/td><td>0156 Angl\u00e8s professional<\/td><td class=\"has-text-align-center\" data-align=\"center\">120 h<\/td><td>1er QUADRIMESTRE<\/td><\/tr><tr><td class=\"has-text-align-center\" data-align=\"center\">2<\/td><td>0053 Log\u00edstica sanit\u00e0ria en emerg\u00e8ncies<\/td><td class=\"has-text-align-center\" data-align=\"center\">155 h<\/td><td>2n QUADRIMESTRE<\/td><\/tr><tr><td class=\"has-text-align-center\" data-align=\"center\">2<\/td><td>0056 Atenci\u00f3 sanit\u00e0ria especial en situacions d\u2019emerg\u00e8ncia<\/td><td class=\"has-text-align-center\" data-align=\"center\">370 h<\/td><td>Anual, 14 h pr\u00e0ctiques obligat\u00f2ries (061)<\/td><\/tr><tr><td class=\"has-text-align-center\" data-align=\"center\">2<\/td><td>0059 Plans d\u2019emerg\u00e8ncies i dispositius de riscs previsibles<\/td><td class=\"has-text-align-center\" data-align=\"center\">110 h<\/td><td>Anual<\/td><\/tr><tr><td class=\"has-text-align-center\" data-align=\"center\">2<\/td><td>0060 Teleemerg\u00e8ncies<\/td><td class=\"has-text-align-center\" data-align=\"center\">70 h<\/td><td>1r QUADRIMESTRE<\/td><\/tr><tr><td class=\"has-text-align-center\" data-align=\"center\">2<\/td><td>1710 Itinerari personal per a l\u2019ocupabilitat II<\/td><td class=\"has-text-align-center\" data-align=\"center\">60 h<\/td><td>2n QUADRIMESTRE<br>Convalidable amb Empresa i iniciativa emprenadora<\/td><\/tr><tr><td class=\"has-text-align-center\" data-align=\"center\">2<\/td><td>1708 Sostenibilitat<\/td><td class=\"has-text-align-center\" data-align=\"center\">30 h<\/td><td>1r QUADRIMESTRE<\/td><\/tr><tr><td class=\"has-text-align-center\" data-align=\"center\">2<\/td><td>M\u00f2dul optatiu (Educaci\u00f3 i promoci\u00f3 de la salut\/catal\u00e0 b\u00e0sic\/intermedi\/alemany)<\/td><td class=\"has-text-align-center\" data-align=\"center\">80 h<\/td><td>1r QUADRIMESTRE<\/td><\/tr><tr><td class=\"has-text-align-center\" data-align=\"center\">2<\/td><td>1713 Projecte intermodular<\/td><td class=\"has-text-align-center\" data-align=\"center\">50 h<\/td><td>2n QUADRIMESTRE<br>Requisit: haver superat 900h<\/td><\/tr><tr><td class=\"has-text-align-center\" data-align=\"center\">3<\/td><td>Formaci\u00f3 en centres de treball (FCT)<\/td><td class=\"has-text-align-center\" data-align=\"center\">400 h<\/td><td><strong>Presencial<\/strong>. <a href=\"https:\/\/docs.google.com\/presentation\/d\/1bUxOKSXQuRl3wZtF6qwvWDN9JlaSmFQCfRAtrvofA9g\/edit?usp=sharing\" target=\"_blank\" rel=\"noreferrer noopener\">Consultau aqu\u00ed<\/a> les condicions hor\u00e0ries i torns. <\/td><\/tr><\/tbody><\/table><\/figure>\n\n\n\n<p><\/p>\n\n\n\n<div style=\"max-width: 750px; margin: 2rem auto; font-family: Arial, sans-serif; color: #333;\">\n\n  <!-- Introducci\u00f3 -->\n  <div style=\"margin-bottom: 1rem; padding: 0.9rem 1rem; background: #f5f7fa; border-left: 4px solid #1d4f91; border-radius: 6px;\">\n    <h3 style=\"margin: 0 0 0.4rem 0; color: #1d4f91; font-size: 1.25rem;\">Itinerari formatiu<\/h3>\n    <p style=\"margin: 0; font-size: 0.95rem;\">\n      Els m\u00f2duls s\u2019organitzen per curs. Els colors indiquen si s\u00f3n anuals o quadrimestrals.\n    <\/p>\n\n    <div style=\"margin-top: 0.7rem; display: flex; gap: 0.4rem; flex-wrap: wrap;\">\n      <span style=\"padding: 0.25rem 0.6rem; border-radius: 999px; background: #e8f1fb; color: #1d4f91; font-weight: 600; font-size: 0.82rem;\">ANUAL<\/span>\n      <span style=\"padding: 0.25rem 0.6rem; border-radius: 999px; background: #fff4db; color: #9a6700; font-weight: 600; font-size: 0.82rem;\">1r quadrimestre<\/span>\n      <span style=\"padding: 0.25rem 0.6rem; border-radius: 999px; background: #e8f7e8; color: #256c2f; font-weight: 600; font-size: 0.82rem;\">2n quadrimestre<\/span>\n    <\/div>\n  <\/div>\n\n  <!-- Taula -->\n  <div style=\"overflow-x: auto; border: 1px solid #d9e1ea; border-radius: 6px; box-shadow: 0 2px 6px rgba(0,0,0,0.05); background: #fff;\">\n    <table style=\"width: 100%; border-collapse: collapse; font-size: 0.9rem;\">\n\n      <thead>\n        <tr style=\"background: #1d4f91; color: #fff;\">\n          <th style=\"padding: 0.7rem; text-align: left; border: 1px solid #d9e1ea;\">M\u00f2dul<\/th>\n          <th style=\"padding: 0.7rem; text-align: center; border: 1px solid #d9e1ea;\">Hores<\/th>\n          <th style=\"padding: 0.7rem; text-align: center; border: 1px solid #d9e1ea;\">Setmanals<\/th>\n          <th style=\"padding: 0.7rem; text-align: center; border: 1px solid #d9e1ea;\">Tipus<\/th>\n          <th style=\"padding: 0.7rem; text-align: left; border: 1px solid #d9e1ea;\">Observacions<\/th>\n        <\/tr>\n      <\/thead>\n\n      <tbody>\n\n        <!-- 1r curs -->\n        <tr>\n          <td colspan=\"5\" style=\"padding: 0.75rem 1rem; background: #ffffff; color: #1d4f91; font-weight: 700; border: 1px solid #d9e1ea; text-align:center;\">\n            &#8211; 1r curs &#8211;\n          <\/td>\n        <\/tr>\n\n        <tr style=\"background:#edf5fd;\">\n          <td style=\"padding:0.65rem;\"><strong>0052<\/strong> Manteniment mec\u00e0nic preventiu del vehicle<\/td>\n          <td style=\"text-align:center;\">100 h<\/td>\n          <td style=\"text-align:center;\">3 h<\/td>\n          <td style=\"text-align:center;\"><span style=\"background:#e8f1fb; padding:0.2rem 0.5rem; border-radius:999px; font-size:0.8rem;\">ANUAL<\/span><\/td>\n          <td>12 h de pr\u00e0ctiques<\/td>\n        <\/tr>\n\n        <tr style=\"background:#edf5fd;\">\n          <td style=\"padding:0.65rem;\"><strong>0055<\/strong> Atenci\u00f3 sanit\u00e0ria inicial en situacions d\u2019emerg\u00e8ncia<\/td>\n          <td style=\"text-align:center;\">220 h<\/td>\n          <td style=\"text-align:center;\">7 h<\/td>\n          <td style=\"text-align:center;\"><span style=\"background:#e8f1fb; padding:0.2rem 0.5rem; border-radius:999px; font-size:0.8rem;\">ANUAL<\/span><\/td>\n          <td>14 h pr\u00e0ctiques obligat\u00f2ries (061)<\/td>\n        <\/tr>\n\n        <tr style=\"background:#edf5fd;\">\n          <td style=\"padding:0.65rem;\"><strong>0057<\/strong> Evacuaci\u00f3 i trasllat de pacients<\/td>\n          <td style=\"text-align:center;\">190 h<\/td>\n          <td style=\"text-align:center;\">6 h<\/td>\n          <td style=\"text-align:center;\"><span style=\"background:#e8f1fb; padding:0.2rem 0.5rem; border-radius:999px; font-size:0.8rem;\">ANUAL<\/span><\/td>\n          <td>9 h pr\u00e0ctiques obligat\u00f2ries (061)<\/td>\n        <\/tr>\n\n        <tr style=\"background:#edf5fd;\">\n          <td style=\"padding:0.65rem;\"><strong>0061<\/strong> Anatomofisiologia i patologia b\u00e0siques<\/td>\n          <td style=\"text-align:center;\">140 h<\/td>\n          <td style=\"text-align:center;\">4 h<\/td>\n          <td style=\"text-align:center;\"><span style=\"background:#e8f1fb; padding:0.2rem 0.5rem; border-radius:999px; font-size:0.8rem;\">ANUAL<\/span><\/td>\n          <td><\/td>\n        <\/tr>\n\n        <tr style=\"background:#fffaf0;\">\n          <td style=\"padding:0.65rem;\"><strong>0054<\/strong> Dotaci\u00f3 sanit\u00e0ria<\/td>\n          <td style=\"text-align:center;\">90 h<\/td>\n          <td style=\"text-align:center;\">6 h<\/td>\n          <td style=\"text-align:center;\"><span style=\"background:#fff4db; padding:0.2rem 0.5rem; border-radius:999px; font-size:0.8rem;\">1Q<\/span><\/td>\n          <td>12 h pr\u00e0ctiques obligat\u00f2ries (061)<\/td>\n        <\/tr>\n\n        <tr style=\"background:#fffaf0;\">\n          <td style=\"padding:0.65rem;\"><strong>1709<\/strong> Itinerari personal per a l\u2019ocupabilitat I<\/td>\n          <td style=\"text-align:center;\">90 h<\/td>\n          <td style=\"text-align:center;\">3 h<\/td>\n          <td style=\"text-align:center;\"><span style=\"background:#fff4db; padding:0.2rem 0.5rem; border-radius:999px; font-size:0.8rem;\">1Q<\/span><\/td>\n          <td>Convalidable amb FOL<\/td>\n        <\/tr>\n\n        <tr style=\"background:#f1fbf1;\">\n          <td style=\"padding:0.65rem;\"><strong>0058<\/strong> Suport psicol\u00f2gic en situacions d\u2019emerg\u00e8ncia<\/td>\n          <td style=\"text-align:center;\">95 h<\/td>\n          <td style=\"text-align:center;\">6 h<\/td>\n          <td style=\"text-align:center;\"><span style=\"background:#e8f7e8; padding:0.2rem 0.5rem; border-radius:999px; font-size:0.8rem;\">2Q<\/span><\/td>\n          <td><\/td>\n        <\/tr>\n\n        <tr style=\"background:#f1fbf1;\">\n          <td style=\"padding:0.65rem;\"><strong>1664<\/strong> Digitalitzaci\u00f3<\/td>\n          <td style=\"text-align:center;\">30 h<\/td>\n          <td style=\"text-align:center;\">1 h<\/td>\n          <td style=\"text-align:center;\"><span style=\"background:#e8f7e8; padding:0.2rem 0.5rem; border-radius:999px; font-size:0.8rem;\">2Q<\/span><\/td>\n          <td><\/td>\n        <\/tr>\n\n        <!-- 2n curs -->\n        <tr>\n          <td colspan=\"5\" style=\"padding: 0.75rem 1rem; background: #ffffff; color: #1d4f91; font-weight: 700; border: 1px solid #d9e1ea; text-align:center;\">\n            &#8211; 2n curs &#8211;\n          <\/td>\n        <\/tr>\n\n        <tr style=\"background:#edf5fd;\">\n          <td style=\"padding:0.65rem;\"><strong>0056<\/strong> Atenci\u00f3 sanit\u00e0ria especial en situacions d\u2019emerg\u00e8ncia<\/td>\n          <td style=\"text-align:center;\">370 h<\/td>\n          <td style=\"text-align:center;\">12 h<\/td>\n          <td style=\"text-align:center;\"><span style=\"background:#e8f1fb; padding:0.2rem 0.5rem; border-radius:999px; font-size:0.8rem;\">ANUAL<\/span><\/td>\n          <td>14 h pr\u00e0ctiques obligat\u00f2ries (061)<\/td>\n        <\/tr>\n\n        <tr style=\"background:#edf5fd;\">\n          <td style=\"padding:0.65rem;\"><strong>0059<\/strong> Plans d\u2019emerg\u00e8ncies i dispositius de riscs previsibles<\/td>\n          <td style=\"text-align:center;\">110 h<\/td>\n          <td style=\"text-align:center;\">3 h<\/td>\n          <td style=\"text-align:center;\"><span style=\"background:#e8f1fb; padding:0.2rem 0.5rem; border-radius:999px; font-size:0.8rem;\">ANUAL<\/span><\/td>\n          <td><\/td>\n        <\/tr>\n\n        <tr style=\"background:#fffaf0;\">\n          <td style=\"padding:0.65rem;\"><strong>0156<\/strong> Angl\u00e8s professional<\/td>\n          <td style=\"text-align:center;\">120 h<\/td>\n          <td style=\"text-align:center;\">7 h<\/td>\n          <td style=\"text-align:center;\"><span style=\"background:#fff4db; padding:0.2rem 0.5rem; border-radius:999px; font-size:0.8rem;\">1Q<\/span><\/td>\n          <td><\/td>\n        <\/tr>\n\n        <tr style=\"background:#fffaf0;\">\n          <td style=\"padding:0.65rem;\"><strong>0060<\/strong> Teleemerg\u00e8ncies<\/td>\n          <td style=\"text-align:center;\">70 h<\/td>\n          <td style=\"text-align:center;\">4 h<\/td>\n          <td style=\"text-align:center;\"><span style=\"background:#fff4db; padding:0.2rem 0.5rem; border-radius:999px; font-size:0.8rem;\">1Q<\/span><\/td>\n          <td><\/td>\n        <\/tr>\n\n        <tr style=\"background:#fffaf0;\">\n          <td style=\"padding:0.65rem;\"><strong>1708<\/strong> Sostenibilitat<\/td>\n          <td style=\"text-align:center;\">30 h<\/td>\n          <td style=\"text-align:center;\">1 h<\/td>\n          <td style=\"text-align:center;\"><span style=\"background:#fff4db; padding:0.2rem 0.5rem; border-radius:999px; font-size:0.8rem;\">1Q<\/span><\/td>\n          <td><\/td>\n        <\/tr>\n\n        <tr style=\"background:#fffaf0;\">\n          <td style=\"padding:0.65rem;\"><strong>Optatiu<\/strong><br>Educaci\u00f3 i promoci\u00f3 de la salut \/ Catal\u00e0 b\u00e0sic \/ intermedi \/ alemany<\/td>\n          <td style=\"text-align:center;\">80 h<\/td>\n          <td style=\"text-align:center;\">4 h<\/td>\n          <td style=\"text-align:center;\"><span style=\"background:#fff4db; padding:0.2rem 0.5rem; border-radius:999px; font-size:0.8rem;\">1Q<\/span><\/td>\n          <td><\/td>\n        <\/tr>\n\n        <tr style=\"background:#f1fbf1;\">\n          <td style=\"padding:0.65rem;\"><strong>0053<\/strong> Log\u00edstica sanit\u00e0ria en emerg\u00e8ncies<\/td>\n          <td style=\"text-align:center;\">155 h<\/td>\n          <td style=\"text-align:center;\">10 h<\/td>\n          <td style=\"text-align:center;\"><span style=\"background:#e8f7e8; padding:0.2rem 0.5rem; border-radius:999px; font-size:0.8rem;\">2Q<\/span><\/td>\n          <td><\/td>\n        <\/tr>\n\n        <tr style=\"background:#f1fbf1;\">\n          <td style=\"padding:0.65rem;\"><strong>1710<\/strong> Itinerari personal per a l\u2019ocupabilitat II<\/td>\n          <td style=\"text-align:center;\">60 h<\/td>\n          <td style=\"text-align:center;\">3 h<\/td>\n          <td style=\"text-align:center;\"><span style=\"background:#e8f7e8; padding:0.2rem 0.5rem; border-radius:999px; font-size:0.8rem;\">2Q<\/span><\/td>\n          <td>Convalidable amb Empresa i iniciativa emprenadora<\/td>\n        <\/tr>\n\n        <tr style=\"background:#f1fbf1;\">\n          <td style=\"padding:0.65rem;\"><strong>1713<\/strong> Projecte intermodular<\/td>\n          <td style=\"text-align:center;\">50 h<\/td>\n          <td style=\"text-align:center;\">3 h<\/td>\n          <td style=\"text-align:center;\"><span style=\"background:#e8f7e8; padding:0.2rem 0.5rem; border-radius:999px; font-size:0.8rem;\">2Q<\/span><\/td>\n          <td>Requisit: haver superat 900 h<\/td>\n        <\/tr>\n\n        <!-- 3r curs -->\n        <tr>\n          <td colspan=\"5\" style=\"padding: 0.75rem 1rem; background: #ffffff; color: #1d4f91; font-weight: 700; border: 1px solid #d9e1ea; text-align:center;\">\n            &#8211; 3r curs &#8211;\n          <\/td>\n        <\/tr>\n\n        <tr>\n          <td style=\"padding:0.65rem;\">FEMPO<\/td>\n          <td style=\"text-align:center;\">500 h<\/td>\n          <td style=\"text-align:center;\">\u2014<\/td>\n          <td style=\"text-align:center;\"><span style=\"background:#eee; padding:0.2rem 0.5rem; border-radius:999px; font-size:0.8rem;\">Presencial<\/span><\/td>\n          <td><a href=\"https:\/\/docs.google.com\/presentation\/d\/1bUxOKSXQuRl3wZtF6qwvWDN9JlaSmFQCfRAtrvofA9g\/edit?usp=sharing\" target=\"_blank\" rel=\"noreferrer noopener\">Consultau aqu\u00ed<\/a> les condicions hor\u00e0ries i torns<\/td>\n        <\/tr>\n\n      <\/tbody>\n    <\/table>\n  <\/div>\n\n<\/div>\n\n\n\n<p>Les pr\u00e0ctiques presencials obligat\u00f2ries es faran al 061 i als <a href=\"https:\/\/iedib.net\/wordpress\/?page_id=1410\">centres col\u00b7laboradors<\/a>.<\/p>\n\n\n\n<hr class=\"wp-block-separator has-alpha-channel-opacity\"\/>\n\n\n\n<h3 class=\"wp-block-heading\"><strong>Recomanacions per cursar m\u00f2duls de segon<\/strong><\/h3>\n\n\n\n<p>Per cursar el m\u00f2dul: Atenci\u00f3 sanit\u00e0ria especial en situacions d\u2019emerg\u00e8ncia.<\/p>\n\n\n\n<p>Haver&nbsp;superat&nbsp;abans els m\u00f2duls:<\/p>\n\n\n\n<ul class=\"wp-block-list\">\n<li>Atenci\u00f3 sanit\u00e0ria inicial en situacions d\u2019emerg\u00e8ncia<\/li>\n\n\n\n<li>Dotaci\u00f3 sanit\u00e0ria<\/li>\n\n\n\n<li>Anatomofisiologia i patologia b\u00e0siques i\/o Evacuaci\u00f3 i trasllat de pacients<\/li>\n<\/ul>\n\n\n\n<hr class=\"wp-block-separator has-alpha-channel-opacity\"\/>\n\n\n\n<p><strong>De qu\u00e8 treballar\u00e0s?<\/strong><\/p>\n\n\n\n<ul class=\"wp-block-list\">\n<li>Transport Sanitari.<\/li>\n\n\n\n<li>Emerg\u00e8ncies Sanit\u00e0ries.<\/li>\n\n\n\n<li>Teleassist\u00e8ncia.<\/li>\n\n\n\n<li>Centres de Coordinaci\u00f3 d&#8217;Urg\u00e8ncies i Emerg\u00e8ncies.<\/li>\n<\/ul>\n\n\n\n<p><strong>On treballar\u00e0s?<\/strong><\/p>\n\n\n\n<p>En el sector sanitari relacionat amb el trasllat de pacients o v\u00edctimes i la prestaci\u00f3 d&#8217;atenci\u00f3 sanit\u00e0ria i psicol\u00f2gica inicial, col\u00b7laborant en la preparaci\u00f3 i desenvolupament de la log\u00edstica sanit\u00e0ria davant emerg\u00e8ncies col\u00b7lectives o cat\u00e0strofes, aix\u00ed com participant en la preparaci\u00f3 de plans d&#8217;emerg\u00e8ncia i dispositius de risc previsible de l&#8217;\u00e0mbit de la protecci\u00f3 civil<\/p>\n\n\n\n<p><strong>Acc\u00e9s a estudis posteriors i altres formacions professionals:<\/strong><\/p>\n\n\n\n<ul class=\"wp-block-list\">\n<li>Un altre cicle formatiu d&#8217;FP de grau mitj\u00e0 o de grau superior amb la possibilitat d\u2019establir convalidacions de m\u00f2duls d\u2019acord amb la normativa vigent.<\/li>\n\n\n\n<li>El batxillerat en qualsevol de les seves modalitats.<\/li>\n\n\n\n<li>Certificats de professionalitat de nivell 1, 2 i 3.<\/li>\n<\/ul>\n","protected":false},"excerpt":{"rendered":"<p>Oferta formativa 2025-26 CURS M\u00d2DULS HORES LECTIVES INDICACIONS ADDICIONALS 1 0052 Manteniment mec\u00e0nic preventiu del vehicle 100 h Anual, 12h de pr\u00e0ctiques 1 0054 Dotaci\u00f3 sanit\u00e0ria 90\u202fh 1r QUADRIMESTRE, 12 &#8230;<\/p>\n","protected":false},"author":1,"featured_media":0,"parent":0,"menu_order":0,"comment_status":"closed","ping_status":"closed","template":"","meta":{"jetpack_post_was_ever_published":false,"footnotes":""},"class_list":["post-1353","page","type-page","status-publish","hentry"],"jetpack_sharing_enabled":true,"jetpack_shortlink":"https:\/\/wp.me\/Pa5Owj-lP","jetpack-related-posts":[{"id":3230,"url":"https:\/\/iedib.net\/wordpress\/?page_id=3230","url_meta":{"origin":1353,"position":0},"title":"CFGS Projectes d&#8217;edificacions","author":"wp_admin","date":"12 maig, 2022","format":false,"excerpt":"Fam\u00edlia professional: Edificaci\u00f3 i obra civil T\u00edtol que s\u2019obt\u00e9: Projectes d'edificaci\u00f3 (EOC31) Funcionament dels m\u00f2duls A la cap\u00e7alera de l\u2019aula virtual trobem l\u2019apartat funcionament del m\u00f2dul on s\u2019explica com funciona cada m\u00f2dul. Tamb\u00e9, s\u2019hi troba tot el material per poder seguir el curs, els recursos en format digital (no hi\u2026","rel":"","context":"Entrada similar","block_context":{"text":"Entrada similar","link":""},"img":{"alt_text":"","src":"https:\/\/i0.wp.com\/iedib.net\/wordpress\/wp-content\/uploads\/2022\/05\/GMS-edificacions.png?resize=350%2C200&ssl=1","width":350,"height":200,"srcset":"https:\/\/i0.wp.com\/iedib.net\/wordpress\/wp-content\/uploads\/2022\/05\/GMS-edificacions.png?resize=350%2C200&ssl=1 1x, https:\/\/i0.wp.com\/iedib.net\/wordpress\/wp-content\/uploads\/2022\/05\/GMS-edificacions.png?resize=525%2C300&ssl=1 1.5x, https:\/\/i0.wp.com\/iedib.net\/wordpress\/wp-content\/uploads\/2022\/05\/GMS-edificacions.png?resize=700%2C400&ssl=1 2x"},"classes":[]},{"id":4996,"url":"https:\/\/iedib.net\/wordpress\/?page_id=4996","url_meta":{"origin":1353,"position":1},"title":"CFGS d&#8217;integraci\u00f3 social (SSC33)","author":"wp_admin","date":"22 abril, 2025","format":false,"excerpt":"Funcionament dels m\u00f2duls A la cap\u00e7alera de l\u2019aula virtual trobem l\u2019apartat funcionament del m\u00f2dul on s\u2019explica com funciona cada m\u00f2dul. Tamb\u00e9, s\u2019hi troba tot el material per poder seguir el curs, els recursos en format digital (no hi ha llibres de text, ja que tot est\u00e0 a l\u2019aula virtual) i\u2026","rel":"","context":"Entrada similar","block_context":{"text":"Entrada similar","link":""},"img":{"alt_text":"","src":"https:\/\/i0.wp.com\/iedib.net\/wordpress\/wp-content\/uploads\/2025\/04\/unnamed.png?resize=350%2C200&ssl=1","width":350,"height":200,"srcset":"https:\/\/i0.wp.com\/iedib.net\/wordpress\/wp-content\/uploads\/2025\/04\/unnamed.png?resize=350%2C200&ssl=1 1x, https:\/\/i0.wp.com\/iedib.net\/wordpress\/wp-content\/uploads\/2025\/04\/unnamed.png?resize=525%2C300&ssl=1 1.5x, https:\/\/i0.wp.com\/iedib.net\/wordpress\/wp-content\/uploads\/2025\/04\/unnamed.png?resize=700%2C400&ssl=1 2x, https:\/\/i0.wp.com\/iedib.net\/wordpress\/wp-content\/uploads\/2025\/04\/unnamed.png?resize=1050%2C600&ssl=1 3x"},"classes":[]},{"id":119,"url":"https:\/\/iedib.net\/wordpress\/?page_id=119","url_meta":{"origin":1353,"position":2},"title":"CFGM atenci\u00f3 a persones en situaci\u00f3 de depend\u00e8ncia","author":"wp_admin","date":"29 abril, 2018","format":false,"excerpt":"Fam\u00edlia professional: Serveis socioculturals i a la comunitat (SSC) T\u00edtol que s\u2019obt\u00e9: T\u00e8cnic en Atenci\u00f3 a persones en situaci\u00f3 de depend\u00e8ncia (SSC21) Funcionament dels m\u00f2duls A la cap\u00e7alera de l\u2019aula virtual trobam l\u2019apartat funcionament del m\u00f2dul on s\u2019explica com funciona cada m\u00f2dul. Tamb\u00e9, s\u2019hi troba tot el material per poder\u2026","rel":"","context":"Entrada similar","block_context":{"text":"Entrada similar","link":""},"img":{"alt_text":"","src":"https:\/\/i0.wp.com\/iedib.net\/wordpress\/wp-content\/uploads\/2022\/05\/GM-Atencio%CC%81.png?resize=350%2C200&ssl=1","width":350,"height":200,"srcset":"https:\/\/i0.wp.com\/iedib.net\/wordpress\/wp-content\/uploads\/2022\/05\/GM-Atencio%CC%81.png?resize=350%2C200&ssl=1 1x, https:\/\/i0.wp.com\/iedib.net\/wordpress\/wp-content\/uploads\/2022\/05\/GM-Atencio%CC%81.png?resize=525%2C300&ssl=1 1.5x, https:\/\/i0.wp.com\/iedib.net\/wordpress\/wp-content\/uploads\/2022\/05\/GM-Atencio%CC%81.png?resize=700%2C400&ssl=1 2x"},"classes":[]},{"id":1350,"url":"https:\/\/iedib.net\/wordpress\/?page_id=1350","url_meta":{"origin":1353,"position":3},"title":"CFGM sistemes microinform\u00e0tics i xarxes","author":"wp_admin","date":"13 mar\u00e7, 2019","format":false,"excerpt":"Fam\u00edlia professional: Inform\u00e0tica i comunicacions (IFC) T\u00edtol que s\u2019obt\u00e9: T\u00e8cnic en sistemes microinform\u00e0tics i xarxes (IFC21) Funcionament dels m\u00f2duls A la cap\u00e7alera de l\u2019aula virtual trobam l\u2019apartat funcionament del m\u00f2dul on s\u2019explica com funciona cada m\u00f2dul. Tamb\u00e9, s\u2019hi troba tot el material per poder seguir el curs, els recursos en\u2026","rel":"","context":"Entrada similar","block_context":{"text":"Entrada similar","link":""},"img":{"alt_text":"","src":"https:\/\/i0.wp.com\/iedib.net\/wordpress\/wp-content\/uploads\/2025\/06\/Informatica-1.png?resize=350%2C200&ssl=1","width":350,"height":200,"srcset":"https:\/\/i0.wp.com\/iedib.net\/wordpress\/wp-content\/uploads\/2025\/06\/Informatica-1.png?resize=350%2C200&ssl=1 1x, https:\/\/i0.wp.com\/iedib.net\/wordpress\/wp-content\/uploads\/2025\/06\/Informatica-1.png?resize=525%2C300&ssl=1 1.5x, https:\/\/i0.wp.com\/iedib.net\/wordpress\/wp-content\/uploads\/2025\/06\/Informatica-1.png?resize=700%2C400&ssl=1 2x"},"classes":[]},{"id":1356,"url":"https:\/\/iedib.net\/wordpress\/?page_id=1356","url_meta":{"origin":1353,"position":4},"title":"CFGS  d\u2019administraci\u00f3 de sistemes inform\u00e0tics en xarxa","author":"wp_admin","date":"13 mar\u00e7, 2019","format":false,"excerpt":"Fam\u00edlia professional: Inform\u00e0tica i comunicacions T\u00edtol que s\u2019obt\u00e9: T\u00e8cnic superior en administraci\u00f3 de sistemes inform\u00e0tics en xarxa (IFC31) Funcionament dels m\u00f2duls A la cap\u00e7alera de l\u2019aula virtual trobam l\u2019apartat funcionament del m\u00f2dul on s\u2019explica com funciona cada m\u00f2dul. Tamb\u00e9, s\u2019hi troba tot el material per poder seguir el curs, els\u2026","rel":"","context":"Entrada similar","block_context":{"text":"Entrada similar","link":""},"img":{"alt_text":"","src":"https:\/\/i0.wp.com\/iedib.net\/wordpress\/wp-content\/uploads\/2022\/06\/Informatica-1-1.png?resize=350%2C200&ssl=1","width":350,"height":200,"srcset":"https:\/\/i0.wp.com\/iedib.net\/wordpress\/wp-content\/uploads\/2022\/06\/Informatica-1-1.png?resize=350%2C200&ssl=1 1x, https:\/\/i0.wp.com\/iedib.net\/wordpress\/wp-content\/uploads\/2022\/06\/Informatica-1-1.png?resize=525%2C300&ssl=1 1.5x, https:\/\/i0.wp.com\/iedib.net\/wordpress\/wp-content\/uploads\/2022\/06\/Informatica-1-1.png?resize=700%2C400&ssl=1 2x"},"classes":[]},{"id":41,"url":"https:\/\/iedib.net\/wordpress\/?page_id=41","url_meta":{"origin":1353,"position":5},"title":"Batxillerat","author":"wp_admin","date":"5 abril, 2018","format":false,"excerpt":"DESTINATARIS L\u2019educaci\u00f3 a dist\u00e0ncia est\u00e0 especialment dissenyada per a aquelles persones que, per les seves circumst\u00e0ncies personals, no poden acudir regularment a un centre educatiu. Va adre\u00e7ada a gent major d'edat, aquells que compleixen 18 anys l'any de la matr\u00edcula o a menors d'edat que tinguin circumst\u00e0ncies especials que no\u2026","rel":"","context":"Entrada similar","block_context":{"text":"Entrada similar","link":""},"img":{"alt_text":"","src":"https:\/\/i0.wp.com\/iedib.net\/wordpress\/wp-content\/uploads\/2019\/06\/batxillerat.png?resize=350%2C200&ssl=1","width":350,"height":200,"srcset":"https:\/\/i0.wp.com\/iedib.net\/wordpress\/wp-content\/uploads\/2019\/06\/batxillerat.png?resize=350%2C200&ssl=1 1x, https:\/\/i0.wp.com\/iedib.net\/wordpress\/wp-content\/uploads\/2019\/06\/batxillerat.png?resize=525%2C300&ssl=1 1.5x, https:\/\/i0.wp.com\/iedib.net\/wordpress\/wp-content\/uploads\/2019\/06\/batxillerat.png?resize=700%2C400&ssl=1 2x, https:\/\/i0.wp.com\/iedib.net\/wordpress\/wp-content\/uploads\/2019\/06\/batxillerat.png?resize=1050%2C600&ssl=1 3x"},"classes":[]}],"_links":{"self":[{"href":"https:\/\/iedib.net\/wordpress\/index.php?rest_route=\/wp\/v2\/pages\/1353","targetHints":{"allow":["GET"]}}],"collection":[{"href":"https:\/\/iedib.net\/wordpress\/index.php?rest_route=\/wp\/v2\/pages"}],"about":[{"href":"https:\/\/iedib.net\/wordpress\/index.php?rest_route=\/wp\/v2\/types\/page"}],"author":[{"embeddable":true,"href":"https:\/\/iedib.net\/wordpress\/index.php?rest_route=\/wp\/v2\/users\/1"}],"replies":[{"embeddable":true,"href":"https:\/\/iedib.net\/wordpress\/index.php?rest_route=%2Fwp%2Fv2%2Fcomments&post=1353"}],"version-history":[{"count":58,"href":"https:\/\/iedib.net\/wordpress\/index.php?rest_route=\/wp\/v2\/pages\/1353\/revisions"}],"predecessor-version":[{"id":5905,"href":"https:\/\/iedib.net\/wordpress\/index.php?rest_route=\/wp\/v2\/pages\/1353\/revisions\/5905"}],"wp:attachment":[{"href":"https:\/\/iedib.net\/wordpress\/index.php?rest_route=%2Fwp%2Fv2%2Fmedia&parent=1353"}],"curies":[{"name":"wp","href":"https:\/\/api.w.org\/{rel}","templated":true}]}}