{"id":1339,"date":"2019-03-12T18:03:28","date_gmt":"2019-03-12T18:03:28","guid":{"rendered":"https:\/\/iedib.net\/wordpress\/?page_id=1339"},"modified":"2026-04-21T15:46:12","modified_gmt":"2026-04-21T13:46:12","slug":"formacio-professional","status":"publish","type":"page","link":"https:\/\/iedib.net\/wordpress\/?page_id=1339","title":{"rendered":"Formaci\u00f3 professional"},"content":{"rendered":"<div class=\"wp-block-image\">\n<figure class=\"aligncenter\"><a href=\"https:\/\/iedib.net\/wordpress\/?attachment_id=1685\" rel=\"attachment wp-att-1685\"><img data-recalc-dims=\"1\" loading=\"lazy\" decoding=\"async\" width=\"800\" height=\"200\" data-attachment-id=\"1685\" data-permalink=\"https:\/\/iedib.net\/wordpress\/?attachment_id=1685\" data-orig-file=\"https:\/\/i0.wp.com\/iedib.net\/wordpress\/wp-content\/uploads\/2019\/06\/batxillerat-3.png?fit=1200%2C300&amp;ssl=1\" data-orig-size=\"1200,300\" data-comments-opened=\"0\" data-image-meta=\"{&quot;aperture&quot;:&quot;0&quot;,&quot;credit&quot;:&quot;&quot;,&quot;camera&quot;:&quot;&quot;,&quot;caption&quot;:&quot;&quot;,&quot;created_timestamp&quot;:&quot;0&quot;,&quot;copyright&quot;:&quot;&quot;,&quot;focal_length&quot;:&quot;0&quot;,&quot;iso&quot;:&quot;0&quot;,&quot;shutter_speed&quot;:&quot;0&quot;,&quot;title&quot;:&quot;&quot;,&quot;orientation&quot;:&quot;0&quot;}\" data-image-title=\"batxillerat (3)\" data-image-description=\"\" data-image-caption=\"\" data-large-file=\"https:\/\/i0.wp.com\/iedib.net\/wordpress\/wp-content\/uploads\/2019\/06\/batxillerat-3.png?fit=800%2C200&amp;ssl=1\" src=\"https:\/\/i0.wp.com\/iedib.net\/wordpress\/wp-content\/uploads\/2019\/06\/batxillerat-3.png?resize=800%2C200&#038;ssl=1\" alt=\"\" class=\"wp-image-1685\" srcset=\"https:\/\/i0.wp.com\/iedib.net\/wordpress\/wp-content\/uploads\/2019\/06\/batxillerat-3.png?w=1200&amp;ssl=1 1200w, https:\/\/i0.wp.com\/iedib.net\/wordpress\/wp-content\/uploads\/2019\/06\/batxillerat-3.png?resize=300%2C75&amp;ssl=1 300w, https:\/\/i0.wp.com\/iedib.net\/wordpress\/wp-content\/uploads\/2019\/06\/batxillerat-3.png?resize=768%2C192&amp;ssl=1 768w, https:\/\/i0.wp.com\/iedib.net\/wordpress\/wp-content\/uploads\/2019\/06\/batxillerat-3.png?resize=1024%2C256&amp;ssl=1 1024w\" sizes=\"auto, (max-width: 800px) 100vw, 800px\" \/><\/a><\/figure>\n<\/div>\n\n\n<p><\/p>\n\n\n\n<h2 class=\"wp-block-heading\">Estudis d&#8217;FP que s&#8217;imparteixen a l&#8217;IEDIB<\/h2>\n\n\n\n<ul class=\"wp-block-list\">\n<li><a rel=\"noopener\" href=\"https:\/\/iedib.net\/wordpress\/?page_id=119\" target=\"_blank\">CFGM d&#8217;atenci\u00f3 a persones en situaci\u00f3 de depend\u00e8ncia<\/a><\/li>\n\n\n\n<li><a rel=\"noopener\" href=\"https:\/\/iedib.net\/wordpress\/?page_id=1343\" target=\"_blank\">CFGM&nbsp;d\u2019instal\u00b7lacions el\u00e8ctriques i autom\u00e0tiques<\/a><\/li>\n\n\n\n<li><a rel=\"noopener\" href=\"https:\/\/iedib.net\/wordpress\/?page_id=1353\" target=\"_blank\">CFGM d&#8217;emerg\u00e8ncies sanit\u00e0ries<\/a><\/li>\n\n\n\n<li><a rel=\"noopener\" href=\"https:\/\/iedib.net\/wordpress\/?page_id=1350\" target=\"_blank\">CFGM de sistemes microinform\u00e0tics i xarxes<\/a><\/li>\n\n\n\n<li><a href=\"https:\/\/iedib.net\/wordpress\/?page_id=1356\" target=\"_blank\" rel=\"noopener\">CFGS d&#8217;administraci\u00f3 de sistemes inform\u00e0tics en xarxa<\/a><\/li>\n\n\n\n<li><a rel=\"noreferrer noopener\" href=\"https:\/\/iedib.net\/wordpress\/?page_id=3230\" target=\"_blank\">CFGS Projectes d&#8217;edificacions<\/a><\/li>\n\n\n\n<li><a href=\"https:\/\/iedib.net\/wordpress\/?page_id=3768\" target=\"_blank\" rel=\"noreferrer noopener\">CFGS Animacions 3D, jocs i entorns interactius<\/a><\/li>\n\n\n\n<li><a href=\"https:\/\/iedib.net\/wordpress\/?page_id=4996\" target=\"_blank\" rel=\"noreferrer noopener\">CFGS d&#8217;integraci\u00f3 social<\/a><\/li>\n\n\n\n<li><a href=\"https:\/\/iedib.net\/wordpress\/?page_id=3232\">Curs d&#8217;especialitzaci\u00f3 en intel\u00b7lig\u00e8ncia artificial i dades massives<\/a><\/li>\n<\/ul>\n\n\n\n<h2 class=\"wp-block-heading\"><strong>Requisits d&#8217;acc\u00e9s<\/strong><\/h2>\n\n\n\n<ul class=\"wp-block-list\">\n<li><a rel=\"noopener noreferrer\" href=\"https:\/\/iedib.net\/wordpress\/?page_id=1458\" target=\"_blank\">Requisits per accedir a un cicle formatiu de grau mitj\u00e0<\/a><\/li>\n\n\n\n<li><a href=\"https:\/\/iedib.net\/wordpress\/?page_id=1463\" target=\"_blank\" rel=\"noopener noreferrer\">Requisits per accedir a un cicle formatiu de grau superior<\/a><\/li>\n<\/ul>\n\n\n\n<h2 class=\"wp-block-heading\">Funcionament<\/h2>\n\n\n\n<p>L\u2019FP a dist\u00e0ncia et permet estudiar amb flexibilitat, per\u00f2 requereix const\u00e0ncia i organitzaci\u00f3. El curs es desenvolupa a trav\u00e9s de<strong> l&#8217;aula virtual<\/strong> i combina activitats d\u2019aprenentatge amb avaluaci\u00f3.<\/p>\n\n\n\n<h3 class=\"wp-block-heading\">Com s\u2019organitza el curs<\/h3>\n\n\n\n<ul class=\"wp-block-list\">\n<li>Cada m\u00f2dul est\u00e0 estructurat en <strong>lliuraments<\/strong> amb materials i activitats.<\/li>\n\n\n\n<li>L\u2019alumnat disposa d\u2019una <strong>planificaci\u00f3 orientativa<\/strong> (ritme setmanal recomanat) per arribar als lliuraments.<\/li>\n\n\n\n<li>La comunicaci\u00f3 amb el professorat es fa mitjan\u00e7ant <strong>avisos, f\u00f2rums i missatgeria<\/strong> del campus.<\/li>\n<\/ul>\n\n\n\n<h3 class=\"wp-block-heading\">Seguiment i suport<\/h3>\n\n\n\n<ul class=\"wp-block-list\">\n<li>El professorat guia el proc\u00e9s: resol dubtes, fa retorn dels lliuraments i orienta l\u2019estudi.<\/li>\n\n\n\n<li>Hi ha espais de comunicaci\u00f3 per resoldre dubtes comuns.<\/li>\n<\/ul>\n\n\n\n<h3 class=\"wp-block-heading\">Avaluaci\u00f3<\/h3>\n\n\n\n<ul class=\"wp-block-list\">\n<li>Normalment combina:\n<ul class=\"wp-block-list\">\n<li><strong>Activitats d\u2019avaluaci\u00f3 cont\u00ednua<\/strong> a les aules virtuals (lliuraments, tasques\u2026)<\/li>\n\n\n\n<li><strong>Ex\u00e0mens finals presencials.<\/strong><\/li>\n\n\n\n<li>Alguns m\u00f2duls tamb\u00e9 tenen <strong>pr\u00e0ctiques presencials obligat\u00f2ries<\/strong> que es desenvolupen a centres col\u00b7laboradors.<\/li>\n<\/ul>\n<\/li>\n\n\n\n<li>Les qualificacions i el feedback es publiquen a l&#8217;aula virtual.<\/li>\n\n\n\n<li>\u00c9s important respectar els <strong>terminis de lliurament<\/strong> i les instruccions de cada activitat.<\/li>\n<\/ul>\n\n\n\n<h3 class=\"wp-block-heading\">Ex\u00e0mens i presencialitat (quan pertoqui)<\/h3>\n\n\n\n<ul class=\"wp-block-list\">\n<li>En FP a dist\u00e0ncia, els m\u00f2duls requereixen <strong>proves presencials<\/strong> o procediments d\u2019avaluaci\u00f3 amb condicions espec\u00edfiques.<\/li>\n\n\n\n<li>El centre informa amb antelaci\u00f3 del calendari, seu i requisits.<\/li>\n<\/ul>\n\n\n\n<h3 class=\"wp-block-heading\">Recursos i requisits t\u00e8cnics<\/h3>\n\n\n\n<ul class=\"wp-block-list\">\n<li>Necessitar\u00e0s:\n<ul class=\"wp-block-list\">\n<li>Connexi\u00f3 a internet estable.<\/li>\n\n\n\n<li>Un ordinador. <\/li>\n\n\n\n<li>Programari espec\u00edfic segons el cicle (especialment en cicles d\u2019inform\u00e0tica, 3D, projectes\u2026).<\/li>\n<\/ul>\n<\/li>\n\n\n\n<li>Quan calgui instal\u00b7lar eines o entorns, els professors dels m\u00f2duls proporcionen guies o indicacions.<\/li>\n<\/ul>\n\n\n\n<h3 class=\"wp-block-heading\">Dedicaci\u00f3 i recomanacions<\/h3>\n\n\n\n<ul class=\"wp-block-list\">\n<li>La dedicaci\u00f3 varia segons els m\u00f2duls i la c\u00e0rrega matriculada.<\/li>\n\n\n\n<li>Recomanam:\n<ul class=\"wp-block-list\">\n<li>Planificar una rutina setmanal.<\/li>\n\n\n\n<li>Revisar avisos i calendari.<\/li>\n\n\n\n<li>No deixar acumulaci\u00f3 de lliuraments.<\/li>\n\n\n\n<li>Escriure als f\u00f2rums quan hi hagi dubtes (ajuda a tothom).<\/li>\n<\/ul>\n<\/li>\n\n\n\n<li>L\u2019alumnat matriculat a un m\u00f2dul t\u00e9 l\u2019obligaci\u00f3 d\u2019<strong>accedir de manera regular a l\u2019aula virtual<\/strong> d&#8217;aquest. Si es detecta un per\u00edode d\u2019<strong>inactivitat<\/strong>, el centre pot activar el <strong><a href=\"https:\/\/iedib.net\/wordpress\/?page_id=5835\" data-type=\"page\" data-id=\"5835\">protocol d\u2019absentisme<\/a><\/strong>, aquesta inactivitat pot derivar en una <strong>baixa d\u2019ofici<\/strong>, amb la conseq\u00fc\u00e8ncia de p\u00e8rdua d&#8217;una convocat\u00f2ria.<\/li>\n<\/ul>\n\n\n\n<p><\/p>\n","protected":false},"excerpt":{"rendered":"<p>Estudis d&#8217;FP que s&#8217;imparteixen a l&#8217;IEDIB Requisits d&#8217;acc\u00e9s Funcionament L\u2019FP a dist\u00e0ncia et permet estudiar amb flexibilitat, per\u00f2 requereix const\u00e0ncia i organitzaci\u00f3. El curs es desenvolupa a trav\u00e9s de l&#8217;aula &#8230;<\/p>\n","protected":false},"author":1,"featured_media":0,"parent":0,"menu_order":0,"comment_status":"closed","ping_status":"closed","template":"","meta":{"jetpack_post_was_ever_published":false,"footnotes":""},"class_list":["post-1339","page","type-page","status-publish","hentry"],"jetpack_sharing_enabled":true,"jetpack_shortlink":"https:\/\/wp.me\/Pa5Owj-lB","jetpack-related-posts":[{"id":1778,"url":"https:\/\/iedib.net\/wordpress\/?page_id=1778","url_meta":{"origin":1339,"position":0},"title":"Calendaris de pr\u00e0ctiques obligat\u00f2ries per cicles i m\u00f2duls","author":"wp_admin","date":"12 juliol, 2019","format":false,"excerpt":"Recordau que l'assist\u00e8ncia a les pr\u00e0ctiques \u00e9s obligat\u00f2ria, essent necessari assistir, com a m\u00ednim, a un 75% de les activitats formatives. L'avaluaci\u00f3 positiva de les pr\u00e0ctiques \u00e9s un requisit per poder superar el m\u00f2dul corresponent. Llista de cicles formatius i m\u00f2duls amb pr\u00e0ctiques: CFGM d\u2019atenci\u00f3 a persones en situaci\u00f3 de\u2026","rel":"","context":"Entrada similar","block_context":{"text":"Entrada similar","link":""},"img":{"alt_text":"","src":"","width":0,"height":0},"classes":[]},{"id":1350,"url":"https:\/\/iedib.net\/wordpress\/?page_id=1350","url_meta":{"origin":1339,"position":1},"title":"CFGM sistemes microinform\u00e0tics i xarxes","author":"wp_admin","date":"13 mar\u00e7, 2019","format":false,"excerpt":"Fam\u00edlia professional: Inform\u00e0tica i comunicacions (IFC) T\u00edtol que s\u2019obt\u00e9: T\u00e8cnic en sistemes microinform\u00e0tics i xarxes (IFC21) Funcionament dels m\u00f2duls A la cap\u00e7alera de l\u2019aula virtual trobam l\u2019apartat funcionament del m\u00f2dul on s\u2019explica com funciona cada m\u00f2dul. Tamb\u00e9, s\u2019hi troba tot el material per poder seguir el curs, els recursos en\u2026","rel":"","context":"Entrada similar","block_context":{"text":"Entrada similar","link":""},"img":{"alt_text":"","src":"https:\/\/i0.wp.com\/iedib.net\/wordpress\/wp-content\/uploads\/2025\/06\/Informatica-1.png?resize=350%2C200&ssl=1","width":350,"height":200,"srcset":"https:\/\/i0.wp.com\/iedib.net\/wordpress\/wp-content\/uploads\/2025\/06\/Informatica-1.png?resize=350%2C200&ssl=1 1x, https:\/\/i0.wp.com\/iedib.net\/wordpress\/wp-content\/uploads\/2025\/06\/Informatica-1.png?resize=525%2C300&ssl=1 1.5x, https:\/\/i0.wp.com\/iedib.net\/wordpress\/wp-content\/uploads\/2025\/06\/Informatica-1.png?resize=700%2C400&ssl=1 2x"},"classes":[]},{"id":122,"url":"https:\/\/iedib.net\/wordpress\/?page_id=122","url_meta":{"origin":1339,"position":2},"title":"Matr\u00edcula de formaci\u00f3 professional","author":"wp_admin","date":"29 abril, 2018","format":false,"excerpt":"La preinscripci\u00f3 i matr\u00edcula dels cicles d'FP es far\u00e0 tenint en compte els terminis publicats a la web de la Direcci\u00f3 General d'FP que regula tot el proc\u00e9s de la matr\u00edcula als cicles formatius d'FP a dist\u00e0ncia. A continuaci\u00f3 teniu un resum del calendari de tot el proc\u00e9s i un\u2026","rel":"","context":"Entrada similar","block_context":{"text":"Entrada similar","link":""},"img":{"alt_text":"","src":"https:\/\/i0.wp.com\/iedib.net\/wordpress\/wp-content\/uploads\/2019\/06\/batxillerat-2-1.png?resize=350%2C200&ssl=1","width":350,"height":200,"srcset":"https:\/\/i0.wp.com\/iedib.net\/wordpress\/wp-content\/uploads\/2019\/06\/batxillerat-2-1.png?resize=350%2C200&ssl=1 1x, https:\/\/i0.wp.com\/iedib.net\/wordpress\/wp-content\/uploads\/2019\/06\/batxillerat-2-1.png?resize=525%2C300&ssl=1 1.5x, https:\/\/i0.wp.com\/iedib.net\/wordpress\/wp-content\/uploads\/2019\/06\/batxillerat-2-1.png?resize=700%2C400&ssl=1 2x, https:\/\/i0.wp.com\/iedib.net\/wordpress\/wp-content\/uploads\/2019\/06\/batxillerat-2-1.png?resize=1050%2C600&ssl=1 3x"},"classes":[]},{"id":1353,"url":"https:\/\/iedib.net\/wordpress\/?page_id=1353","url_meta":{"origin":1339,"position":3},"title":"CFGM d&#8217;emerg\u00e8ncies sanit\u00e0ries (SAN21)","author":"wp_admin","date":"13 mar\u00e7, 2019","format":false,"excerpt":"Funcionament dels m\u00f2dulsA la cap\u00e7alera de l\u2019aula virtual trobam l\u2019apartat funcionament del m\u00f2dul on s\u2019explica com funciona cada m\u00f2dul. Tamb\u00e9, s\u2019hi troba tot el material per poder seguir el curs, els recursos en format digital (no hi ha llibres de text, ja que tot est\u00e0 a l\u2019aula virtual) i les\u2026","rel":"","context":"Entrada similar","block_context":{"text":"Entrada similar","link":""},"img":{"alt_text":"","src":"https:\/\/i0.wp.com\/iedib.net\/wordpress\/wp-content\/uploads\/2022\/05\/Copia-de-GM-emerge%CC%80ncies-1.png?resize=350%2C200&ssl=1","width":350,"height":200,"srcset":"https:\/\/i0.wp.com\/iedib.net\/wordpress\/wp-content\/uploads\/2022\/05\/Copia-de-GM-emerge%CC%80ncies-1.png?resize=350%2C200&ssl=1 1x, https:\/\/i0.wp.com\/iedib.net\/wordpress\/wp-content\/uploads\/2022\/05\/Copia-de-GM-emerge%CC%80ncies-1.png?resize=525%2C300&ssl=1 1.5x, https:\/\/i0.wp.com\/iedib.net\/wordpress\/wp-content\/uploads\/2022\/05\/Copia-de-GM-emerge%CC%80ncies-1.png?resize=700%2C400&ssl=1 2x"},"classes":[]},{"id":1343,"url":"https:\/\/iedib.net\/wordpress\/?page_id=1343","url_meta":{"origin":1339,"position":4},"title":"CFGM d\u2019instal\u00b7lacions el\u00e8ctriques i autom\u00e0tiques","author":"wp_admin","date":"12 mar\u00e7, 2019","format":false,"excerpt":"Fam\u00edlia professional: Electricitat i electr\u00f2nica (ELE) \u00a0T\u00edtol que s\u2019obt\u00e9: T\u00e8cnic\u00a0 d'instal\u00b7lacions el\u00e8ctriques i autom\u00e0tiques (ELE21) A la cap\u00e7alera de l\u2019aula virtual trobam l\u2019apartat funcionament del m\u00f2dul on s\u2019explica com funciona cada m\u00f2dul. Tamb\u00e9, s\u2019hi troba tot el material per poder seguir el curs, els recursos en format digital (no hi\u2026","rel":"","context":"Entrada similar","block_context":{"text":"Entrada similar","link":""},"img":{"alt_text":"","src":"https:\/\/i0.wp.com\/iedib.net\/wordpress\/wp-content\/uploads\/2022\/05\/ELECTRICITAT.png?resize=350%2C200&ssl=1","width":350,"height":200,"srcset":"https:\/\/i0.wp.com\/iedib.net\/wordpress\/wp-content\/uploads\/2022\/05\/ELECTRICITAT.png?resize=350%2C200&ssl=1 1x, https:\/\/i0.wp.com\/iedib.net\/wordpress\/wp-content\/uploads\/2022\/05\/ELECTRICITAT.png?resize=525%2C300&ssl=1 1.5x, https:\/\/i0.wp.com\/iedib.net\/wordpress\/wp-content\/uploads\/2022\/05\/ELECTRICITAT.png?resize=700%2C400&ssl=1 2x"},"classes":[]},{"id":2025,"url":"https:\/\/iedib.net\/wordpress\/?page_id=2025","url_meta":{"origin":1339,"position":5},"title":"Matr\u00edcula FP fora de termini","author":"wp_admin","date":"9 octubre, 2019","format":false,"excerpt":"A partir de dia 9 d\u2019octubre i fins el 16 d'octubre, mitjan\u00e7ant trucada telef\u00f2nica\/mail es comen\u00e7aran a adjudicar places de FP vacants per als ensenyaments a dist\u00e0ncia fora de termini. En primer terme s'oferiran les vacants als sol\u00b7licitants que han apareixen a la llista d'admesos per ordre de baremaci\u00f3 seguint\u2026","rel":"","context":"Entrada similar","block_context":{"text":"Entrada similar","link":""},"img":{"alt_text":"","src":"https:\/\/i0.wp.com\/iedib.net\/wordpress\/wp-content\/uploads\/2019\/09\/batxillerat.png?resize=350%2C200&ssl=1","width":350,"height":200,"srcset":"https:\/\/i0.wp.com\/iedib.net\/wordpress\/wp-content\/uploads\/2019\/09\/batxillerat.png?resize=350%2C200&ssl=1 1x, https:\/\/i0.wp.com\/iedib.net\/wordpress\/wp-content\/uploads\/2019\/09\/batxillerat.png?resize=525%2C300&ssl=1 1.5x, https:\/\/i0.wp.com\/iedib.net\/wordpress\/wp-content\/uploads\/2019\/09\/batxillerat.png?resize=700%2C400&ssl=1 2x, https:\/\/i0.wp.com\/iedib.net\/wordpress\/wp-content\/uploads\/2019\/09\/batxillerat.png?resize=1050%2C600&ssl=1 3x"},"classes":[]}],"_links":{"self":[{"href":"https:\/\/iedib.net\/wordpress\/index.php?rest_route=\/wp\/v2\/pages\/1339","targetHints":{"allow":["GET"]}}],"collection":[{"href":"https:\/\/iedib.net\/wordpress\/index.php?rest_route=\/wp\/v2\/pages"}],"about":[{"href":"https:\/\/iedib.net\/wordpress\/index.php?rest_route=\/wp\/v2\/types\/page"}],"author":[{"embeddable":true,"href":"https:\/\/iedib.net\/wordpress\/index.php?rest_route=\/wp\/v2\/users\/1"}],"replies":[{"embeddable":true,"href":"https:\/\/iedib.net\/wordpress\/index.php?rest_route=%2Fwp%2Fv2%2Fcomments&post=1339"}],"version-history":[{"count":22,"href":"https:\/\/iedib.net\/wordpress\/index.php?rest_route=\/wp\/v2\/pages\/1339\/revisions"}],"predecessor-version":[{"id":5923,"href":"https:\/\/iedib.net\/wordpress\/index.php?rest_route=\/wp\/v2\/pages\/1339\/revisions\/5923"}],"wp:attachment":[{"href":"https:\/\/iedib.net\/wordpress\/index.php?rest_route=%2Fwp%2Fv2%2Fmedia&parent=1339"}],"curies":[{"name":"wp","href":"https:\/\/api.w.org\/{rel}","templated":true}]}}