{"id":1327,"date":"2019-03-28T11:36:14","date_gmt":"2019-03-28T11:36:14","guid":{"rendered":"https:\/\/iedib.net\/wordpress\/?page_id=1327"},"modified":"2026-01-27T18:44:37","modified_gmt":"2026-01-27T17:44:37","slug":"idiomes-eoi-online","status":"publish","type":"page","link":"https:\/\/iedib.net\/wordpress\/?page_id=1327","title":{"rendered":"EOI-IEDIB  (idiomes a dist\u00e0ncia)"},"content":{"rendered":"\n<figure class=\"wp-block-image size-large\"><img data-recalc-dims=\"1\" loading=\"lazy\" decoding=\"async\" width=\"800\" height=\"200\" data-attachment-id=\"4245\" data-permalink=\"https:\/\/iedib.net\/wordpress\/?attachment_id=4245\" data-orig-file=\"https:\/\/i0.wp.com\/iedib.net\/wordpress\/wp-content\/uploads\/2024\/05\/Capcalera-EOI.png?fit=1200%2C300&amp;ssl=1\" data-orig-size=\"1200,300\" data-comments-opened=\"0\" data-image-meta=\"{&quot;aperture&quot;:&quot;0&quot;,&quot;credit&quot;:&quot;&quot;,&quot;camera&quot;:&quot;&quot;,&quot;caption&quot;:&quot;&quot;,&quot;created_timestamp&quot;:&quot;0&quot;,&quot;copyright&quot;:&quot;&quot;,&quot;focal_length&quot;:&quot;0&quot;,&quot;iso&quot;:&quot;0&quot;,&quot;shutter_speed&quot;:&quot;0&quot;,&quot;title&quot;:&quot;&quot;,&quot;orientation&quot;:&quot;0&quot;}\" data-image-title=\"Capcalera-EOI\" data-image-description=\"\" data-image-caption=\"\" data-large-file=\"https:\/\/i0.wp.com\/iedib.net\/wordpress\/wp-content\/uploads\/2024\/05\/Capcalera-EOI.png?fit=800%2C200&amp;ssl=1\" src=\"https:\/\/i0.wp.com\/iedib.net\/wordpress\/wp-content\/uploads\/2024\/05\/Capcalera-EOI-1024x256.png?resize=800%2C200&#038;ssl=1\" alt=\"\" class=\"wp-image-4245\" srcset=\"https:\/\/i0.wp.com\/iedib.net\/wordpress\/wp-content\/uploads\/2024\/05\/Capcalera-EOI.png?resize=1024%2C256&amp;ssl=1 1024w, https:\/\/i0.wp.com\/iedib.net\/wordpress\/wp-content\/uploads\/2024\/05\/Capcalera-EOI.png?resize=300%2C75&amp;ssl=1 300w, https:\/\/i0.wp.com\/iedib.net\/wordpress\/wp-content\/uploads\/2024\/05\/Capcalera-EOI.png?resize=150%2C38&amp;ssl=1 150w, https:\/\/i0.wp.com\/iedib.net\/wordpress\/wp-content\/uploads\/2024\/05\/Capcalera-EOI.png?resize=768%2C192&amp;ssl=1 768w, https:\/\/i0.wp.com\/iedib.net\/wordpress\/wp-content\/uploads\/2024\/05\/Capcalera-EOI.png?w=1200&amp;ssl=1 1200w\" sizes=\"auto, (max-width: 800px) 100vw, 800px\" \/><\/figure>\n\n\n\n<p><\/p>\n\n\n\n<p><\/p>\n\n\n\n<p class=\"has-text-align-center has-medium-font-size\"><strong>EOI-IEDIB \u00e9s l\u2019oferta educativa en l\u00ednia de les Escoles Oficials d\u2019Idiomes.<\/strong><\/p>\n\n\n\n<div style=\"width: 100%;\"><div style=\"position: relative; padding-bottom: 56.25%; padding-top: 0; height: 0;\"><iframe loading=\"lazy\" title=\"Estudis EOI web\" frameborder=\"0\" width=\"1200\" height=\"675\" style=\"position: absolute; top: 0; left: 0; width: 100%; height: 100%;\" src=\"https:\/\/view.genial.ly\/66335d5c2b55060015c6e4b1\" type=\"text\/html\" allowscriptaccess=\"always\" allowfullscreen=\"true\" scrolling=\"yes\" allownetworking=\"all\"><\/iframe> <\/div> <\/div>\n\n\n\n<p><\/p>\n\n\n\n<p class=\"has-text-align-center has-medium-font-size\"><strong>RESUM INFORMATIU DELS ESTUDIS D&#8217;IDIOMES EN L\u00cdNIA<\/strong><\/p>\n\n\n\n<p><strong><mark style=\"background-color:rgba(0, 0, 0, 0);color:#e3a903\" class=\"has-inline-color\">ENSENYAMENT IDIOMES<\/mark><\/strong><br>S\u00f3n uns ensenyaments oficials: idiomes de r\u00e8gim especial.<br>La titulaci\u00f3 que s\u2019obt\u00e9 \u00e9s oficial i id\u00e8ntica a la que es podria obtenir en una Escola d\u2019Idiomes (EOI) presencial.<br>L\u2019estructura, organitzaci\u00f3 i avaluaci\u00f3 \u00e9s la mateixa en tots els idiomes de r\u00e8gim especial, aix\u00ed com els continguts i els criteris d\u2019avaluaci\u00f3.<\/p>\n\n\n\n<p><strong><mark style=\"background-color:rgba(0, 0, 0, 0);color:#e3a903\" class=\"has-inline-color\">IDIOMES I NIVELLS QUE IMPARTIM<\/mark><\/strong><\/p>\n\n\n\n<p><strong><span style=\"text-decoration: underline;\">CURSOS OFICIALS<\/span><\/strong><\/p>\n\n\n\n<p><strong>ANGL\u00c8S: <\/strong>A1, A2, B1, B2.1&nbsp;<\/p>\n\n\n\n<p><strong>ALEMANY: <\/strong>A1 i A2<\/p>\n\n\n\n<p><strong>CATAL\u00c0: <\/strong>B1 i C1<\/p>\n\n\n\n<p><\/p>\n\n\n\n<p><strong><span style=\"text-decoration: underline;\">CURSOS DE PREPARACI\u00d3<\/span><\/strong><\/p>\n\n\n\n<p>ANGL\u00c8S: Preparaci\u00f3 a les proves lliures de certificaci\u00f3 del nivell B2 (anual)<\/p>\n\n\n\n<p>Els alumnes matriculats en el curs de <em>Preparaci\u00f3 a les proves lliures de Certificaci\u00f3 del nivell B2 d&#8217;Angl\u00e8s<\/em>, s\u2019hauran d&#8217;inscriure a les proves lliures de Certificaci\u00f3 a l&#8217;EOI que els pertoquin i pagar les taxes d\u2019examen corresponents.<\/p>\n\n\n\n<p><strong><mark style=\"background-color:rgba(0, 0, 0, 0);color:#e3a903\" class=\"has-inline-color\">MATR\u00cdCULA<\/mark><\/strong><\/p>\n\n\n\n<p>Per obtenir m\u00e9s informaci\u00f3 sobre la matr\u00edcula es pot consultar l\u2019apartat de<a href=\"https:\/\/iedib.net\/wordpress\/?page_id=1440\" target=\"_blank\" rel=\"noreferrer noopener\"> matr\u00edcula d\u2019EOI<\/a> a dist\u00e0ncia del nostre <a href=\"https:\/\/iedib.net\/wordpress\/?page_id=1440https:\/\/iedib.net\/wordpress\/?page_id=1440\" target=\"_blank\" rel=\"noreferrer noopener\">web<\/a>.<\/p>\n\n\n\n<p><strong><mark style=\"background-color:rgba(0, 0, 0, 0);color:#e3a903\" class=\"has-inline-color\">FUNCIONAMENT DEL CURS<\/mark><\/strong><\/p>\n\n\n\n<p>Els nostres cursos s\u00f3n anuals, de 120 hores. Tot el material i recursos es troba a l\u2019Aula Virtual. Els continguts estan organitzats en diferents blocs i segueixen un calendari d\u2019entrega de tasques. Tamb\u00e9 hi ha <strong>sessions setmanals en petits grups<\/strong> <strong>per videoconfer\u00e8ncia<\/strong> per treballar la compet\u00e8ncia oral.<\/p>\n\n\n\n<p>Els cursos d\u2019idiomes en l\u00ednia estan pensats per tal que l\u2019alumnat s\u2019organitzi les hores de dedicaci\u00f3 i el ritme d\u2019estudi segons les seves necessitats. Recomanem, per\u00f2, que s\u2019estableixi una rutina setmanal per tal de seguir els continguts del curs.<\/p>\n\n\n\n<p>L\u2019alumne tamb\u00e9 estar\u00e0 matriculat a l\u2019aula de Tutoria on tindr\u00e0 a la seva disposici\u00f3 tota la informaci\u00f3 relativa a com seguir els estudis en l\u00ednia i el suport d\u2019un professor-tutor.<\/p>\n\n\n\n<p><strong><mark style=\"background-color:rgba(0, 0, 0, 0);color:#e3a903\" class=\"has-inline-color\">AVALUACI\u00d3<\/mark><\/strong><\/p>\n\n\n\n<p>Els cursos dels nivells A1 i B2.1 s\u00f3n d\u2019avaluaci\u00f3 cont\u00ednua. Les tasques, q\u00fcestionaris de cada unitat i proves parcials tenen un pes en la nota final del curs.&nbsp;<\/p>\n\n\n\n<p>Els cursos del nivell b\u00e0sic A2, intermedi B1 i avan\u00e7at C1 donen dret a l&#8217;obtenci\u00f3 dels certificats de nivell b\u00e0sic A2, nivell intermedi B1, i nivell avan\u00e7at C1, respectivament, d\u2019acord amb el<em> Marc Europeu Com\u00fa de Refer\u00e8ncia<\/em>. Aquests nivells se superen aprovant una prova final de certificaci\u00f3 unificada per totes les EOI de les Illes Balears.<\/p>\n\n\n\n<p> L\u2019avaluaci\u00f3 cont\u00ednua en aquests cursos \u00e9s merament orientativa.&nbsp;<\/p>\n\n\n\n<p><strong><mark style=\"background-color:rgba(0, 0, 0, 0);color:#e3a903\" class=\"has-inline-color\">EX\u00c0MENS<\/mark><\/strong><\/p>\n\n\n\n<p><strong>NIVELLS A1 i B2.1<\/strong><\/p>\n\n\n\n<p>Els ex\u00e0mens dels cursos d\u2019avaluaci\u00f3 cont\u00ednua es fan de manera telem\u00e0tica i, per tant, \u00e9s imprescindible que l\u2019alumne disposi de les eines i recursos inform\u00e0tics necessaris: equip inform\u00e0tic actualitzat, una webcam, micr\u00f2fon, tel\u00e8fon m\u00f2bil i una connexi\u00f3 a internet de bona qualitat durant la realitzaci\u00f3 de la prova.<\/p>\n\n\n\n<p><strong>NIVELLS DE CERTIFICACI\u00d3: A2, B1<\/strong> <strong>i C1<\/strong><\/p>\n\n\n\n<p>Els ex\u00e0mens de la convocat\u00f2ria ordin\u00e0ria i extraordin\u00e0ria es faran presencialment el dia i hora establerts per la Conselleria d\u2019Educaci\u00f3 als <a href=\"https:\/\/iedib.net\/wordpress\/?page_id=4981\" data-type=\"link\" data-id=\"https:\/\/iedib.net\/wordpress\/?page_id=4981\">punts d\u2019examen<\/a> corresponents a cada illa.<\/p>\n\n\n\n<p><strong>CURS PREPARACI\u00d3 PROVES LLIURES<\/strong><\/p>\n\n\n\n<p>Els alumnes matriculats en el curs de <em>Preparaci\u00f3 a les proves lliures de Certificaci\u00f3 del nivell B2<\/em> s\u2019hauran d&#8217;inscriure a les proves lliures de Certificaci\u00f3 a l&#8217;EOI presencial que els pertoquin i pagar les taxes d\u2019examen corresponents, ja que l\u2019IEDIB encara no examina d\u2019aquest nivell.<\/p>\n\n\n\n<p><\/p>\n\n\n\n<p><strong><mark style=\"background-color:rgba(0, 0, 0, 0);color:#e3a903\" class=\"has-inline-color\">REQUISITS PER ACCEDIR ALS DIFERENTS NIVELLS<\/mark><\/strong><\/p>\n\n\n\n<p>Proc\u00e9s d\u2019admissi\u00f3:<\/p>\n\n\n\n<ul class=\"wp-block-list\">\n<li>Per al curs b\u00e0sic A1, s&#8217;hi pot accedir directament, ja que es tracta d\u2019un nivell inicial.<\/li>\n<\/ul>\n\n\n\n<ul class=\"wp-block-list\">\n<li>Per als cursos <strong>superiors a b\u00e0sic A1<\/strong>, cal superar una prova d&#8217;anivellaci\u00f3 o acreditar alguna de les <a href=\"https:\/\/drive.google.com\/file\/d\/1nO7XU0GIa_eLSMz2AKHKHrnRmlpO5gUi\/view?usp=sharing\" target=\"_blank\" rel=\"noreferrer noopener\">titulacions o certificats recollits a la normativa.<\/a><\/li>\n<\/ul>\n\n\n\n<p>La Prova d&#8217;anivellaci\u00f3 \u00e9s de car\u00e0cter diagn\u00f2stic i t\u00e9 com a objecte valorar els coneixements del candidat amb la finalitat d\u2019assignar-lo al nivell que millor li correspongui. Aquesta prova no t\u00e9 un valor acad\u00e8mic. Contra el resultat d\u2019aquestes proves no es pot presentar sol\u00b7licitud de revisi\u00f3.<\/p>\n\n\n\n<p><strong><mark style=\"background-color:rgba(0, 0, 0, 0);color:#e3a903\" class=\"has-inline-color\">CANVI DE NIVELL<\/mark><\/strong><\/p>\n\n\n\n<p>Els canvis de nivell nom\u00e9s es faran quan es reuneixin els seg\u00fcents requisits:<\/p>\n\n\n\n<ul class=\"wp-block-list\">\n<li>L\u2019alumnat ha d&#8217;haver accedit al nivell a trav\u00e9s de la prova de nivell.<\/li>\n\n\n\n<li>El proc\u00e9s s&#8217;ha de realitzar dins les quatre primeres setmanes d\u2019activitat acad\u00e8mica.<\/li>\n\n\n\n<li>El professorat del curs ho ha de considerar oport\u00fa.<\/li>\n\n\n\n<li>Hi ha d&#8217;haver places vacants al nou nivell.<\/li>\n<\/ul>\n\n\n\n<p><strong><mark style=\"background-color:rgba(0, 0, 0, 0);color:#e3a903\" class=\"has-inline-color\">SOL\u00b7LICITUD D&#8217;ADAPTACIONS PER A LES PROVES DE CERTIFICACI\u00d3<\/mark><\/strong><\/p>\n\n\n\n<p>Per sol\u00b7licitar una adaptaci\u00f3 de les proves, presentau l&#8217;<a href=\"https:\/\/drive.google.com\/file\/d\/1o0wf9Ny1X8hxRAG0SurdoMX1IkkHVQws\/view?usp=drive_link\" data-type=\"link\" data-id=\"https:\/\/drive.google.com\/file\/d\/1o0wf9Ny1X8hxRAG0SurdoMX1IkkHVQws\/view?usp=drive_link\"><strong>impr\u00e8s de sol\u00b7licitud<\/strong> <\/a>(amb la petici\u00f3 concreta i els motius al\u00b7legats) juntament amb la <strong>justificaci\u00f3 documental obligat\u00f2ria<\/strong>.<\/p>\n\n\n\n<p><strong>Termini l\u00edmit:<\/strong> M\u00ednim <strong>30 dies<\/strong> abans de la data d&#8217;examen.<\/p>\n\n\n\n<p><strong>Lloc de presentaci\u00f3:<\/strong><\/p>\n\n\n\n<ul class=\"wp-block-list\">\n<li>A la Secretaria de l&#8217;IEDIB.<\/li>\n\n\n\n<li>Per correu electr\u00f2nic a: <strong>eoi@iedib.net<\/strong>.<\/li>\n<\/ul>\n\n\n\n<p>L&#8217;IEDIB comunicar\u00e0 la resoluci\u00f3 per escrit (normalment per correu electr\u00f2nic).<\/p>\n","protected":false},"excerpt":{"rendered":"<p>EOI-IEDIB \u00e9s l\u2019oferta educativa en l\u00ednia de les Escoles Oficials d\u2019Idiomes. RESUM INFORMATIU DELS ESTUDIS D&#8217;IDIOMES EN L\u00cdNIA ENSENYAMENT IDIOMESS\u00f3n uns ensenyaments oficials: idiomes de r\u00e8gim especial.La titulaci\u00f3 que s\u2019obt\u00e9 &#8230;<\/p>\n","protected":false},"author":1,"featured_media":0,"parent":0,"menu_order":0,"comment_status":"closed","ping_status":"closed","template":"","meta":{"jetpack_post_was_ever_published":true,"footnotes":""},"class_list":["post-1327","page","type-page","status-publish","hentry"],"jetpack_sharing_enabled":true,"jetpack_shortlink":"https:\/\/wp.me\/Pa5Owj-lp","jetpack-related-posts":[{"id":4981,"url":"https:\/\/iedib.net\/wordpress\/?page_id=4981","url_meta":{"origin":1327,"position":0},"title":"Centres col\u00b7laboradors d&#8217;estudis d&#8217;idiomes a dist\u00e0ncia (EOI-IEDIB)","author":"wp_admin","date":"5 febrer, 2025","format":false,"excerpt":"Els centres col\u00b7laboradors s\u00f3n els centres on es faran els ex\u00e0mens presencials dels nivells de certificaci\u00f3 dels diferents idiomes.","rel":"","context":"Entrada similar","block_context":{"text":"Entrada similar","link":""},"img":{"alt_text":"","src":"https:\/\/i0.wp.com\/iedib.net\/wordpress\/wp-content\/uploads\/2025\/02\/MALLORCA.png?resize=350%2C200&ssl=1","width":350,"height":200,"srcset":"https:\/\/i0.wp.com\/iedib.net\/wordpress\/wp-content\/uploads\/2025\/02\/MALLORCA.png?resize=350%2C200&ssl=1 1x, https:\/\/i0.wp.com\/iedib.net\/wordpress\/wp-content\/uploads\/2025\/02\/MALLORCA.png?resize=525%2C300&ssl=1 1.5x, https:\/\/i0.wp.com\/iedib.net\/wordpress\/wp-content\/uploads\/2025\/02\/MALLORCA.png?resize=700%2C400&ssl=1 2x, https:\/\/i0.wp.com\/iedib.net\/wordpress\/wp-content\/uploads\/2025\/02\/MALLORCA.png?resize=1050%2C600&ssl=1 3x, https:\/\/i0.wp.com\/iedib.net\/wordpress\/wp-content\/uploads\/2025\/02\/MALLORCA.png?resize=1400%2C800&ssl=1 4x"},"classes":[]},{"id":1440,"url":"https:\/\/iedib.net\/wordpress\/?page_id=1440","url_meta":{"origin":1327,"position":1},"title":"Matr\u00edcula EOI-IEDIB  (idiomes a dist\u00e0ncia)","author":"wp_admin","date":"28 mar\u00e7, 2019","format":false,"excerpt":"Calendari de matr\u00edcula curs 2025-2026 MATR\u00cdCULA CURS 25-26 de l'1-31 de juliol i de l'1-19 de setembre \u26a0\ufe0f AV\u00cdS: El proc\u00e9s de matr\u00edcula pels curs 2025-2026 ha finalitzat i est\u00e0 tancat. REQUISITS D'ACC\u00c9S DNI o NIE en vigor. Cal tenir 16 anys l'any de la matr\u00edcula.PAS 1 - NIVELLEl nivell\u2026","rel":"","context":"Entrada similar","block_context":{"text":"Entrada similar","link":""},"img":{"alt_text":"","src":"https:\/\/i0.wp.com\/iedib.net\/wordpress\/wp-content\/uploads\/2019\/06\/batxillerat-4-1.png?resize=350%2C200&ssl=1","width":350,"height":200,"srcset":"https:\/\/i0.wp.com\/iedib.net\/wordpress\/wp-content\/uploads\/2019\/06\/batxillerat-4-1.png?resize=350%2C200&ssl=1 1x, https:\/\/i0.wp.com\/iedib.net\/wordpress\/wp-content\/uploads\/2019\/06\/batxillerat-4-1.png?resize=525%2C300&ssl=1 1.5x, https:\/\/i0.wp.com\/iedib.net\/wordpress\/wp-content\/uploads\/2019\/06\/batxillerat-4-1.png?resize=700%2C400&ssl=1 2x, https:\/\/i0.wp.com\/iedib.net\/wordpress\/wp-content\/uploads\/2019\/06\/batxillerat-4-1.png?resize=1050%2C600&ssl=1 3x"},"classes":[]},{"id":59,"url":"https:\/\/iedib.net\/wordpress\/?page_id=59","url_meta":{"origin":1327,"position":2},"title":"Matr\u00edcula","author":"wp_admin","date":"5 abril, 2018","format":false,"excerpt":"Has de seleccionar la matr\u00edcula de l'estudi corresponent\u00a0si vols informaci\u00f3: Matr\u00edcula batxillerat Matr\u00edcula programa xarxa Matr\u00edcula preparaci\u00f3 PBAU (Selectivitat) Matr\u00edcula preparaci\u00f3 per a l'acc\u00e9s a la Universitat per a majors de 25 anys Matr\u00edcula formaci\u00f3 professional Matr\u00edcula EOI a dist\u00e0ncia (idiomes) Matr\u00edcula curs d'especialitzaci\u00f3 en intel\u00b7lig\u00e8ncia artificial i big data","rel":"","context":"Entrada similar","block_context":{"text":"Entrada similar","link":""},"img":{"alt_text":"","src":"","width":0,"height":0},"classes":[]},{"id":34,"url":"https:\/\/iedib.net\/wordpress\/?page_id=34","url_meta":{"origin":1327,"position":3},"title":"Secretaria","author":"wp_admin","date":"5 abril, 2018","format":false,"excerpt":"HORARI DE SECRETARIA L'horari d'atenci\u00f3 al p\u00fablic de la Secretaria de la seu central de l'IEDIB \u00e9s el seg\u00fcent: De dilluns a divendres de 9 a 14 h, i de dilluns a dimecres de 15 a 20 h. INFORMACI\u00d3 I FORMULARIS Us presentem un recull de formularis i informaci\u00f3 que\u2026","rel":"","context":"Entrada similar","block_context":{"text":"Entrada similar","link":""},"img":{"alt_text":"","src":"https:\/\/i0.wp.com\/iedib.net\/wordpress\/wp-content\/uploads\/2020\/07\/Copia-de-batxillerat-3.png?resize=350%2C200&ssl=1","width":350,"height":200,"srcset":"https:\/\/i0.wp.com\/iedib.net\/wordpress\/wp-content\/uploads\/2020\/07\/Copia-de-batxillerat-3.png?resize=350%2C200&ssl=1 1x, https:\/\/i0.wp.com\/iedib.net\/wordpress\/wp-content\/uploads\/2020\/07\/Copia-de-batxillerat-3.png?resize=525%2C300&ssl=1 1.5x, https:\/\/i0.wp.com\/iedib.net\/wordpress\/wp-content\/uploads\/2020\/07\/Copia-de-batxillerat-3.png?resize=700%2C400&ssl=1 2x"},"classes":[]},{"id":1031,"url":"https:\/\/iedib.net\/wordpress\/?page_id=1031","url_meta":{"origin":1327,"position":4},"title":"Preguntes freq\u00fcents(FAQs)","author":"wp_admin","date":"28 febrer, 2019","format":false,"excerpt":"Com s'estudia a l'IEDIB? + Els estudis a l\u2019IEDIB tenen una estructura formada per 8 unitats did\u00e0ctiques digitals. Dins pots trobar els apunts en format de llibre digital i les activitats online. Existeixen 3 tipus d\u2019activitats: d\u2019aprenentatge, avaluables i d\u2019ampliaci\u00f3. Les avaluables s\u00f3n les que compten per a la nota,\u2026","rel":"","context":"Entrada similar","block_context":{"text":"Entrada similar","link":""},"img":{"alt_text":"","src":"","width":0,"height":0},"classes":[]},{"id":5561,"url":"https:\/\/iedib.net\/wordpress\/?page_id=5561","url_meta":{"origin":1327,"position":5},"title":"SECRETARIA","author":"Oficines","date":"19 desembre, 2025","format":false,"excerpt":"HORARI D'ATENCI\u00d3 AL P\u00daBLIC De dilluns a divendres, de 9 a 14 h. \/ De dilluns a dimecres, de 15 a 20 h. Juliol, de 9 a 14 h. Agost, tancat De forma presencial - C\/ de Salv\u00e0, 14 - 07013 Palma Per tel\u00e8fon - 971170650 Per mail - info@iedib.net\u2026","rel":"","context":"Entrada similar","block_context":{"text":"Entrada similar","link":""},"img":{"alt_text":"","src":"https:\/\/i0.wp.com\/iedib.net\/wordpress\/wp-content\/uploads\/2020\/07\/Copia-de-batxillerat-3.png?resize=350%2C200&ssl=1","width":350,"height":200,"srcset":"https:\/\/i0.wp.com\/iedib.net\/wordpress\/wp-content\/uploads\/2020\/07\/Copia-de-batxillerat-3.png?resize=350%2C200&ssl=1 1x, https:\/\/i0.wp.com\/iedib.net\/wordpress\/wp-content\/uploads\/2020\/07\/Copia-de-batxillerat-3.png?resize=525%2C300&ssl=1 1.5x, https:\/\/i0.wp.com\/iedib.net\/wordpress\/wp-content\/uploads\/2020\/07\/Copia-de-batxillerat-3.png?resize=700%2C400&ssl=1 2x"},"classes":[]}],"_links":{"self":[{"href":"https:\/\/iedib.net\/wordpress\/index.php?rest_route=\/wp\/v2\/pages\/1327","targetHints":{"allow":["GET"]}}],"collection":[{"href":"https:\/\/iedib.net\/wordpress\/index.php?rest_route=\/wp\/v2\/pages"}],"about":[{"href":"https:\/\/iedib.net\/wordpress\/index.php?rest_route=\/wp\/v2\/types\/page"}],"author":[{"embeddable":true,"href":"https:\/\/iedib.net\/wordpress\/index.php?rest_route=\/wp\/v2\/users\/1"}],"replies":[{"embeddable":true,"href":"https:\/\/iedib.net\/wordpress\/index.php?rest_route=%2Fwp%2Fv2%2Fcomments&post=1327"}],"version-history":[{"count":64,"href":"https:\/\/iedib.net\/wordpress\/index.php?rest_route=\/wp\/v2\/pages\/1327\/revisions"}],"predecessor-version":[{"id":5801,"href":"https:\/\/iedib.net\/wordpress\/index.php?rest_route=\/wp\/v2\/pages\/1327\/revisions\/5801"}],"wp:attachment":[{"href":"https:\/\/iedib.net\/wordpress\/index.php?rest_route=%2Fwp%2Fv2%2Fmedia&parent=1327"}],"curies":[{"name":"wp","href":"https:\/\/api.w.org\/{rel}","templated":true}]}}